{"id":3674,"date":"2024-03-18T16:19:32","date_gmt":"2024-03-18T15:19:32","guid":{"rendered":"https:\/\/standort-niederrhein.dev-zs.de\/?page_id=3674"},"modified":"2026-03-18T10:06:15","modified_gmt":"2026-03-18T09:06:15","slug":"transport-logistic","status":"publish","type":"page","link":"https:\/\/standort-niederrhein.de\/en\/messen\/transport-logistic\/","title":{"rendered":"transport logistic"},"content":{"rendered":"<p>[et_pb_section fb_built=&#8221;1&#8243; admin_label=&#8221;Header&#8221; _builder_version=&#8221;4.24.2&#8243; _module_preset=&#8221;512e418d-568a-4821-8d2a-35b3c8da9362&#8243; locked=&#8221;off&#8221; global_colors_info=&#8221;{}&#8221;][et_pb_row admin_label=&#8221;HeaderImage&#8221; _builder_version=&#8221;4.24.2&#8243; _module_preset=&#8221;default&#8221; background_image=&#8221;https:\/\/standort-niederrhein.de\/wp-content\/uploads\/2024\/03\/Header-tl-scaled.jpg&#8221; background_position=&#8221;center_right&#8221; max_width=&#8221;100%&#8221; height=&#8221;320px&#8221; custom_margin=&#8221;0px|0px|0px|0px|false|false&#8221; global_colors_info=&#8221;{}&#8221;][et_pb_column type=&#8221;4_4&#8243; _builder_version=&#8221;4.21.0&#8243; _module_preset=&#8221;default&#8221; global_colors_info=&#8221;{}&#8221;][\/et_pb_column][\/et_pb_row][\/et_pb_section][et_pb_section fb_built=&#8221;1&#8243; _builder_version=&#8221;4.21.0&#8243; _module_preset=&#8221;default&#8221; locked=&#8221;off&#8221; global_colors_info=&#8221;{}&#8221;][et_pb_row column_structure=&#8221;2_3,1_3&#8243; _builder_version=&#8221;4.21.0&#8243; _module_preset=&#8221;default&#8221; global_colors_info=&#8221;{}&#8221;][et_pb_column type=&#8221;2_3&#8243; _builder_version=&#8221;4.21.0&#8243; _module_preset=&#8221;default&#8221; global_colors_info=&#8221;{}&#8221;][et_pb_text _builder_version=&#8221;4.24.3&#8243; _module_preset=&#8221;_initial&#8221; module_alignment=&#8221;left&#8221; content_en_us=&#8221;<\/p>\n<h3>International trade fair<\/h3>\n<h1>transport logistic<\/h1>\n<p>transport logistic in Munich is the internationally recognized leading trade fair for logistics, mobility, IT and supply chain management. As the hub of the global logistics industry, 2,320 exhibitors from 67 countries and more than 75,000 visitors attended transport logistic in Munich in May 2023. The proportion of international visitors was over 50 percent, which is higher than ever before.<\/p>\n<p>transport logistic 2023 was held in Munich for the first time since 2019 and the figures speak for themselves: the industry has been eagerly awaiting transport logistic for four years.<\/p>\n<p>The next transport logistic will take place from <strong>June 2 to 5, 2025<\/strong>, from Monday to Thursday for the first time.<i><\/i><\/p>\n<p>&#8221; global_colors_info=&#8221;{}&#8221;]<\/p>\n<h3>Internationale Fachmesse<\/h3>\n<h1>transport logistic<\/h1>\n<p>Die transport logistic in M\u00fcnchen ist die international anerkannte Leitmesse f\u00fcr Logistik, Mobilit\u00e4t, IT und Supply Chain Management. Als Drehkreuz der globalen Logistikbranche besuchten im Juni 2025 mehr als 77.000 Besucher:innen und 2.722 Aussteller aus 73 L\u00e4ndern die transport logistic in M\u00fcnchen. Der Anteil internationaler Aussteller stieg auf 65 Prozent. Damit wuchs die Messe nicht nur in Fl\u00e4che und Teilnehmerzahl, sondern auch in ihrer globalen Reichweite. Der Fokus lag auf Digitalisierung, Nachhaltigkeit und k\u00fcnstliche Intelligenz.<\/p>\n<p>Die n\u00e4chste transport logistic findet vom <strong>26. bis 29. April 2027<\/strong> statt.<\/p>\n<p>[\/et_pb_text][\/et_pb_column][et_pb_column type=&#8221;1_3&#8243; _builder_version=&#8221;4.21.0&#8243; _module_preset=&#8221;default&#8221; global_colors_info=&#8221;{}&#8221;][et_pb_text _builder_version=&#8221;4.24.3&#8243; _module_preset=&#8221;default&#8221; header_3_text_color=&#8221;#FE5000&#8243; max_width=&#8221;720px&#8221; module_alignment=&#8221;left&#8221; content_en_us=&#8221;<\/p>\n<h3>Get in touch!<\/h3>\n<p>&#8221; global_colors_info=&#8221;{}&#8221;]<\/p>\n<h3>Sprechen Sie uns an!<\/h3>\n<p>[\/et_pb_text][et_pb_blurb title=&#8221;Andrea Scharf&#8221; image=&#8221;https:\/\/standort-niederrhein.de\/wp-content\/uploads\/2023\/07\/andrea-scharf.jpg&#8221; admin_label=&#8221;Ansprechpartnerin Scharf&#8221; module_class=&#8221;contact-tile&#8221; _builder_version=&#8221;4.27.6&#8243; _module_preset=&#8221;e91db9bc-9eca-44a4-ae02-615a87bc481a&#8221; title_en_us=&#8221;Andrea Scharf&#8221; content_en_us=&#8221;<\/p>\n<p>Project management, location marketing<br \/>+49 (0) 2131.92 68 591<br \/><a href=%22mailto:scharf@standort-niederrhein.de%22>scharf@standort-niederrhein.de<\/a><\/p>\n<p>&#8221; global_colors_info=&#8221;{}&#8221; global_module=&#8221;7539&#8243; theme_builder_area=&#8221;post_content&#8221;]<\/p>\n<p>Projektleitung, Standortmarketing<br \/><a href=\"tel:+4921319268591\">+49 2131 9268591<\/a><br \/><a href=\"mailto:scharf@standort-niederrhein.de\">scharf@standort-niederrhein.de<\/a><\/p>\n<p>[\/et_pb_blurb][\/et_pb_column][\/et_pb_row][\/et_pb_section][et_pb_section fb_built=&#8221;1&#8243; disabled_on=&#8221;on|on|on&#8221; admin_label=&#8221;Standpartnerpaket&#8221; _builder_version=&#8221;4.25.1&#8243; _module_preset=&#8221;default&#8221; background_color=&#8221;#FE5000&#8243; disabled=&#8221;on&#8221; locked=&#8221;off&#8221; global_colors_info=&#8221;{}&#8221;][et_pb_row _builder_version=&#8221;4.21.0&#8243; _module_preset=&#8221;default&#8221; global_colors_info=&#8221;{}&#8221;][et_pb_column type=&#8221;4_4&#8243; _builder_version=&#8221;4.21.0&#8243; _module_preset=&#8221;default&#8221; global_colors_info=&#8221;{}&#8221;][et_pb_text _builder_version=&#8221;4.24.3&#8243; _module_preset=&#8221;_initial&#8221; text_text_color=&#8221;#FFFFFF&#8221; header_2_text_color=&#8221;#FFFFFF&#8221; header_3_text_color=&#8221;#FFAD7E&#8221; max_width=&#8221;720px&#8221; module_alignment=&#8221;left&#8221; content_en_us=&#8221;<\/p>\n<h3><span>Stand partner offer<\/span><\/h3>\n<h2>Become a partner!<\/h2>\n<p>&#8221; global_colors_info=&#8221;{}&#8221;]<\/p>\n<h3><span>Standpartnerangebot<\/span><\/h3>\n<h2>Werden Sie Partner!<\/h2>\n<p>[\/et_pb_text][et_pb_text _builder_version=&#8221;4.25.1&#8243; _module_preset=&#8221;default&#8221; text_font=&#8221;||||||||&#8221; text_text_color=&#8221;#56514F&#8221; background_color=&#8221;#FFFFFF&#8221; max_width=&#8221;300px&#8221; module_alignment=&#8221;left&#8221; custom_margin=&#8221;||||false|false&#8221; custom_padding=&#8221;16px|16px|16px|16px|true|true&#8221; link_option_url=&#8221;https:\/\/standort-niederrhein.de\/wp-content\/uploads\/2024\/06\/Standpartnerangebot-Mitaussteller-transport-logistic-2025.pdf&#8221; link_option_url_new_window=&#8221;on&#8221; custom_css_main_element=&#8221; margin-top: auto;&#8221; content_en_us=&#8221;<strong>Information Brochure (D\/EN)<\/strong><br \/>\n<span class=%22et-pb-icon%22 style=%22font-size: 1rem;%22>\ue092<\/span> Download (7,4 MB)&#8221; border_radii=&#8221;on|16px|16px|16px|16px&#8221; locked=&#8221;off&#8221; global_colors_info=&#8221;{}&#8221; transform_styles__hover_enabled=&#8221;on|hover&#8221; transform_scale__hover_enabled=&#8221;on|hover&#8221; transform_translate__hover_enabled=&#8221;on|desktop&#8221; transform_rotate__hover_enabled=&#8221;on|desktop&#8221; transform_skew__hover_enabled=&#8221;on|desktop&#8221; transform_origin__hover_enabled=&#8221;on|desktop&#8221; transform_scale__hover=&#8221;110%|110%&#8221;]<\/p>\n<p><strong>Standpartnerangebot (D)<\/strong><br \/><span class=\"et-pb-icon\" style=\"font-size: 1rem;\">\ue092<\/span> Download<\/p>\n<p>[\/et_pb_text][\/et_pb_column][\/et_pb_row][\/et_pb_section][et_pb_section fb_built=&#8221;1&#8243; disabled_on=&#8221;off|off|off&#8221; admin_label=&#8221;Standpartner&#8221; _builder_version=&#8221;4.27.4&#8243; _module_preset=&#8221;default&#8221; global_colors_info=&#8221;{}&#8221;][et_pb_row _builder_version=&#8221;4.23.1&#8243; _module_preset=&#8221;default&#8221; global_colors_info=&#8221;{}&#8221;][et_pb_column type=&#8221;4_4&#8243; _builder_version=&#8221;4.23.1&#8243; _module_preset=&#8221;default&#8221; global_colors_info=&#8221;{}&#8221;][et_pb_text _builder_version=&#8221;4.24.3&#8243; _module_preset=&#8221;default&#8221; content_en_us=&#8221;<\/p>\n<p>Stand partner<\/p>\n<p>&#8221; global_colors_info=&#8221;{}&#8221;]<\/p>\n<h2>Standpartner<\/h2>\n<p>[\/et_pb_text][\/et_pb_column][\/et_pb_row][et_pb_row admin_label=&#8221;Liste&#8221; _builder_version=&#8221;4.23.1&#8243; _module_preset=&#8221;default&#8221; global_colors_info=&#8221;{}&#8221;][et_pb_column type=&#8221;4_4&#8243; _builder_version=&#8221;4.23.1&#8243; _module_preset=&#8221;default&#8221; global_colors_info=&#8221;{}&#8221;][et_pb_toggle title=&#8221;Industrie- und Handelskammer Mittlerer Niederrhein&#8221; disabled_on=&#8221;off|off|off&#8221; module_class=&#8221;toggle-expo&#8221; _builder_version=&#8221;4.27.4&#8243; _module_preset=&#8221;default&#8221; global_colors_info=&#8221;{}&#8221;]<\/p>\n<p><img decoding=\"async\" loading=\"lazy\" src=\"\/wp-content\/uploads\/2023\/12\/logo-ihk-mittlerer-niederrhein.svg\" alt=\"\" class=\"logo\" \/><\/p>\n<p>Nordwall 39<br \/>47798 Krefeld<br \/>+49 2151 635300<\/p>\n<p><a href=\"https:\/\/mittlerer-niederrhein.ihk.de\/\" target=\"_blank\" rel=\"noopener\">www.mittlerer-niederrhein.ihk.de<\/a><\/p>\n<p>[\/et_pb_toggle][et_pb_toggle title=&#8221;Ixocon Immobilien&#8221; module_class=&#8221;toggle-expo&#8221; _builder_version=&#8221;4.27.4&#8243; _module_preset=&#8221;default&#8221; global_colors_info=&#8221;{}&#8221;]<img decoding=\"async\" loading=\"lazy\" src=\"\/wp-content\/uploads\/2025\/05\/logo-ixocon.svg\" alt=\"\" class=\"logo\" \/><\/p>\n<p>Am Sandtorkai 48<br \/>\n20457 Hamburg<br \/>\n+49 40 3198-2800<\/p>\n<p><a href=\"mailto:info@ixocon.de\">info@ixocon.de<\/a><br \/>\n<a href=\"https:\/\/www.ixocon.de\/\" target=\"_blank\" rel=\"noopener\">www.ixocon.de<\/a>[\/et_pb_toggle][et_pb_toggle title=&#8221;K\u00f6lnBusiness&#8221; module_class=&#8221;toggle-expo&#8221; _builder_version=&#8221;4.27.4&#8243; _module_preset=&#8221;default&#8221; global_colors_info=&#8221;{}&#8221;]<img decoding=\"async\" loading=\"lazy\" src=\"\/wp-content\/uploads\/2025\/05\/logo-koelnbusiness.svg\" alt=\"\" class=\"logo\" \/><\/p>\n<p>B\u00f6rsenplatz 1<br \/>\n50667 K\u00f6ln<br \/>\n+49 221 99501-0<\/p>\n<p><a href=\"mailto:wirtschaftsfoerderung@koeln.business\">wirtschaftsfoerderung@koeln.business<\/a><br \/>\n<a href=\"https:\/\/koeln.business\/\" target=\"_blank\" rel=\"noopener\">www.koeln.business<\/a>[\/et_pb_toggle][et_pb_toggle title=&#8221;Logistikregion Rheinland&#8221; module_class=&#8221;toggle-expo&#8221; _builder_version=&#8221;4.27.4&#8243; _module_preset=&#8221;default&#8221; global_colors_info=&#8221;{}&#8221;]<img decoding=\"async\" loading=\"lazy\" src=\"\/wp-content\/uploads\/2025\/05\/logo-logistikregion-rheinland.svg\" alt=\"\" class=\"logo\" \/><\/p>\n<p>c\/o Industrie und Handelskammer D\u00fcsseldorf<br \/>\nErnst-Schneider-Platz 1<br \/>\n40212 D\u00fcsseldorf<br \/>\n+49 211 3557270<\/p>\n<p><a href=\"mailto:info@logistikregion-rheinland.de\">info@logistikregion-rheinland.de<\/a><br \/>\n<a href=\"https:\/\/www.logistikregion-rheinland.de\/\" target=\"_blank\" rel=\"noopener\">www.logistikregion-rheinland.de<\/a>[\/et_pb_toggle][et_pb_toggle title=&#8221;P+L Hoffbauer&#8221; module_class=&#8221;toggle-expo&#8221; _builder_version=&#8221;4.27.4&#8243; _module_preset=&#8221;default&#8221; global_colors_info=&#8221;{}&#8221;]<img decoding=\"async\" loading=\"lazy\" src=\"\/wp-content\/uploads\/2025\/05\/logo-pplusl-hoffbauer.svg\" alt=\"\" class=\"logo\" \/><\/p>\n<p>M\u00f6rsenbroicher Weg 191<br \/>\n40470 D\u00fcsseldorf<br \/>\n+49 211 497696-00<\/p>\n<p><a href=\"mailto:office@pl-hoffbauer.de\">office@pl-hoffbauer.de<\/a><br \/>\n<a href=\"https:\/\/www.plhoffbauer.de\/\" target=\"_blank\" rel=\"noopener\">www.plhoffbauer.de<\/a>[\/et_pb_toggle][et_pb_toggle title=&#8221;Steink\u00fchler&#8221; module_class=&#8221;toggle-expo&#8221; _builder_version=&#8221;4.27.4&#8243; _module_preset=&#8221;default&#8221; global_colors_info=&#8221;{}&#8221;]<img decoding=\"async\" loading=\"lazy\" src=\"\/wp-content\/uploads\/2025\/05\/logo-steinkuehler.svg\" alt=\"\" class=\"logo\" \/><\/p>\n<p>Kanalstra\u00dfe 77<br \/>\n48432 Rheine<br \/>\n+49 5971-79190<\/p>\n<p><a href=\"mailto:info@steinkuehler-spedition.de\">info@steinkuehler-spedition.de<\/a><br \/>\n<a href=\"https:\/\/www.steinkuehler-spedition.de\/\" target=\"_blank\" rel=\"noopener\">www.steinkuehler-spedition.de<\/a>[\/et_pb_toggle][et_pb_toggle title=&#8221;Unibau Gewerbebau&#8221; module_class=&#8221;toggle-expo&#8221; _builder_version=&#8221;4.27.4&#8243; _module_preset=&#8221;default&#8221; global_colors_info=&#8221;{}&#8221;]<img decoding=\"async\" loading=\"lazy\" src=\"\/wp-content\/uploads\/2024\/03\/logo-unibau-gewerbebau.svg\" alt=\"\" class=\"logo\" \/><\/p>\n<p>Grafenberger Allee 277\u2013287<br \/>\n40237 D\u00fcsseldorf<br \/>\n+49 211 3883605-0<\/p>\n<p><a href=\"mailto:info@unibaugewerbebau.de\">info@unibaugewerbebau.de<\/a><br \/>\n<a href=\"https:\/\/www.unibaugewerbebau.de\/\" target=\"_blank\" rel=\"noopener\">www.unibaugewerbebau.de<\/a>[\/et_pb_toggle][\/et_pb_column][\/et_pb_row][\/et_pb_section][et_pb_section fb_built=&#8221;1&#8243; disabled_on=&#8221;on|on|on&#8221; admin_label=&#8221;Standpartner&#8221; _builder_version=&#8221;4.25.1&#8243; _module_preset=&#8221;default&#8221; disabled=&#8221;on&#8221; global_colors_info=&#8221;{}&#8221;][et_pb_row _builder_version=&#8221;4.23.1&#8243; _module_preset=&#8221;default&#8221; global_colors_info=&#8221;{}&#8221;][et_pb_column type=&#8221;4_4&#8243; _builder_version=&#8221;4.23.1&#8243; _module_preset=&#8221;default&#8221; global_colors_info=&#8221;{}&#8221;][et_pb_text _builder_version=&#8221;4.27.4&#8243; _module_preset=&#8221;default&#8221; content_en_us=&#8221;<\/p>\n<p>Stand partner<\/p>\n<p>&#8221; global_colors_info=&#8221;{}&#8221;]<\/p>\n<h2>Standpartner (alt)<\/h2>\n<p>[\/et_pb_text][\/et_pb_column][\/et_pb_row][et_pb_row admin_label=&#8221;Liste&#8221; _builder_version=&#8221;4.23.1&#8243; _module_preset=&#8221;default&#8221; global_colors_info=&#8221;{}&#8221;][et_pb_column type=&#8221;4_4&#8243; _builder_version=&#8221;4.23.1&#8243; _module_preset=&#8221;default&#8221; global_colors_info=&#8221;{}&#8221;][et_pb_toggle title=&#8221;ALHO Systembau&#8221; disabled_on=&#8221;off|off|off&#8221; module_class=&#8221;toggle-expo&#8221; _builder_version=&#8221;4.25.1&#8243; _module_preset=&#8221;default&#8221; global_colors_info=&#8221;{}&#8221;]<img decoding=\"async\" loading=\"lazy\" src=\"\/wp-content\/uploads\/2023\/12\/logo-alho.svg\" alt=\"\" \/ class=\"logo\"><\/p>\n<p>ALHO z\u00e4hlt mit u\u0308ber 55 Jahren Erfahrung und 1.300 Mitarbeitern zu den Marktfu\u0308hrern im Modulbau. Von Bu\u0308rogeb\u00e4uden u\u0308ber Schulen und Kitas bis hin zu Gesundheitsimmobilien und Wohngeb\u00e4uden \u2013 ALHO plant und baut Modulgeb\u00e4ude ganz nach dem Bedarf des Kunden.<\/p>\n<p>Du\u0308sseldorfer Stra\u00dfe 240\u2013244<br \/>\n41460 Neuss<br \/>\n+49 2131 2983710<\/p>\n<p><a href=\"https:\/\/www.alho.com\/\" target=\"_blank\" rel=\"noopener\">www.alho.com<\/a>[\/et_pb_toggle][et_pb_toggle title=&#8221;bienen+partner&#8221; disabled_on=&#8221;off|off|off&#8221; module_class=&#8221;toggle-expo&#8221; _builder_version=&#8221;4.25.1&#8243; _module_preset=&#8221;default&#8221; global_colors_info=&#8221;{}&#8221;]<img decoding=\"async\" loading=\"lazy\" src=\"\/wp-content\/uploads\/2023\/12\/logo-bienen-partner.svg\" alt=\"\" \/ class=\"logo\"><\/p>\n<p>bienen+partner bietet erstklassigen Rundum-Service mit den Schwerpunkten Immobilienberatung und Projektentwicklung im Gro\u00dfraum M\u00f6nchengladbach, Krefeld und Du\u0308sseldorf. Durch regionales Know-how und einem umfangreichen Expertennetzwerk bietet bienen+partner Investoren den bestm\u00f6glichen Service.<\/p>\n<p>Beethovenstra\u00dfe 40<br \/>41061 M\u00f6nchengladbach<br \/>+49 2161 823933<\/p>\n<p>K\u00f6nigsallee 61<br \/>40215 Du\u0308sseldorf<br \/>+49 211 88242461<\/p>\n<p><a href=\"mailto:info@bienen-partner.de\">info@bienen-partner.de<\/a><br \/><a href=\"https:\/\/www.bienen-partner.de\/\" target=\"_blank\" rel=\"noopener\">www.bienen-partner.de<\/a><\/p>\n<p>[\/et_pb_toggle][et_pb_toggle title=&#8221;DeltaPort Niederrheinh\u00e4fen&#8221; disabled_on=&#8221;off|off|off&#8221; module_class=&#8221;toggle-expo&#8221; _builder_version=&#8221;4.25.1&#8243; _module_preset=&#8221;default&#8221; global_colors_info=&#8221;{}&#8221;]<img decoding=\"async\" loading=\"lazy\" src=\"\/wp-content\/uploads\/2023\/12\/logo-deltaport-niederrheinhaefen.svg\" alt=\"\" class=\"logo\" \/><\/p>\n<p>DeltaPort ist der Zusammenschluss des Rhein-Lippe-Hafens und des Stadthafens auf dem Gebiet der Stadt Wesel sowie des Hafens Emmelsum auf Voerder Stadtgebiet. Durch die Vereinigung der Hafenareale ist am Niederrhein ein einzigartiges Fl\u00e4chenangebot fu\u0308r hafenaffine Gewerbe- und Industriebetriebe entstanden.<\/p>\n<p>Moltkestra\u00dfe 8<br \/>\n46483 Wesel<br \/>\n+49 281 30023030<\/p>\n<p><a href=\"mailto:info@deltaport.de\">info@deltaport.de<\/a><br \/>\n<a href=\"https:\/\/deltaport-niederrheinhaefen.de\/\" target=\"_blank\" rel=\"noopener\">www.deltaport.de<\/a><\/p>\n<p>&nbsp;[\/et_pb_toggle][et_pb_toggle title=&#8221;DORNIEDEN Gruppe&#8221; disabled_on=&#8221;off|off|off&#8221; module_class=&#8221;toggle-expo&#8221; _builder_version=&#8221;4.25.1&#8243; _module_preset=&#8221;default&#8221; global_colors_info=&#8221;{}&#8221;]<\/p>\n<p><img decoding=\"async\" loading=\"lazy\" src=\"\/wp-content\/uploads\/2023\/12\/logo-dornieden-gruppe.svg\" alt=\"\" class=\"logo\" \/><\/p>\n<p>Die DORNIEDEN Gruppe bietet mit ihren Bautr\u00e4germarken DORNIEDEN Generalbau und VISTA Reihenhaus die ganze Bandbreite des Wohnens an. Als inhabergefu\u0308hrter Projektentwickler ist die Unternehmensgruppe bundesweit Ihr starker Partner fu\u0308r st\u00e4dtebauliche Wohnkonzepte und nachhaltige Quartiersentwicklung.<\/p>\n<p>Karstra\u00dfe 70<br \/>41068 M\u00f6nchengladbach<br \/>+49 2161 930940<\/p>\n<p><a href=\"mailto:info@dornieden-gruppe.com\">info@dornieden-gruppe.com<\/a><br \/><a href=\"https:\/\/www.dornieden-gruppe.com\/\" target=\"_blank\" rel=\"noopener\">www.dornieden-gruppe.com<\/a><\/p>\n<p>&nbsp;<\/p>\n<p>[\/et_pb_toggle][et_pb_toggle title=&#8221;Grundstu\u0308cksgesellschaft der Stadt Willich&#8221; disabled_on=&#8221;off|off|off&#8221; module_class=&#8221;toggle-expo&#8221; _builder_version=&#8221;4.25.1&#8243; _module_preset=&#8221;default&#8221; global_colors_info=&#8221;{}&#8221;]<\/p>\n<p><img decoding=\"async\" loading=\"lazy\" src=\"\/wp-content\/uploads\/2023\/12\/logo-gsg-willich.svg\" alt=\"\" class=\"logo\" \/><\/p>\n<p>Die Grundstu\u0308cksgesellschaft der Stadt Willich (GSG) ist erster Ansprechpartner fu\u0308r die Entwicklung, Vermarktung und Revitalisierung von Gewerbefl\u00e4chen in der Stadt Willich. Kurze Entscheidungswege machen sie zu einem starken und verl\u00e4sslichen Partner fu\u0308r die Wirtschaft rund um das Thema Gewerbefl\u00e4chen.<\/p>\n<p>Gie\u00dferallee 19<br \/>47877 Willich<br \/>+49 2156 949176<\/p>\n<p><a href=\"mailto:info@gsg-willich.de\">info@gsg-willich.de<\/a><br \/><a href=\"https:\/\/gsg-willich.de\/\" target=\"_blank\" rel=\"noopener\">www.gsg-willich.de<\/a><\/p>\n<p>&nbsp;<\/p>\n<p>[\/et_pb_toggle][et_pb_toggle title=&#8221;GWG Gemeinnu\u0308tzige Wohnungsgesellschaft Kreis Viersen&#8221; disabled_on=&#8221;off|off|off&#8221; module_class=&#8221;toggle-expo&#8221; _builder_version=&#8221;4.25.1&#8243; _module_preset=&#8221;default&#8221; global_colors_info=&#8221;{}&#8221;]<img decoding=\"async\" loading=\"lazy\" src=\"\/wp-content\/uploads\/2023\/12\/logo-gwg-viersen.svg\" alt=\"\" class=\"logo\" \/><\/p>\n<p>Die GWG Gemeinnu\u0308tzige Wohnungsgesellschaft Kreis Viersen AG sitzt seit 2002 in Viersen. Das Gesch\u00e4ftsgebiet umfasst den Kreis Viersen sowie die St\u00e4dte Krefeld und Meerbusch. Derzeit hat die GWG rund 4.750 Mietwohnungen im Bestand, dazu 13 Gewerbeeinheiten sowie 2.053 Garagen bzw. Stellpl\u00e4tze.<\/p>\n<p>Willy-Brandt-Ring 17<br \/>\n41747 Viersen<br \/>\n+49 2162 57800<\/p>\n<p><a href=\"mailto:info@gwg-kreis-viersen.de\">info@gwg-kreis-viersen.de<\/a><br \/>\n<a href=\"https:\/\/www.gwg-kreis-viersen.de\/\" target=\"_blank\" rel=\"noopener\">www.gwg-kreis-viersen.de<\/a><\/p>\n<p>&nbsp;[\/et_pb_toggle][et_pb_toggle title=&#8221;Hillwood Germany&#8221; disabled_on=&#8221;off|off|off&#8221; module_class=&#8221;toggle-expo&#8221; _builder_version=&#8221;4.25.1&#8243; _module_preset=&#8221;default&#8221; global_colors_info=&#8221;{}&#8221;]<\/p>\n<p><img decoding=\"async\" loading=\"lazy\" src=\"\/wp-content\/uploads\/2023\/12\/logo-hillwood.svg\" alt=\"\" class=\"logo\" \/><\/p>\n<p>Hillwood Germany sitzt in Schwalmtal und in Frankfurt am Main. Wir kaufen unbebaute Grundstu\u0308cke ab einer Gr\u00f6\u00dfe von 2 ha mit GE\/GI Ausweisung, Industriebrachen sowie kurzfristig vermietete Bestandsgeb\u00e4ude. Diese Fl\u00e4chen werden mit nachhaltigen Gewerbeimmobilien bebaut und dem Markt zur Anmietung zur Verfu\u0308gung gestellt.<\/p>\n<p>Industriestra\u00dfe 10<br \/>41366 Schwalmtal<br \/>\u2021 +49 2163 8891560<\/p>\n<p><a href=\"mailto:info@hillwood.de\">info@hillwood.de<\/a><br \/><a href=\"https:\/\/www.hillwood.de\/\" target=\"_blank\" rel=\"noopener\">www.hillwood.de<\/a><\/p>\n<p>&nbsp;<\/p>\n<p>[\/et_pb_toggle][et_pb_toggle title=&#8221;Industrie- und Handelskammer Mittlerer Niederrhein&#8221; disabled_on=&#8221;off|off|off&#8221; module_class=&#8221;toggle-expo&#8221; _builder_version=&#8221;4.25.1&#8243; _module_preset=&#8221;default&#8221; global_colors_info=&#8221;{}&#8221;]<\/p>\n<p><img decoding=\"async\" loading=\"lazy\" src=\"\/wp-content\/uploads\/2023\/12\/logo-ihk-mittlerer-niederrhein.svg\" alt=\"\" class=\"logo\" \/><\/p>\n<p>Die IHK ist das Netzwerk von rund 78.000 Unternehmen am Niederrhein. Als Mittler zwischen Staat und Wirtschaft vertritt sie die Interessen ihrer Mitglieder gegenu\u0308ber Politik und Verwaltung und schafft somit wirtschaftsfreundliche Rahmenbedingungen fu\u0308r den Standort.<\/p>\n<p>Nordwall 39<br \/>47798 Krefeld<br \/>+49 2151 635300<\/p>\n<p><a href=\"https:\/\/mittlerer-niederrhein.ihk.de\/\" target=\"_blank\" rel=\"noopener\">www.mittlerer-niederrhein.ihk.de<\/a><\/p>\n<p>[\/et_pb_toggle][et_pb_toggle title=&#8221;Lomberg.de Immobilien&#8221; disabled_on=&#8221;off|off|off&#8221; module_class=&#8221;toggle-expo&#8221; _builder_version=&#8221;4.25.1&#8243; _module_preset=&#8221;default&#8221; global_colors_info=&#8221;{}&#8221;]<img decoding=\"async\" loading=\"lazy\" src=\"\/wp-content\/uploads\/2023\/12\/logo-lomberg.svg\" alt=\"\" class=\"logo\" \/><\/p>\n<p>Seit vier Jahrzehnten sind wir die verl\u00e4ssliche Anlaufstelle fu\u0308r gewerbliche und renditestarke Immobilien am Niederrhein. Unsere besonderen Services, wie zum Beispiel das praktische Online-Kontroll-Tool und der virtuelle Space-Finder, haben uns zu einer vertrauenswu\u0308rdigen Wahl fu\u0308r unsere Mandanten gemacht.<\/p>\n<p>Rheinstra\u00dfe 35<br \/>\n47799 Krefeld<br \/>\n\u2021 +49 800 8072000<\/p>\n<p><a href=\"mailto:info@lomberg.de\">info@lomberg.de<\/a><br \/>\n<a href=\"https:\/\/www.lomberg.de\/\" target=\"_blank\" rel=\"noopener\">www.lomberg.de<\/a><\/p>\n<p>&nbsp;[\/et_pb_toggle][et_pb_toggle title=&#8221;Oberd\u00f6rfer I Meurer Planungsgesellschaft&#8221; disabled_on=&#8221;off|off|off&#8221; module_class=&#8221;toggle-expo&#8221; _builder_version=&#8221;4.25.1&#8243; _module_preset=&#8221;default&#8221; global_colors_info=&#8221;{}&#8221;]<\/p>\n<p><img decoding=\"async\" loading=\"lazy\" src=\"\/wp-content\/uploads\/2023\/12\/logo-oberdoerfer-meurer.svg\" alt=\"\" class=\"logo\" \/><\/p>\n<p>Wir sind ein wachsendes Team aus jungen Architekten, das mit viel Leidenschaft und Spa\u00df gemeinsam mit unseren Bauherren, Gewerken und Nutzern entwirft, plant und umsetzt. Unsere Vision ist eine zeitgem\u00e4\u00dfe Anwendung und Umsetzung digitalen Fortschritts ohne den Verlust analoger Strukturen.<\/p>\n<p>Grafenberger Allee 128a<br \/>40237 Du\u0308sseldorf<br \/>+49 211 26006970<\/p>\n<p><a href=\"mailto:info@oberdoerfer-meurer.de\">info@oberdoerfer-meurer.de<\/a><br \/><a href=\"https:\/\/oberdoerfer-meurer.de\/\" target=\"_blank\" rel=\"noopener\">www.oberdoerfer-meurer.de<\/a><\/p>\n<p><a href=\"https:\/\/www.lomberg.de\/\" target=\"_blank\" rel=\"noopener\"><\/a><\/p>\n<p>&nbsp;<\/p>\n<p>[\/et_pb_toggle][et_pb_toggle title=&#8221;OttenArchitekten&#8221; disabled_on=&#8221;off|off|off&#8221; module_class=&#8221;toggle-expo&#8221; _builder_version=&#8221;4.25.1&#8243; _module_preset=&#8221;default&#8221; global_colors_info=&#8221;{}&#8221;]<\/p>\n<p><img decoding=\"async\" loading=\"lazy\" src=\"\/wp-content\/uploads\/2023\/12\/logo-ottenarchitekten.svg\" alt=\"\" class=\"logo\" \/><\/p>\n<p>Seit 1985 steht OttenArchitekten mit u\u0308ber 30 Personen als verl\u00e4ssliches Team Bauherren im Gewerbe- und Wohnungsbau zur Seite. Neu- wie Umbauten werden mit Kreativit\u00e4t und auf dem aktuellen Stand der Technik umgesetzt. Als eingespieltes Team strebt das Bu\u0308ro gute Konzepte bei Einhaltung von Kosten und Terminen an.<\/p>\n<p>Raderbroich 9 Hof-Hof<br \/>41352 Korschenbroich<br \/>+49 2161 918210<\/p>\n<p><a href=\"mailto:info@ottenarchitekten.de\">info@ottenarchitekten.de<\/a><br \/><a href=\"https:\/\/ottenarchitekten.de\/\" target=\"_blank\" rel=\"noopener\">www.ottenarchitekten.de<\/a><\/p>\n<p>[\/et_pb_toggle][et_pb_toggle title=&#8221;P+B&#8221; disabled_on=&#8221;off|off|off&#8221; module_class=&#8221;toggle-expo&#8221; _builder_version=&#8221;4.25.1&#8243; _module_preset=&#8221;default&#8221; global_colors_info=&#8221;{}&#8221;]<\/p>\n<p><img decoding=\"async\" loading=\"lazy\" src=\"\/wp-content\/uploads\/2023\/12\/logo-p-b.svg\" alt=\"\" class=\"logo\" \/><\/p>\n<p>Die P+B Group ist ein eigenkapitalstarker Projektentwickler\/ Bautr\u00e4ger mit mehr als 20-j\u00e4hriger Marktpr\u00e4senz. Mit realisierten Bauvorhaben in H\u00f6he von 740 Mio. \u20ac und einem Projektentwicklungsvolumen von u\u0308ber 1 Mrd. \u20ac sowie dem Fokus auf urenkelf\u00e4hige Stadtquartiere befinden wir uns auf einem dynamischen Wachstumskurs.<\/p>\n<p>Genker Stra\u00dfe 2\u20134<br \/>53842 Troisdorf<br \/>+49 2241 936920<\/p>\n<p><a href=\"mailto:info-web@pplusb.com\">info-web@pplusb.com<\/a><br \/><a href=\"https:\/\/www.pplusb.com\/\" target=\"_blank\" rel=\"noopener\">www.pplusb.com<\/a><\/p>\n<p>&nbsp;<\/p>\n<p>[\/et_pb_toggle][et_pb_toggle title=&#8221;Rauchfuss E.S.&#8221; disabled_on=&#8221;off|off|off&#8221; module_class=&#8221;toggle-expo&#8221; _builder_version=&#8221;4.25.1&#8243; _module_preset=&#8221;default&#8221; global_colors_info=&#8221;{}&#8221;]<\/p>\n<p><img decoding=\"async\" loading=\"lazy\" src=\"\/wp-content\/uploads\/2023\/12\/logo-rauchfuss-es.svg\" alt=\"\" class=\"logo\" \/><\/p>\n<p>Die Rauchfuss et socii (RES) agiert als inhabergefu\u0308hrtes Unternehmen deutschlandweit in den Schwerpunkten der Projektentwicklung, Beteiligungen und Investitionen.<br \/>Als Teil der Goldstein Gruppe bietet die RES ein umfassendes Portfolio inkl. Architektur (u.a. denkmalgeschu\u0308tzt), Handelsarchitektur und Markenbildung.<\/p>\n<p>Josefine-Clouth-Stra\u00dfe 46<br \/>50733 K\u00f6ln<br \/>+49 221 29942666<\/p>\n<p><a href=\"mailto:koeln@rauchfuss-socii.com\">koeln@rauchfuss-socii.com<\/a><br \/><a href=\"https:\/\/goldstein-gruppe.com\/\" target=\"_blank\" rel=\"noopener\">www.goldstein-gruppe.com<\/a><\/p>\n<p>&nbsp;<\/p>\n<p>[\/et_pb_toggle][et_pb_toggle title=&#8221;Schrammen Architekten&#8221; disabled_on=&#8221;off|off|off&#8221; module_class=&#8221;toggle-expo&#8221; _builder_version=&#8221;4.25.1&#8243; _module_preset=&#8221;default&#8221; global_colors_info=&#8221;{}&#8221;]<\/p>\n<p><img decoding=\"async\" loading=\"lazy\" src=\"\/wp-content\/uploads\/2023\/12\/logo-schrammen-architekten.svg\" alt=\"\" class=\"logo\" \/><\/p>\n<p>Quartiersentwicklung, Wohnbau, zukunftsweisende Gesch\u00e4fts- und Bu\u0308robauten u.v.m. \u2013<br \/>das Portfolio von Schrammen Architekten BDA ist umfangreich. Seit 1988 arbeitet das Bu\u0308ro mit 45 Mitarbeiter:innen international und erfolgreich und ist einer der bekannten Branchenakteure in der Metropolregion Rhein-Ruhr.<\/p>\n<p>Karmannssta\u00dfe 57<br \/>41061 M\u00f6nchengladbach<br \/>+49 2161 82388110<\/p>\n<p>Benedikt-Schmittmann-Stra\u00dfe 4<br \/>40479 Du\u0308sseldorf<\/p>\n<p><a href=\"mailto:schrammen@schrammen.info\">schrammen@schrammen.info<\/a><br \/><a href=\"https:\/\/schrammen.info\/\" target=\"_blank\" rel=\"noopener\">www.schrammen.info<\/a><\/p>\n<p><a href=\"https:\/\/goldstein-gruppe.com\/\" target=\"_blank\" rel=\"noopener\"><\/a><\/p>\n<p>&nbsp;<\/p>\n<p>[\/et_pb_toggle][et_pb_toggle title=&#8221;Stadt Venlo&#8221; module_class=&#8221;toggle-expo&#8221; _builder_version=&#8221;4.23.1&#8243; _module_preset=&#8221;default&#8221; global_colors_info=&#8221;{}&#8221;]<\/p>\n<p><img decoding=\"async\" loading=\"lazy\" src=\"\/wp-content\/uploads\/2023\/12\/logo-venlo.svg\" alt=\"\" class=\"logo\" \/><\/p>\n<p>Die Stadt Venlo stellt Unternehmen und Investoren die dynamische niederl\u00e4ndische Grenzstadt vor mit ihrem vielseitigen Branchenmix aus Logistik, produzierendem Gewerbe und Agrarwirtschaft.<\/p>\n<p>Postfach 3434<br \/>5902 RK Venlo<br \/>+31 77 3596168<\/p>\n<p><a href=\"mailto:info@venlo.nl\">info@venlo.nl<\/a><br \/><a href=\"https:\/\/www.venlo.nl\/\" target=\"_blank\" rel=\"noopener\">www.venlo.nl<\/a><\/p>\n<p><a href=\"https:\/\/goldstein-gruppe.com\/\" target=\"_blank\" rel=\"noopener\"><\/a><\/p>\n<p>&nbsp;<\/p>\n<p>[\/et_pb_toggle][et_pb_toggle title=&#8221;Ixocon Immobilien&#8221; module_class=&#8221;toggle-expo&#8221; _builder_version=&#8221;4.27.4&#8243; _module_preset=&#8221;default&#8221; global_colors_info=&#8221;{}&#8221;]<img decoding=\"async\" loading=\"lazy\" src=\"\/wp-content\/uploads\/2025\/05\/logo-ixocon.svg\" alt=\"\" class=\"logo\" \/><\/p>\n<p>Am Sandtorkai 48<br \/>\n20457 Hamburg<br \/>\n+49 40 3198-2800<\/p>\n<p><a href=\"mailto:info@ixocon.de\">info@ixocon.de<\/a><br \/>\n<a href=\"https:\/\/www.ixocon.de\/\" target=\"_blank\" rel=\"noopener\">www.ixocon.de<\/a>[\/et_pb_toggle][et_pb_toggle title=&#8221;K\u00f6lnBusiness&#8221; module_class=&#8221;toggle-expo&#8221; _builder_version=&#8221;4.27.4&#8243; _module_preset=&#8221;default&#8221; global_colors_info=&#8221;{}&#8221;]<img decoding=\"async\" loading=\"lazy\" src=\"\/wp-content\/uploads\/2025\/05\/logo-koelnbusiness.svg\" alt=\"\" class=\"logo\" \/><\/p>\n<p>B\u00f6rsenplatz 1<br \/>\n50667 K\u00f6ln<br \/>\n+49 221 99501-0<\/p>\n<p><a href=\"mailto:wirtschaftsfoerderung@koeln.business\">wirtschaftsfoerderung@koeln.business<\/a><br \/>\n<a href=\"https:\/\/koeln.business\/\" target=\"_blank\" rel=\"noopener\">www.koeln.business<\/a>[\/et_pb_toggle][et_pb_toggle title=&#8221;Logistikregion Rheinland&#8221; module_class=&#8221;toggle-expo&#8221; _builder_version=&#8221;4.27.4&#8243; _module_preset=&#8221;default&#8221; global_colors_info=&#8221;{}&#8221;]<img decoding=\"async\" loading=\"lazy\" src=\"\/wp-content\/uploads\/2025\/05\/logo-logistikregion-rheinland.svg\" alt=\"\" class=\"logo\" \/><\/p>\n<p>c\/o Industrie und Handelskammer D\u00fcsseldorf<br \/>\nErnst-Schneider-Platz 1<br \/>\n40212 D\u00fcsseldorf<br \/>\n+49 211 3557270<\/p>\n<p><a href=\"mailto:info@logistikregion-rheinland.de\">info@logistikregion-rheinland.de<\/a><br \/>\n<a href=\"https:\/\/www.logistikregion-rheinland.de\/\" target=\"_blank\" rel=\"noopener\">www.logistikregion-rheinland.de<\/a>[\/et_pb_toggle][et_pb_toggle title=&#8221;P+L Hoffbauer&#8221; module_class=&#8221;toggle-expo&#8221; _builder_version=&#8221;4.27.4&#8243; _module_preset=&#8221;default&#8221; global_colors_info=&#8221;{}&#8221;]<img decoding=\"async\" loading=\"lazy\" src=\"\/wp-content\/uploads\/2025\/05\/logo-pplusl-hoffbauer.svg\" alt=\"\" class=\"logo\" \/><\/p>\n<p>M\u00f6rsenbroicher Weg 191<br \/>\n40470 D\u00fcsseldorf<br \/>\n+49 211 497696-00<\/p>\n<p><a href=\"mailto:office@pl-hoffbauer.de\">office@pl-hoffbauer.de<\/a><br \/>\n<a href=\"https:\/\/www.plhoffbauer.de\/\" target=\"_blank\" rel=\"noopener\">www.plhoffbauer.de<\/a>[\/et_pb_toggle][et_pb_toggle title=&#8221;Steink\u00fchler&#8221; module_class=&#8221;toggle-expo&#8221; _builder_version=&#8221;4.27.4&#8243; _module_preset=&#8221;default&#8221; global_colors_info=&#8221;{}&#8221;]<img decoding=\"async\" loading=\"lazy\" src=\"\/wp-content\/uploads\/2025\/05\/logo-steinkuehler.svg\" alt=\"\" class=\"logo\" \/><\/p>\n<p>Kanalstra\u00dfe 77<br \/>\n48432 Rheine<br \/>\n+49 5971-79190<\/p>\n<p><a href=\"mailto:info@steinkuehler-spedition.de\">info@steinkuehler-spedition.de<\/a><br \/>\n<a href=\"https:\/\/www.steinkuehler-spedition.de\/\" target=\"_blank\" rel=\"noopener\">www.steinkuehler-spedition.de<\/a>[\/et_pb_toggle][et_pb_toggle title=&#8221;Unibau Gewerbebau&#8221; module_class=&#8221;toggle-expo&#8221; _builder_version=&#8221;4.27.4&#8243; _module_preset=&#8221;default&#8221; global_colors_info=&#8221;{}&#8221;]<img decoding=\"async\" loading=\"lazy\" src=\"\/wp-content\/uploads\/2024\/03\/logo-unibau-gewerbebau.svg\" alt=\"\" class=\"logo\" \/><\/p>\n<p>Grafenberger Allee 277\u2013287<br \/>\n40237 D\u00fcsseldorf<br \/>\n+49 211 3883605-0<\/p>\n<p><a href=\"mailto:info@unibaugewerbebau.de\">info@unibaugewerbebau.de<\/a><br \/>\n<a href=\"https:\/\/www.unibaugewerbebau.de\/\" target=\"_blank\" rel=\"noopener\">www.unibaugewerbebau.de<\/a>[\/et_pb_toggle][\/et_pb_column][\/et_pb_row][\/et_pb_section][et_pb_section fb_built=&#8221;1&#8243; admin_label=&#8221;Downloads&#8221; _builder_version=&#8221;4.23.1&#8243; _module_preset=&#8221;default&#8221; background_image=&#8221;https:\/\/standort-niederrhein.de\/wp-content\/uploads\/2023\/11\/downloads-bg-02-scaled.jpg&#8221; parallax=&#8221;on&#8221; global_module=&#8221;2788&#8243; saved_tabs=&#8221;all&#8221; locked=&#8221;off&#8221; global_colors_info=&#8221;{}&#8221;][et_pb_row column_structure=&#8221;1_3,1_3,1_3&#8243; make_equal=&#8221;on&#8221; _builder_version=&#8221;4.23.1&#8243; _module_preset=&#8221;default&#8221; global_colors_info=&#8221;{}&#8221;][et_pb_column type=&#8221;1_3&#8243; _builder_version=&#8221;4.23.1&#8243; _module_preset=&#8221;default&#8221; custom_css_main_element=&#8221;display: flex;||flex-direction: column;&#8221; global_colors_info=&#8221;{}&#8221;][et_pb_blurb title=&#8221;Imagebrosch\u00fcre&#8221; image=&#8221;https:\/\/standort-niederrhein.de\/wp-content\/uploads\/2023\/11\/broschuere-image-2023.png&#8221; _builder_version=&#8221;4.25.0&#8243; _module_preset=&#8221;default&#8221; header_text_color=&#8221;#EEEDED&#8221; body_text_color=&#8221;#EEEDED&#8221; link_option_url=&#8221;\/files\/imagebroschuere.pdf&#8221; link_option_url_new_window=&#8221;on&#8221; custom_css_blurb_image=&#8221;filter: drop-shadow(0 0 0.75rem rgba(0,0,0,.3));&#8221; title_en_us=&#8221;Image brochure&#8221; content_en_us=&#8221;<\/p>\n<p>The Niederrhine Region \u2013 that&#8217;s a neat sum of competitive investment conditions plus high-performance infrastructure on land, at sea and in the air as well as a central close-to-market location plus a high quality of life. These conditions have created a robust economic structure with creative, innovative and globally marketable companies. Get to know the Niederrhine Region.<\/p>\n<p>&#8221; global_colors_info=&#8221;{}&#8221;]<\/p>\n<p>Der Standort Niederrhein \u2013 das ist eine ordentliche Summe aus wettbewerbsf\u00e4higen Invest-Konditionen plus leistungsstarker Infrastruktur zu Lande, zu Wasser und in der Luft sowie marktnaher Zentrallage plus hoher Lebensqualit\u00e4t. Diese Rahmenbedingungen haben eine robuste Wirtschaftsstruktur geschaffen mit kreativen, innovativen und weltmarktf\u00e4higen Unternehmen. Lernen Sie den Standort Niederrhein n\u00e4her kennen.<\/p>\n<p>[\/et_pb_blurb][et_pb_text _builder_version=&#8221;4.25.1&#8243; _module_preset=&#8221;default&#8221; text_font=&#8221;||||||||&#8221; text_text_color=&#8221;#FFFFFF&#8221; background_color=&#8221;#FE5000&#8243; custom_margin=&#8221;||||false|false&#8221; custom_padding=&#8221;16px|16px|16px|16px|true|true&#8221; link_option_url=&#8221;\/files\/imagebroschuere.pdf&#8221; link_option_url_new_window=&#8221;on&#8221; custom_css_main_element=&#8221; margin-top: auto;&#8221; content_en_us=&#8221;<\/p>\n<p><strong>Image brochure (D\/EN)<\/strong><br \/><span class=%22et-pb-icon%22 style=%22font-size: 1rem;%22>\ue092<\/span> Download (7,4 MB)<\/p>\n<p>&#8221; border_radii=&#8221;on|16px|16px|16px|16px&#8221; global_colors_info=&#8221;{}&#8221; transform_styles__hover_enabled=&#8221;on|hover&#8221; transform_scale__hover_enabled=&#8221;on|hover&#8221; transform_translate__hover_enabled=&#8221;on|desktop&#8221; transform_rotate__hover_enabled=&#8221;on|desktop&#8221; transform_skew__hover_enabled=&#8221;on|desktop&#8221; transform_origin__hover_enabled=&#8221;on|desktop&#8221; transform_scale__hover=&#8221;110%|110%&#8221;]<\/p>\n<p><strong>Imagebrosch\u00fcre (D\/EN)<\/strong><br \/><span class=\"et-pb-icon\" style=\"font-size: 1rem;\">\ue092<\/span> Download<\/p>\n<p>[\/et_pb_text][\/et_pb_column][et_pb_column type=&#8221;1_3&#8243; _builder_version=&#8221;4.23.1&#8243; _module_preset=&#8221;default&#8221; custom_css_main_element=&#8221;display: flex;||flex-direction: column;&#8221; global_colors_info=&#8221;{}&#8221;][et_pb_blurb title=&#8221;Immobilienguide 2025\/2026&#8243; image=&#8221;https:\/\/standort-niederrhein.de\/wp-content\/uploads\/2025\/09\/broschuere-immo-2025.png&#8221; alt=&#8221;Cover Immobilienguide 2025\/2026&#8243; _builder_version=&#8221;4.27.4&#8243; _module_preset=&#8221;default&#8221; header_text_color=&#8221;#EEEDED&#8221; body_text_color=&#8221;#EEEDED&#8221; link_option_url=&#8221;\/files\/immobilienguide.pdf&#8221; link_option_url_new_window=&#8221;on&#8221; custom_css_blurb_image=&#8221;filter: drop-shadow(0 0 0.75rem rgba(0,0,0,.3));&#8221; title_en_us=&#8221;Real Estate Guide 2025\/2026&#8243; content_en_us=&#8221;<\/p>\n<p>There is still space in the Niederrhein Region. The Real Estate Guide 2025\/2026 presents 63 projects that show a cross-section of the current range of properties for office, commercial, industrial, retail and residential use.<\/p>\n<p>&#8221; global_colors_info=&#8221;{}&#8221;]Der Standort Niederrhein hat Platz. Die Ausgabe 2025\/2026 des Immobilienguide stellt 63 Projekte vor, die einen Querschnitt durch das aktuelle Angebot an Grundst\u00fccken und Objekten f\u00fcr B\u00fcro, Gewerbe, Industrie, Einzelhandel und Wohnen bilden.[\/et_pb_blurb][et_pb_text _builder_version=&#8221;4.27.4&#8243; _module_preset=&#8221;default&#8221; text_font=&#8221;||||||||&#8221; text_text_color=&#8221;#FFFFFF&#8221; background_color=&#8221;#FE5000&#8243; custom_margin=&#8221;||||false|false&#8221; custom_padding=&#8221;16px|16px|16px|16px|true|true&#8221; link_option_url=&#8221;\/files\/immobilienguide.pdf&#8221; link_option_url_new_window=&#8221;on&#8221; custom_css_main_element=&#8221; margin-top: auto;&#8221; content_en_us=&#8221;<\/p>\n<p><strong>Real Estate Guide 2025\/2026 (D\/EN)<\/strong><br \/><span class=%22et-pb-icon%22 style=%22font-size: 1rem;%22>\ue092<\/span> Download<\/p>\n<p>&#8221; border_radii=&#8221;on|16px|16px|16px|16px&#8221; global_colors_info=&#8221;{}&#8221; transform_styles__hover_enabled=&#8221;on|hover&#8221; transform_scale__hover_enabled=&#8221;on|hover&#8221; transform_translate__hover_enabled=&#8221;on|desktop&#8221; transform_rotate__hover_enabled=&#8221;on|desktop&#8221; transform_skew__hover_enabled=&#8221;on|desktop&#8221; transform_origin__hover_enabled=&#8221;on|desktop&#8221; transform_scale__hover=&#8221;110%|110%&#8221;]<\/p>\n<p><strong>Immobilienguide 2025\/2026 (D\/EN)<\/strong><br \/><span class=\"et-pb-icon\" style=\"font-size: 1rem;\">\ue092<\/span> Download<\/p>\n<p>[\/et_pb_text][\/et_pb_column][et_pb_column type=&#8221;1_3&#8243; _builder_version=&#8221;4.23.1&#8243; _module_preset=&#8221;default&#8221; custom_css_main_element=&#8221;display: flex;||flex-direction: column;&#8221; global_colors_info=&#8221;{}&#8221;][et_pb_blurb title=&#8221;Marktbericht 2024&#8243; image=&#8221;https:\/\/standort-niederrhein.de\/wp-content\/uploads\/2024\/09\/broschuere-markt-2024.png&#8221; _builder_version=&#8221;4.27.0&#8243; _module_preset=&#8221;default&#8221; header_text_color=&#8221;#EEEDED&#8221; body_text_color=&#8221;#EEEDED&#8221; link_option_url=&#8221;\/files\/marktbericht.pdf&#8221; link_option_url_new_window=&#8221;on&#8221; custom_css_blurb_image=&#8221;filter: drop-shadow(0 0 0.75rem rgba(0,0,0,.3));&#8221; title_en_us=&#8221;Market Report 2024&#8243; content_en_us=&#8221;<\/p>\n<p>The newest \u201eNiederrhein Region Market Report\u201c has been produced in cooperation with the market research company bulwiengesa AG. The updated market report provides investors, market participants, owner-occupiers and tenants with a solid foundation for safe and correct real estate decisions.<\/p>\n<p>&#8221; global_colors_info=&#8221;{}&#8221;]<\/p>\n<p>In Zusammenarbeit mit dem Marktforschungsunternehmen bulwiengesa AG wurde nunmehr der sechste \u201eStandort Niederrhein Marktbericht\u201c erstellt. Mit dem aktualisierten Marktbericht erhalten Investoren, Marktteilnehmer, Eigennutzer und Mieter eine gute Grundlage f\u00fcr sichere und richtige Immobilien-Entscheidungen.<\/p>\n<p>[\/et_pb_blurb][et_pb_text _builder_version=&#8221;4.27.0&#8243; _module_preset=&#8221;default&#8221; text_font=&#8221;||||||||&#8221; text_text_color=&#8221;#FFFFFF&#8221; background_color=&#8221;#FE5000&#8243; custom_margin=&#8221;||||false|false&#8221; custom_padding=&#8221;16px|16px|16px|16px|true|true&#8221; link_option_url=&#8221;\/files\/marktbericht.pdf&#8221; link_option_url_new_window=&#8221;on&#8221; custom_css_main_element=&#8221; margin-top: auto;&#8221; content_en_us=&#8221;<\/p>\n<p><strong>Market Report 2024 (D\/EN)<\/strong><br \/><span class=%22et-pb-icon%22 style=%22font-size: 1rem;%22>\ue092<\/span> Download<\/p>\n<p>&#8221; border_radii=&#8221;on|16px|16px|16px|16px&#8221; global_colors_info=&#8221;{}&#8221; transform_styles__hover_enabled=&#8221;on|hover&#8221; transform_scale__hover_enabled=&#8221;on|hover&#8221; transform_translate__hover_enabled=&#8221;on|desktop&#8221; transform_rotate__hover_enabled=&#8221;on|desktop&#8221; transform_skew__hover_enabled=&#8221;on|desktop&#8221; transform_origin__hover_enabled=&#8221;on|desktop&#8221; transform_scale__hover=&#8221;110%|110%&#8221;]<\/p>\n<p><strong>Marktbericht 2024 (D\/EN)<\/strong><br \/><span class=\"et-pb-icon\" style=\"font-size: 1rem;\">\ue092<\/span> Download<\/p>\n<p>[\/et_pb_text][\/et_pb_column][\/et_pb_row][\/et_pb_section][et_pb_section fb_built=&#8221;1&#8243; admin_label=&#8221;R\u00fcckblick&#8221; _builder_version=&#8221;4.24.2&#8243; _module_preset=&#8221;default&#8221; global_colors_info=&#8221;{}&#8221;][et_pb_row _builder_version=&#8221;4.23.1&#8243; _module_preset=&#8221;default&#8221; global_colors_info=&#8221;{}&#8221;][et_pb_column type=&#8221;4_4&#8243; _builder_version=&#8221;4.23.1&#8243; _module_preset=&#8221;default&#8221; global_colors_info=&#8221;{}&#8221;][et_pb_text _builder_version=&#8221;4.23.1&#8243; _module_preset=&#8221;default&#8221; global_colors_info=&#8221;{}&#8221;]<\/p>\n<h2>R\u00fcckblick<\/h2>\n<p>[\/et_pb_text][\/et_pb_column][\/et_pb_row][et_pb_row _builder_version=&#8221;4.23.1&#8243; _module_preset=&#8221;default&#8221; global_colors_info=&#8221;{}&#8221;][et_pb_column type=&#8221;4_4&#8243; _builder_version=&#8221;4.23.1&#8243; _module_preset=&#8221;default&#8221; global_colors_info=&#8221;{}&#8221;][dsm_masonry_gallery gallery_ids=&#8221;6369,6370,6371,6372,6373,6374,6375,6376,6377,6378&#8243; use_lightbox=&#8221;on&#8221; use_zoom_on_hover=&#8221;on&#8221; _builder_version=&#8221;4.27.4&#8243; _module_preset=&#8221;default&#8221; global_colors_info=&#8221;{}&#8221;][\/dsm_masonry_gallery][\/et_pb_column][\/et_pb_row][\/et_pb_section]<\/p>\n","protected":false},"excerpt":{"rendered":"<p>Internationale Fachmesse transport logistic Die transport logistic in M\u00fcnchen ist die international anerkannte Leitmesse f\u00fcr Logistik, Mobilit\u00e4t, IT und Supply Chain Management. Als Drehkreuz der globalen Logistikbranche besuchten im Juni 2025 mehr als 77.000 Besucher:innen und 2.722 Aussteller aus 73 L\u00e4ndern die transport logistic in M\u00fcnchen. Der Anteil internationaler Aussteller stieg auf 65 Prozent. Damit wuchs die Messe nicht nur in Fl\u00e4che und Teilnehmerzahl, sondern auch in ihrer globalen Reichweite. Der Fokus lag auf Digitalisierung, Nachhaltigkeit und k\u00fcnstliche Intelligenz. Die n\u00e4chste transport logistic findet vom 26. bis 29. April 2027 statt.Sprechen Sie uns an!Projektleitung, Standortmarketing+49 2131 9268591scharf@standort-niederrhein.deStandpartnerangebot Werden Sie Partner!Standpartnerangebot (D)\ue092 DownloadStandpartner Nordwall 3947798 Krefeld+49 2151 635300 www.mittlerer-niederrhein.ihk.de Am Sandtorkai 48 20457 Hamburg +49 40 3198-2800 info@ixocon.de www.ixocon.de B\u00f6rsenplatz 1 50667 K\u00f6ln +49 221 99501-0 wirtschaftsfoerderung@koeln.business www.koeln.business c\/o Industrie und Handelskammer D\u00fcsseldorf Ernst-Schneider-Platz 1 40212 D\u00fcsseldorf +49 211 3557270 info@logistikregion-rheinland.de www.logistikregion-rheinland.de M\u00f6rsenbroicher Weg 191 40470 D\u00fcsseldorf +49 211 497696-00 office@pl-hoffbauer.de www.plhoffbauer.de Kanalstra\u00dfe 77 48432 Rheine +49 5971-79190 info@steinkuehler-spedition.de www.steinkuehler-spedition.de Grafenberger Allee 277\u2013287 40237 D\u00fcsseldorf +49 211 3883605-0 info@unibaugewerbebau.de www.unibaugewerbebau.deStandpartner (alt) ALHO z\u00e4hlt mit u\u0308ber 55 Jahren Erfahrung und 1.300 Mitarbeitern zu den Marktfu\u0308hrern im Modulbau. Von Bu\u0308rogeb\u00e4uden u\u0308ber Schulen und Kitas bis hin zu Gesundheitsimmobilien und Wohngeb\u00e4uden \u2013 ALHO plant [&hellip;]<\/p>\n","protected":false},"author":1,"featured_media":0,"parent":2704,"menu_order":0,"comment_status":"closed","ping_status":"closed","template":"","meta":{"_et_pb_use_builder":"on","_et_pb_old_content":"<!-- wp:divi\/placeholder \/-->","_et_gb_content_width":"","footnotes":""},"class_list":["post-3674","page","type-page","status-publish","hentry"],"_links":{"self":[{"href":"https:\/\/standort-niederrhein.de\/en\/wp-json\/wp\/v2\/pages\/3674","targetHints":{"allow":["GET"]}}],"collection":[{"href":"https:\/\/standort-niederrhein.de\/en\/wp-json\/wp\/v2\/pages"}],"about":[{"href":"https:\/\/standort-niederrhein.de\/en\/wp-json\/wp\/v2\/types\/page"}],"author":[{"embeddable":true,"href":"https:\/\/standort-niederrhein.de\/en\/wp-json\/wp\/v2\/users\/1"}],"replies":[{"embeddable":true,"href":"https:\/\/standort-niederrhein.de\/en\/wp-json\/wp\/v2\/comments?post=3674"}],"version-history":[{"count":23,"href":"https:\/\/standort-niederrhein.de\/en\/wp-json\/wp\/v2\/pages\/3674\/revisions"}],"predecessor-version":[{"id":7555,"href":"https:\/\/standort-niederrhein.de\/en\/wp-json\/wp\/v2\/pages\/3674\/revisions\/7555"}],"up":[{"embeddable":true,"href":"https:\/\/standort-niederrhein.de\/en\/wp-json\/wp\/v2\/pages\/2704"}],"wp:attachment":[{"href":"https:\/\/standort-niederrhein.de\/en\/wp-json\/wp\/v2\/media?parent=3674"}],"curies":[{"name":"wp","href":"https:\/\/api.w.org\/{rel}","templated":true}]}}