{"id":2337,"date":"2023-11-10T12:06:25","date_gmt":"2023-11-10T11:06:25","guid":{"rendered":"https:\/\/standort-niederrhein.dev-zs.de\/?page_id=2337"},"modified":"2025-05-09T10:36:14","modified_gmt":"2025-05-09T08:36:14","slug":"denken-sie","status":"publish","type":"page","link":"https:\/\/standort-niederrhein.de\/en\/denken-sie\/","title":{"rendered":"Denken Sie"},"content":{"rendered":"<p>[et_pb_section fb_built=&#8221;1&#8243; admin_label=&#8221;Code Section Hompage Header Bar&#8221; _builder_version=&#8221;4.21.0&#8243; _module_preset=&#8221;default&#8221; background_color=&#8221;#FE5000&#8243; height=&#8221;84px&#8221; custom_margin=&#8221;-84px||||false|false&#8221; custom_padding=&#8221;0px|48px|0px|48px|true|true&#8221; global_colors_info=&#8221;{}&#8221;][et_pb_row _builder_version=&#8221;4.21.0&#8243; _module_preset=&#8221;default&#8221; custom_margin=&#8221;0px||0px||true|false&#8221; global_colors_info=&#8221;{}&#8221;][et_pb_column type=&#8221;4_4&#8243; _builder_version=&#8221;4.21.0&#8243; _module_preset=&#8221;default&#8221; global_colors_info=&#8221;{}&#8221;][et_pb_code _builder_version=&#8221;4.21.0&#8243; _module_preset=&#8221;default&#8221; global_colors_info=&#8221;{}&#8221;]<script><!-- [et_pb_line_break_holder] -->jQuery(function($){<!-- [et_pb_line_break_holder] -->  $('#section-header-bar').addClass('scroll-header-orange');<!-- [et_pb_line_break_holder] -->  $(window).scroll(function() {<!-- [et_pb_line_break_holder] -->      if ($(document).scrollTop() > 50) {<!-- [et_pb_line_break_holder] -->        $('#section-header-bar').removeClass('scroll-header-orange');<!-- [et_pb_line_break_holder] -->    } else {<!-- [et_pb_line_break_holder] -->      $('#section-header-bar').addClass('scroll-header-orange');<!-- [et_pb_line_break_holder] -->    }<!-- [et_pb_line_break_holder] -->  });<!-- [et_pb_line_break_holder] -->});<!-- [et_pb_line_break_holder] --><\/script>[\/et_pb_code][\/et_pb_column][\/et_pb_row][\/et_pb_section][et_pb_section fb_built=&#8221;1&#8243; _builder_version=&#8221;4.23.1&#8243; _module_preset=&#8221;default&#8221; global_colors_info=&#8221;{}&#8221;][et_pb_row _builder_version=&#8221;4.23.1&#8243; _module_preset=&#8221;default&#8221; global_colors_info=&#8221;{}&#8221;][et_pb_column type=&#8221;4_4&#8243; _builder_version=&#8221;4.23.1&#8243; _module_preset=&#8221;default&#8221; global_colors_info=&#8221;{}&#8221;][et_pb_image src=&#8221;https:\/\/standort-niederrhein.de\/wp-content\/uploads\/2023\/11\/teilraeume-positiv.svg&#8221; align=&#8221;center&#8221; force_fullwidth=&#8221;on&#8221; _builder_version=&#8221;4.23.1&#8243; _module_preset=&#8221;default&#8221; global_colors_info=&#8221;{}&#8221;][\/et_pb_image][\/et_pb_column][\/et_pb_row][\/et_pb_section][et_pb_section fb_built=&#8221;1&#8243; _builder_version=&#8221;4.23.1&#8243; _module_preset=&#8221;default&#8221; global_colors_info=&#8221;{}&#8221;][et_pb_row _builder_version=&#8221;4.23.1&#8243; _module_preset=&#8221;default&#8221; global_colors_info=&#8221;{}&#8221;][et_pb_column type=&#8221;4_4&#8243; _builder_version=&#8221;4.23.1&#8243; _module_preset=&#8221;default&#8221; global_colors_info=&#8221;{}&#8221;][et_pb_image src=&#8221;https:\/\/standort-niederrhein.de\/wp-content\/uploads\/2023\/11\/denken-sie-denken-sie.svg&#8221; alt=&#8221;DENKEN SIE&#8221; align=&#8221;center&#8221; _builder_version=&#8221;4.23.1&#8243; _module_preset=&#8221;default&#8221; width=&#8221;80%&#8221; max_width=&#8221;150px&#8221; custom_margin=&#8221;||0px||false|false&#8221; global_colors_info=&#8221;{}&#8221;][\/et_pb_image][et_pb_slider show_arrows=&#8221;off&#8221; show_pagination=&#8221;off&#8221; module_class=&#8221;slider-denken-sie&#8221; _builder_version=&#8221;4.23.1&#8243; _module_preset=&#8221;default&#8221; background_color=&#8221;RGBA(255,255,255,0)&#8221; custom_margin=&#8221;||0px||false|false&#8221; auto=&#8221;on&#8221; auto_speed=&#8221;3000&#8243; auto_ignore_hover=&#8221;on&#8221; custom_css_free_form=&#8221;.slider-denken-sie .et-pb-active-slide .et_pb_slide_image {||  -webkit-animation-name: fadeIn !important;||  animation-name: fadeIn !important;||}||||.slider-denken-sie .et_pb_slide:first-child .et_pb_slide_image img.active {||  -webkit-animation-name: fadeIn !important;||  animation-name: fadeIn !important;||}||||.slider-denken-sie .et_pb_slide {||  padding: 0;||}||||.slider-denken-sie .et_pb_slide_description {||  display: none;||}||||.slider-denken-sie .et_pb_slide_image, .et_pb_slide_video {||  position: relative;||  width: 100%;||  margin: 0 !important;||}||||.slider-denken-sie .et_pb_slide_image img {||  width: 100%;||  height: auto;||  max-height: none !important;||}&#8221; global_colors_info=&#8221;{}&#8221;][et_pb_slide image=&#8221;https:\/\/standort-niederrhein.de\/wp-content\/uploads\/2023\/11\/denken-sie-gross-1.svg&#8221; admin_title=&#8221;GROSS&#8221; _builder_version=&#8221;4.23.1&#8243; _module_preset=&#8221;default&#8221; global_colors_info=&#8221;{}&#8221; sticky_transition=&#8221;on&#8221;][\/et_pb_slide][et_pb_slide image=&#8221;https:\/\/standort-niederrhein.de\/wp-content\/uploads\/2023\/11\/denken-sie-welt-1.svg&#8221; admin_title=&#8221;WELT&#8221; _builder_version=&#8221;4.23.1&#8243; _module_preset=&#8221;default&#8221; global_colors_info=&#8221;{}&#8221; sticky_transition=&#8221;on&#8221;][\/et_pb_slide][et_pb_slide image=&#8221;https:\/\/standort-niederrhein.de\/wp-content\/uploads\/2023\/11\/denken-sie-stadt-1.svg&#8221; admin_title=&#8221;STADT&#8221; _builder_version=&#8221;4.23.1&#8243; _module_preset=&#8221;default&#8221; global_colors_info=&#8221;{}&#8221; sticky_transition=&#8221;on&#8221;][\/et_pb_slide][et_pb_slide image=&#8221;https:\/\/standort-niederrhein.de\/wp-content\/uploads\/2023\/11\/denken-sie-buero-1.svg&#8221; admin_title=&#8221;B\u00dcRO&#8221; _builder_version=&#8221;4.23.1&#8243; _module_preset=&#8221;default&#8221; global_colors_info=&#8221;{}&#8221; sticky_transition=&#8221;on&#8221;][\/et_pb_slide][et_pb_slide image=&#8221;https:\/\/standort-niederrhein.de\/wp-content\/uploads\/2023\/11\/denken-sie-gruen-1.svg&#8221; admin_title=&#8221;GR\u00dcN&#8221; _builder_version=&#8221;4.23.1&#8243; _module_preset=&#8221;default&#8221; global_colors_info=&#8221;{}&#8221; sticky_transition=&#8221;on&#8221;][\/et_pb_slide][\/et_pb_slider][et_pb_image src=&#8221;https:\/\/standort-niederrhein.de\/wp-content\/uploads\/2023\/11\/denken-sie-aber-wo.svg&#8221; alt=&#8221;! ABER WO?&#8221; align=&#8221;center&#8221; _builder_version=&#8221;4.23.1&#8243; _module_preset=&#8221;default&#8221; width=&#8221;80%&#8221; max_width=&#8221;150px&#8221; custom_margin=&#8221;0px||||false|false&#8221; global_colors_info=&#8221;{}&#8221;][\/et_pb_image][\/et_pb_column][\/et_pb_row][\/et_pb_section][et_pb_section fb_built=&#8221;1&#8243; admin_label=&#8221;Ansprechpartner&#8221; _builder_version=&#8221;4.21.0&#8243; _module_preset=&#8221;default&#8221; locked=&#8221;off&#8221; global_colors_info=&#8221;{}&#8221;][et_pb_row _builder_version=&#8221;4.21.0&#8243; _module_preset=&#8221;default&#8221; global_colors_info=&#8221;{}&#8221;][et_pb_column type=&#8221;4_4&#8243; _builder_version=&#8221;4.21.0&#8243; _module_preset=&#8221;default&#8221; global_colors_info=&#8221;{}&#8221;][et_pb_text _builder_version=&#8221;4.27.0&#8243; _module_preset=&#8221;default&#8221; header_2_font=&#8221;|||on|||||&#8221; header_2_font_size=&#8221;1.5rem&#8221; text_orientation=&#8221;center&#8221; max_width=&#8221;720px&#8221; module_alignment=&#8221;center&#8221; content_en_us=&#8221;<\/p>\n<h2>Your contact persons<\/h2>\n<p><span>Standort Niederrhein GmbH provides data, analyses and information about the Lower Rhine as a business location and is the first point of contact for investors and companies interested in the Lower Rhine as a location. Use us as your information platform for your business in the Lower Rhine.<\/span><\/p>\n<p>&#8221; global_colors_info=&#8221;{}&#8221;]<\/p>\n<h2 style=\"font-weight: 800;\">Standort Niederrhein<\/h2>\n<p>[\/et_pb_text][et_pb_text _builder_version=&#8221;4.27.0&#8243; _module_preset=&#8221;default&#8221; text_orientation=&#8221;center&#8221; max_width=&#8221;720px&#8221; module_alignment=&#8221;center&#8221; content_en_us=&#8221;<\/p>\n<h2>Your contact persons<\/h2>\n<p><span>Standort Niederrhein GmbH provides data, analyses and information about the Lower Rhine as a business location and is the first point of contact for investors and companies interested in the Lower Rhine as a location. Use us as your information platform for your business in the Lower Rhine.<\/span><\/p>\n<p>&#8221; global_colors_info=&#8221;{}&#8221;]Unternehmen brauchen Freir\u00e4ume. Wollen sich ausbreiten. Wollen wachsen. Oder so bleiben wie sie sind. Nur eben woanders. An einem anderen Standort. Wir bieten Ihnen nicht nur die passenden Freifl\u00e4chen, sondern auch eine Denke der kurzen Wege: Nur wenige Kilometer bis in die Metropolen Nordrhein-Westfalens D\u00fcsseldorf oder K\u00f6ln. In unter einer Stunde ins Ruhrgebiet sowie in die benachbarten Beneluxstaaten Niederlande und Belgien. Der Niederrhein ist ein Wirtschaftsstandort zum Niederknien und im wahrsten Sinne des Wortes Naheliegend. Welches Business Sie auch ansiedeln wollen, bei uns sind Ihre M\u00f6glichkeiten nahezu grenzenlos! Schauen Sie sich gerne um. Wir finden einen \u2013 nein \u2013 den k\u00fcrzesten Weg. Kommen Sie einfach auf uns zu![\/et_pb_text][et_pb_text _builder_version=&#8221;4.23.1&#8243; _module_preset=&#8221;default&#8221; text_orientation=&#8221;center&#8221; max_width=&#8221;720px&#8221; module_alignment=&#8221;center&#8221; content_en_us=&#8221;<\/p>\n<h2>Your contact persons<\/h2>\n<p><span>Standort Niederrhein GmbH provides data, analyses and information about the Lower Rhine as a business location and is the first point of contact for investors and companies interested in the Lower Rhine as a location. Use us as your information platform for your business in the Lower Rhine.<\/span><\/p>\n<p>&#8221; global_colors_info=&#8221;{}&#8221;]<\/p>\n<p>Standort Niederrhein GmbH<br \/><a href=\"mailto:info@standort-niederrhein.de\">info@standort-niederrhein.de<\/a><br \/>+49 2131.92 68 591<\/p>\n<p>[\/et_pb_text][\/et_pb_column][\/et_pb_row][\/et_pb_section][et_pb_section fb_built=&#8221;1&#8243; admin_label=&#8221;Ansprechpartner&#8221; _builder_version=&#8221;4.23.1&#8243; _module_preset=&#8221;default&#8221; custom_padding=&#8221;|48px|0px|48px|false|true&#8221; locked=&#8221;off&#8221; global_colors_info=&#8221;{}&#8221;][et_pb_row _builder_version=&#8221;4.21.0&#8243; _module_preset=&#8221;default&#8221; global_colors_info=&#8221;{}&#8221;][et_pb_column type=&#8221;4_4&#8243; _builder_version=&#8221;4.21.0&#8243; _module_preset=&#8221;default&#8221; global_colors_info=&#8221;{}&#8221;][et_pb_text _builder_version=&#8221;4.23.1&#8243; _module_preset=&#8221;default&#8221; text_orientation=&#8221;center&#8221; max_width=&#8221;720px&#8221; module_alignment=&#8221;center&#8221; custom_margin=&#8221;||||false|false&#8221; custom_padding=&#8221;||||false|false&#8221; content_en_us=&#8221;<\/p>\n<h2>Your contact persons<\/h2>\n<p><span>Standort Niederrhein GmbH provides data, analyses and information about the Lower Rhine as a business location and is the first point of contact for investors and companies interested in the Lower Rhine as a location. Use us as your information platform for your business in the Lower Rhine.<\/span><\/p>\n<p>&#8221; global_colors_info=&#8221;{}&#8221;]<\/p>\n<h3>Weitere Informationen zum Standort Niederrhein<\/h3>\n<p>[\/et_pb_text][\/et_pb_column][\/et_pb_row][\/et_pb_section][et_pb_section fb_built=&#8221;1&#8243; admin_label=&#8221;Downloads&#8221; _builder_version=&#8221;4.23.1&#8243; _module_preset=&#8221;default&#8221; background_image=&#8221;https:\/\/standort-niederrhein.de\/wp-content\/uploads\/2023\/11\/downloads-bg-02-scaled.jpg&#8221; parallax=&#8221;on&#8221; saved_tabs=&#8221;all&#8221; locked=&#8221;off&#8221; global_colors_info=&#8221;{}&#8221; global_module=&#8221;2788&#8243; theme_builder_area=&#8221;post_content&#8221;][et_pb_row column_structure=&#8221;1_3,1_3,1_3&#8243; make_equal=&#8221;on&#8221; _builder_version=&#8221;4.23.1&#8243; _module_preset=&#8221;default&#8221; global_colors_info=&#8221;{}&#8221; theme_builder_area=&#8221;post_content&#8221;][et_pb_column type=&#8221;1_3&#8243; _builder_version=&#8221;4.23.1&#8243; _module_preset=&#8221;default&#8221; custom_css_main_element=&#8221;display: flex;||flex-direction: column;&#8221; global_colors_info=&#8221;{}&#8221; theme_builder_area=&#8221;post_content&#8221;][et_pb_blurb title=&#8221;Imagebrosch\u00fcre&#8221; image=&#8221;https:\/\/standort-niederrhein.de\/wp-content\/uploads\/2023\/11\/broschuere-image-2023.png&#8221; _builder_version=&#8221;4.25.0&#8243; _module_preset=&#8221;default&#8221; header_text_color=&#8221;#EEEDED&#8221; body_text_color=&#8221;#EEEDED&#8221; link_option_url=&#8221;\/files\/imagebroschuere.pdf&#8221; link_option_url_new_window=&#8221;on&#8221; custom_css_blurb_image=&#8221;filter: drop-shadow(0 0 0.75rem rgba(0,0,0,.3));&#8221; title_en_us=&#8221;Image brochure&#8221; content_en_us=&#8221;<\/p>\n<p>The Niederrhine Region \u2013 that&#8217;s a neat sum of competitive investment conditions plus high-performance infrastructure on land, at sea and in the air as well as a central close-to-market location plus a high quality of life. These conditions have created a robust economic structure with creative, innovative and globally marketable companies. Get to know the Niederrhine Region.<\/p>\n<p>&#8221; global_colors_info=&#8221;{}&#8221; theme_builder_area=&#8221;post_content&#8221;]<\/p>\n<p>Der Standort Niederrhein \u2013 das ist eine ordentliche Summe aus wettbewerbsf\u00e4higen Invest-Konditionen plus leistungsstarker Infrastruktur zu Lande, zu Wasser und in der Luft sowie marktnaher Zentrallage plus hoher Lebensqualit\u00e4t. Diese Rahmenbedingungen haben eine robuste Wirtschaftsstruktur geschaffen mit kreativen, innovativen und weltmarktf\u00e4higen Unternehmen. Lernen Sie den Standort Niederrhein n\u00e4her kennen.<\/p>\n<p>[\/et_pb_blurb][et_pb_text _builder_version=&#8221;4.25.1&#8243; _module_preset=&#8221;default&#8221; text_font=&#8221;||||||||&#8221; text_text_color=&#8221;#FFFFFF&#8221; background_color=&#8221;#FE5000&#8243; custom_margin=&#8221;||||false|false&#8221; custom_padding=&#8221;16px|16px|16px|16px|true|true&#8221; link_option_url=&#8221;\/files\/imagebroschuere.pdf&#8221; link_option_url_new_window=&#8221;on&#8221; custom_css_main_element=&#8221; margin-top: auto;&#8221; content_en_us=&#8221;<\/p>\n<p><strong>Image brochure (D\/EN)<\/strong><br \/><span class=%22et-pb-icon%22 style=%22font-size: 1rem;%22>\ue092<\/span> Download (7,4 MB)<\/p>\n<p>&#8221; border_radii=&#8221;on|16px|16px|16px|16px&#8221; global_colors_info=&#8221;{}&#8221; transform_styles__hover_enabled=&#8221;on|hover&#8221; transform_scale__hover_enabled=&#8221;on|hover&#8221; transform_translate__hover_enabled=&#8221;on|desktop&#8221; transform_rotate__hover_enabled=&#8221;on|desktop&#8221; transform_skew__hover_enabled=&#8221;on|desktop&#8221; transform_origin__hover_enabled=&#8221;on|desktop&#8221; transform_scale__hover=&#8221;110%|110%&#8221; theme_builder_area=&#8221;post_content&#8221;]<\/p>\n<p><strong>Imagebrosch\u00fcre (D\/EN)<\/strong><br \/><span class=\"et-pb-icon\" style=\"font-size: 1rem;\">\ue092<\/span> Download<\/p>\n<p>[\/et_pb_text][\/et_pb_column][et_pb_column type=&#8221;1_3&#8243; _builder_version=&#8221;4.23.1&#8243; _module_preset=&#8221;default&#8221; custom_css_main_element=&#8221;display: flex;||flex-direction: column;&#8221; global_colors_info=&#8221;{}&#8221; theme_builder_area=&#8221;post_content&#8221;][et_pb_blurb title=&#8221;Immobilienguide 2024\/2025&#8243; image=&#8221;https:\/\/standort-niederrhein.de\/wp-content\/uploads\/2024\/09\/broschuere-immo-2024.png&#8221; _builder_version=&#8221;4.27.0&#8243; _module_preset=&#8221;default&#8221; header_text_color=&#8221;#EEEDED&#8221; body_text_color=&#8221;#EEEDED&#8221; link_option_url=&#8221;\/files\/immobilienguide.pdf&#8221; link_option_url_new_window=&#8221;on&#8221; custom_css_blurb_image=&#8221;filter: drop-shadow(0 0 0.75rem rgba(0,0,0,.3));&#8221; title_en_us=&#8221;Real Estate Guide 2024\/2025&#8243; content_en_us=&#8221;<\/p>\n<p>There is still space in the Niederrhein Region. The Real Estate Guide 2024\/2025 presents 76 projects that show a cross-section of the current range of properties for office, commercial, industrial, retail and residential use.<\/p>\n<p>&#8221; global_colors_info=&#8221;{}&#8221; theme_builder_area=&#8221;post_content&#8221;]<\/p>\n<p><span data-teams=\"true\"><span class=\"ui-provider a b c d e f g h i j k l m n o p q r s t u v w x y z ab ac ae af ag ah ai aj ak\" dir=\"ltr\">Der Standort Niederrhein hat Platz. Die Ausgabe 2024\/2025 des Immobilienguide stellt 76 Projekte vor, die einen Querschnitt durch das aktuelle Angebot an Grundst\u00fccken und Objekten f\u00fcr B\u00fcro, Gewerbe, Industrie, Einzelhandel und Wohnen bilden.<\/span><\/span><\/p>\n<p>[\/et_pb_blurb][et_pb_text _builder_version=&#8221;4.27.0&#8243; _module_preset=&#8221;default&#8221; text_font=&#8221;||||||||&#8221; text_text_color=&#8221;#FFFFFF&#8221; background_color=&#8221;#FE5000&#8243; custom_margin=&#8221;||||false|false&#8221; custom_padding=&#8221;16px|16px|16px|16px|true|true&#8221; link_option_url=&#8221;\/files\/immobilienguide.pdf&#8221; link_option_url_new_window=&#8221;on&#8221; custom_css_main_element=&#8221; margin-top: auto;&#8221; content_en_us=&#8221;<\/p>\n<p><strong>Real Estate Guide 2024\/2025 (D\/EN)<\/strong><br \/><span class=%22et-pb-icon%22 style=%22font-size: 1rem;%22>\ue092<\/span> Download<\/p>\n<p>&#8221; border_radii=&#8221;on|16px|16px|16px|16px&#8221; global_colors_info=&#8221;{}&#8221; transform_styles__hover_enabled=&#8221;on|hover&#8221; transform_scale__hover_enabled=&#8221;on|hover&#8221; transform_translate__hover_enabled=&#8221;on|desktop&#8221; transform_rotate__hover_enabled=&#8221;on|desktop&#8221; transform_skew__hover_enabled=&#8221;on|desktop&#8221; transform_origin__hover_enabled=&#8221;on|desktop&#8221; transform_scale__hover=&#8221;110%|110%&#8221; theme_builder_area=&#8221;post_content&#8221;]<\/p>\n<p><strong>Immobilienguide 2024\/2025 (D\/EN)<\/strong><br \/><span class=\"et-pb-icon\" style=\"font-size: 1rem;\">\ue092<\/span> Download<\/p>\n<p>[\/et_pb_text][\/et_pb_column][et_pb_column type=&#8221;1_3&#8243; _builder_version=&#8221;4.23.1&#8243; _module_preset=&#8221;default&#8221; custom_css_main_element=&#8221;display: flex;||flex-direction: column;&#8221; global_colors_info=&#8221;{}&#8221; theme_builder_area=&#8221;post_content&#8221;][et_pb_blurb title=&#8221;Marktbericht 2024&#8243; image=&#8221;https:\/\/standort-niederrhein.de\/wp-content\/uploads\/2024\/09\/broschuere-markt-2024.png&#8221; _builder_version=&#8221;4.27.0&#8243; _module_preset=&#8221;default&#8221; header_text_color=&#8221;#EEEDED&#8221; body_text_color=&#8221;#EEEDED&#8221; link_option_url=&#8221;\/files\/marktbericht.pdf&#8221; link_option_url_new_window=&#8221;on&#8221; custom_css_blurb_image=&#8221;filter: drop-shadow(0 0 0.75rem rgba(0,0,0,.3));&#8221; title_en_us=&#8221;Market Report 2024&#8243; content_en_us=&#8221;<\/p>\n<p>The newest \u201eNiederrhein Region Market Report\u201c has been produced in cooperation with the market research company bulwiengesa AG. The updated market report provides investors, market participants, owner-occupiers and tenants with a solid foundation for safe and correct real estate decisions.<\/p>\n<p>&#8221; global_colors_info=&#8221;{}&#8221; theme_builder_area=&#8221;post_content&#8221;]<\/p>\n<p>In Zusammenarbeit mit dem Marktforschungsunternehmen bulwiengesa AG wurde nunmehr der sechste \u201eStandort Niederrhein Marktbericht\u201c erstellt. Mit dem aktualisierten Marktbericht erhalten Investoren, Marktteilnehmer, Eigennutzer und Mieter eine gute Grundlage f\u00fcr sichere und richtige Immobilien-Entscheidungen.<\/p>\n<p>[\/et_pb_blurb][et_pb_text _builder_version=&#8221;4.27.0&#8243; _module_preset=&#8221;default&#8221; text_font=&#8221;||||||||&#8221; text_text_color=&#8221;#FFFFFF&#8221; background_color=&#8221;#FE5000&#8243; custom_margin=&#8221;||||false|false&#8221; custom_padding=&#8221;16px|16px|16px|16px|true|true&#8221; link_option_url=&#8221;\/files\/marktbericht.pdf&#8221; link_option_url_new_window=&#8221;on&#8221; custom_css_main_element=&#8221; margin-top: auto;&#8221; content_en_us=&#8221;<\/p>\n<p><strong>Market Report 2024 (D\/EN)<\/strong><br \/><span class=%22et-pb-icon%22 style=%22font-size: 1rem;%22>\ue092<\/span> Download<\/p>\n<p>&#8221; border_radii=&#8221;on|16px|16px|16px|16px&#8221; global_colors_info=&#8221;{}&#8221; transform_styles__hover_enabled=&#8221;on|hover&#8221; transform_scale__hover_enabled=&#8221;on|hover&#8221; transform_translate__hover_enabled=&#8221;on|desktop&#8221; transform_rotate__hover_enabled=&#8221;on|desktop&#8221; transform_skew__hover_enabled=&#8221;on|desktop&#8221; transform_origin__hover_enabled=&#8221;on|desktop&#8221; transform_scale__hover=&#8221;110%|110%&#8221; theme_builder_area=&#8221;post_content&#8221;]<\/p>\n<p><strong>Marktbericht 2024 (D\/EN)<\/strong><br \/><span class=\"et-pb-icon\" style=\"font-size: 1rem;\">\ue092<\/span> Download<\/p>\n<p>[\/et_pb_text][\/et_pb_column][\/et_pb_row][\/et_pb_section][et_pb_section fb_built=&#8221;1&#8243; _builder_version=&#8221;4.23.1&#8243; _module_preset=&#8221;default&#8221; global_colors_info=&#8221;{}&#8221;][et_pb_row column_structure=&#8221;1_4,1_4,1_4,1_4&#8243; use_custom_gutter=&#8221;on&#8221; gutter_width=&#8221;2&#8243; make_equal=&#8221;on&#8221; module_class=&#8221;ds-kb&#8221; _builder_version=&#8221;4.25.0&#8243; _module_preset=&#8221;default&#8221; custom_css_free_form=&#8221;.ds-kb h4 {||  padding: 0;||  margin: 0;||}&#8221; global_colors_info=&#8221;{}&#8221;][et_pb_column type=&#8221;1_4&#8243; _builder_version=&#8221;4.25.0&#8243; _module_preset=&#8221;default&#8221; background_color=&#8221;#FE5000&#8243; custom_padding=&#8221;32px|32px|32px|32px|true|true&#8221; link_option_url=&#8221;\/kernbranchen\/#agrarbusiness&#8221; border_radii=&#8221;on|16px|16px|16px|16px&#8221; global_colors_info=&#8221;{}&#8221; background__hover_enabled=&#8221;off|desktop&#8221; background_color__hover=&#8221;#FFAD7E&#8221; background_enable_color__hover=&#8221;on&#8221; transform_styles__hover_enabled=&#8221;on|hover&#8221; transform_scale__hover_enabled=&#8221;on|hover&#8221; transform_translate__hover_enabled=&#8221;on|desktop&#8221; transform_rotate__hover_enabled=&#8221;on|desktop&#8221; transform_skew__hover_enabled=&#8221;on|desktop&#8221; transform_origin__hover_enabled=&#8221;on|desktop&#8221; transform_scale__hover=&#8221;110%|110%&#8221;][dsm_lottie lottie_url=&#8221;\/wp-content\/uploads\/2023\/07\/agrar.json&#8221; lottie_play_on_hover=&#8221;on&#8221; _builder_version=&#8221;4.23.1&#8243; _module_preset=&#8221;8cb2412b-ae5b-47e8-92c2-fa9b229e7efe&#8221; global_colors_info=&#8221;{}&#8221;][\/dsm_lottie][et_pb_text _builder_version=&#8221;4.23.1&#8243; _module_preset=&#8221;default&#8221; header_4_text_color=&#8221;#FFFFFF&#8221; text_orientation=&#8221;center&#8221; custom_margin=&#8221;||||false|false&#8221; custom_padding=&#8221;||||false|false&#8221; global_colors_info=&#8221;{}&#8221;]<\/p>\n<h4>Agrobusiness<\/h4>\n<p>[\/et_pb_text][\/et_pb_column][et_pb_column type=&#8221;1_4&#8243; _builder_version=&#8221;4.25.0&#8243; _module_preset=&#8221;default&#8221; background_color=&#8221;#FE5000&#8243; custom_padding=&#8221;32px|32px|32px|32px|true|true&#8221; link_option_url=&#8221;\/kernbranchen\/#chemie&#8221; border_radii=&#8221;on|16px|16px|16px|16px&#8221; global_colors_info=&#8221;{}&#8221; background__hover_enabled=&#8221;off|desktop&#8221; background_color__hover=&#8221;#FFAD7E&#8221; background_enable_color__hover=&#8221;on&#8221; transform_styles__hover_enabled=&#8221;on|hover&#8221; transform_scale__hover_enabled=&#8221;on|hover&#8221; transform_translate__hover_enabled=&#8221;on|desktop&#8221; transform_rotate__hover_enabled=&#8221;on|desktop&#8221; transform_skew__hover_enabled=&#8221;on|desktop&#8221; transform_origin__hover_enabled=&#8221;on|desktop&#8221; transform_scale__hover=&#8221;110%|110%&#8221;][dsm_lottie lottie_url=&#8221;\/wp-content\/uploads\/2023\/07\/chemie.json&#8221; lottie_play_on_hover=&#8221;on&#8221; _builder_version=&#8221;4.23.1&#8243; _module_preset=&#8221;8cb2412b-ae5b-47e8-92c2-fa9b229e7efe&#8221; global_colors_info=&#8221;{}&#8221;][\/dsm_lottie][et_pb_text _builder_version=&#8221;4.23.1&#8243; _module_preset=&#8221;default&#8221; header_4_text_color=&#8221;#FFFFFF&#8221; text_orientation=&#8221;center&#8221; global_colors_info=&#8221;{}&#8221;]<\/p>\n<h4>Chemie<\/h4>\n<p>[\/et_pb_text][\/et_pb_column][et_pb_column type=&#8221;1_4&#8243; _builder_version=&#8221;4.25.0&#8243; _module_preset=&#8221;default&#8221; background_color=&#8221;#FE5000&#8243; custom_padding=&#8221;32px|32px|32px|32px|true|true&#8221; link_option_url=&#8221;\/kernbranchen\/#elektrotechnik&#8221; border_radii=&#8221;on|16px|16px|16px|16px&#8221; global_colors_info=&#8221;{}&#8221; background__hover_enabled=&#8221;off|desktop&#8221; background_color__hover=&#8221;#FFAD7E&#8221; background_enable_color__hover=&#8221;on&#8221; transform_styles__hover_enabled=&#8221;on|hover&#8221; transform_scale__hover_enabled=&#8221;on|hover&#8221; transform_translate__hover_enabled=&#8221;on|desktop&#8221; transform_rotate__hover_enabled=&#8221;on|desktop&#8221; transform_skew__hover_enabled=&#8221;on|desktop&#8221; transform_origin__hover_enabled=&#8221;on|desktop&#8221; transform_scale__hover=&#8221;110%|110%&#8221;][dsm_lottie lottie_url=&#8221;\/wp-content\/uploads\/2023\/07\/elektronik.json&#8221; lottie_play_on_hover=&#8221;on&#8221; _builder_version=&#8221;4.23.1&#8243; _module_preset=&#8221;8cb2412b-ae5b-47e8-92c2-fa9b229e7efe&#8221; global_colors_info=&#8221;{}&#8221;][\/dsm_lottie][et_pb_text _builder_version=&#8221;4.23.1&#8243; _module_preset=&#8221;default&#8221; header_4_text_color=&#8221;#FFFFFF&#8221; text_orientation=&#8221;center&#8221; global_colors_info=&#8221;{}&#8221;]<\/p>\n<h4>Elektrotechnik<\/h4>\n<p>[\/et_pb_text][\/et_pb_column][et_pb_column type=&#8221;1_4&#8243; _builder_version=&#8221;4.25.0&#8243; _module_preset=&#8221;default&#8221; background_color=&#8221;#FE5000&#8243; custom_padding=&#8221;32px|32px|32px|32px|true|true&#8221; link_option_url=&#8221;\/kernbranchen\/#energie&#8221; border_radii=&#8221;on|16px|16px|16px|16px&#8221; global_colors_info=&#8221;{}&#8221; background__hover_enabled=&#8221;off|desktop&#8221; background_color__hover=&#8221;#FFAD7E&#8221; background_enable_color__hover=&#8221;on&#8221; transform_styles__hover_enabled=&#8221;on|hover&#8221; transform_scale__hover_enabled=&#8221;on|hover&#8221; transform_translate__hover_enabled=&#8221;on|desktop&#8221; transform_rotate__hover_enabled=&#8221;on|desktop&#8221; transform_skew__hover_enabled=&#8221;on|desktop&#8221; transform_origin__hover_enabled=&#8221;on|desktop&#8221; transform_scale__hover=&#8221;110%|110%&#8221;][dsm_lottie lottie_url=&#8221;\/wp-content\/uploads\/2023\/07\/energie.json&#8221; lottie_play_on_hover=&#8221;on&#8221; _builder_version=&#8221;4.23.1&#8243; _module_preset=&#8221;8cb2412b-ae5b-47e8-92c2-fa9b229e7efe&#8221; global_colors_info=&#8221;{}&#8221;][\/dsm_lottie][et_pb_text _builder_version=&#8221;4.23.1&#8243; _module_preset=&#8221;default&#8221; header_4_text_color=&#8221;#FFFFFF&#8221; text_orientation=&#8221;center&#8221; global_colors_info=&#8221;{}&#8221;]<\/p>\n<h4>Energie<\/h4>\n<p>[\/et_pb_text][\/et_pb_column][\/et_pb_row][et_pb_row column_structure=&#8221;1_4,1_4,1_4,1_4&#8243; use_custom_gutter=&#8221;on&#8221; gutter_width=&#8221;2&#8243; make_equal=&#8221;on&#8221; module_class=&#8221;ds-kb&#8221; _builder_version=&#8221;4.25.0&#8243; _module_preset=&#8221;default&#8221; custom_css_free_form=&#8221;.ds-kb h4 {||  padding: 0;||  margin: 0;||}&#8221; global_colors_info=&#8221;{}&#8221;][et_pb_column type=&#8221;1_4&#8243; _builder_version=&#8221;4.25.0&#8243; _module_preset=&#8221;default&#8221; background_color=&#8221;#FE5000&#8243; custom_padding=&#8221;32px|32px|32px|32px|true|true&#8221; link_option_url=&#8221;\/kernbranchen\/#logistik&#8221; border_radii=&#8221;on|16px|16px|16px|16px&#8221; global_colors_info=&#8221;{}&#8221; background__hover_enabled=&#8221;off|desktop&#8221; background_color__hover=&#8221;#FFAD7E&#8221; background_enable_color__hover=&#8221;on&#8221; transform_styles__hover_enabled=&#8221;on|hover&#8221; transform_scale__hover_enabled=&#8221;on|hover&#8221; transform_translate__hover_enabled=&#8221;on|desktop&#8221; transform_rotate__hover_enabled=&#8221;on|desktop&#8221; transform_skew__hover_enabled=&#8221;on|desktop&#8221; transform_origin__hover_enabled=&#8221;on|desktop&#8221; transform_scale__hover=&#8221;110%|110%&#8221;][dsm_lottie lottie_url=&#8221;\/wp-content\/uploads\/2023\/11\/logistik.json&#8221; lottie_play_on_hover=&#8221;on&#8221; _builder_version=&#8221;4.25.0&#8243; _module_preset=&#8221;8cb2412b-ae5b-47e8-92c2-fa9b229e7efe&#8221; global_colors_info=&#8221;{}&#8221;][\/dsm_lottie][et_pb_text _builder_version=&#8221;4.25.0&#8243; _module_preset=&#8221;default&#8221; header_4_text_color=&#8221;#FFFFFF&#8221; text_orientation=&#8221;center&#8221; custom_margin=&#8221;||||false|false&#8221; custom_padding=&#8221;||||false|false&#8221; global_colors_info=&#8221;{}&#8221;]<\/p>\n<h4>Logistik<\/h4>\n<p>[\/et_pb_text][\/et_pb_column][et_pb_column type=&#8221;1_4&#8243; _builder_version=&#8221;4.25.0&#8243; _module_preset=&#8221;default&#8221; background_color=&#8221;#FE5000&#8243; custom_padding=&#8221;32px|32px|32px|32px|true|true&#8221; link_option_url=&#8221;\/kernbranchen\/#maschinenbau&#8221; border_radii=&#8221;on|16px|16px|16px|16px&#8221; global_colors_info=&#8221;{}&#8221; background__hover_enabled=&#8221;off|desktop&#8221; background_color__hover=&#8221;#FFAD7E&#8221; background_enable_color__hover=&#8221;on&#8221; transform_styles__hover_enabled=&#8221;on|hover&#8221; transform_scale__hover_enabled=&#8221;on|hover&#8221; transform_translate__hover_enabled=&#8221;on|desktop&#8221; transform_rotate__hover_enabled=&#8221;on|desktop&#8221; transform_skew__hover_enabled=&#8221;on|desktop&#8221; transform_origin__hover_enabled=&#8221;on|desktop&#8221; transform_scale__hover=&#8221;110%|110%&#8221;][dsm_lottie lottie_url=&#8221;\/wp-content\/uploads\/2023\/11\/zahnraeder.json&#8221; lottie_play_on_hover=&#8221;on&#8221; _builder_version=&#8221;4.25.0&#8243; _module_preset=&#8221;8cb2412b-ae5b-47e8-92c2-fa9b229e7efe&#8221; global_colors_info=&#8221;{}&#8221;][\/dsm_lottie][et_pb_text _builder_version=&#8221;4.25.0&#8243; _module_preset=&#8221;default&#8221; header_4_text_color=&#8221;#FFFFFF&#8221; text_orientation=&#8221;center&#8221; global_colors_info=&#8221;{}&#8221;]<\/p>\n<h4>Maschinenbau<\/h4>\n<p>[\/et_pb_text][\/et_pb_column][et_pb_column type=&#8221;1_4&#8243; _builder_version=&#8221;4.25.0&#8243; _module_preset=&#8221;default&#8221; background_color=&#8221;#FE5000&#8243; custom_padding=&#8221;32px|32px|32px|32px|true|true&#8221; link_option_url=&#8221;\/kernbranchen\/#textil&#8221; border_radii=&#8221;on|16px|16px|16px|16px&#8221; global_colors_info=&#8221;{}&#8221; background__hover_enabled=&#8221;off|desktop&#8221; background_color__hover=&#8221;#FFAD7E&#8221; background_enable_color__hover=&#8221;on&#8221; transform_styles__hover_enabled=&#8221;on|hover&#8221; transform_scale__hover_enabled=&#8221;on|hover&#8221; transform_translate__hover_enabled=&#8221;on|desktop&#8221; transform_rotate__hover_enabled=&#8221;on|desktop&#8221; transform_skew__hover_enabled=&#8221;on|desktop&#8221; transform_origin__hover_enabled=&#8221;on|desktop&#8221; transform_scale__hover=&#8221;110%|110%&#8221;][dsm_lottie lottie_url=&#8221;\/wp-content\/uploads\/2023\/11\/textil.json&#8221; lottie_play_on_hover=&#8221;on&#8221; _builder_version=&#8221;4.25.0&#8243; _module_preset=&#8221;8cb2412b-ae5b-47e8-92c2-fa9b229e7efe&#8221; global_colors_info=&#8221;{}&#8221;][\/dsm_lottie][et_pb_text _builder_version=&#8221;4.25.0&#8243; _module_preset=&#8221;default&#8221; header_4_text_color=&#8221;#FFFFFF&#8221; text_orientation=&#8221;center&#8221; global_colors_info=&#8221;{}&#8221;]<\/p>\n<h4>Textil<\/h4>\n<p>[\/et_pb_text][\/et_pb_column][et_pb_column type=&#8221;1_4&#8243; _builder_version=&#8221;4.25.0&#8243; _module_preset=&#8221;default&#8221; background_color=&#8221;#FE5000&#8243; custom_padding=&#8221;32px|32px|32px|32px|true|true&#8221; link_option_url=&#8221;\/kernbranchen\/#tourismus&#8221; border_radii=&#8221;on|16px|16px|16px|16px&#8221; global_colors_info=&#8221;{}&#8221; background__hover_enabled=&#8221;off|desktop&#8221; background_color__hover=&#8221;#FFAD7E&#8221; background_enable_color__hover=&#8221;on&#8221; transform_styles__hover_enabled=&#8221;on|hover&#8221; transform_scale__hover_enabled=&#8221;on|hover&#8221; transform_translate__hover_enabled=&#8221;on|desktop&#8221; transform_rotate__hover_enabled=&#8221;on|desktop&#8221; transform_skew__hover_enabled=&#8221;on|desktop&#8221; transform_origin__hover_enabled=&#8221;on|desktop&#8221; transform_scale__hover=&#8221;110%|110%&#8221;][dsm_lottie lottie_url=&#8221;\/wp-content\/uploads\/2023\/11\/tourismus.json&#8221; lottie_play_on_hover=&#8221;on&#8221; _builder_version=&#8221;4.25.0&#8243; _module_preset=&#8221;8cb2412b-ae5b-47e8-92c2-fa9b229e7efe&#8221; global_colors_info=&#8221;{}&#8221;][\/dsm_lottie][et_pb_text _builder_version=&#8221;4.25.0&#8243; _module_preset=&#8221;default&#8221; header_4_text_color=&#8221;#FFFFFF&#8221; text_orientation=&#8221;center&#8221; global_colors_info=&#8221;{}&#8221;]<\/p>\n<h4>Tourismus<\/h4>\n<p>[\/et_pb_text][\/et_pb_column][\/et_pb_row][\/et_pb_section][et_pb_section fb_built=&#8221;1&#8243; _builder_version=&#8221;4.24.1&#8243; _module_preset=&#8221;default&#8221; background_color=&#8221;#ffdcc9&#8243; global_colors_info=&#8221;{}&#8221;][et_pb_row _builder_version=&#8221;4.23.1&#8243; _module_preset=&#8221;default&#8221; global_colors_info=&#8221;{}&#8221;][et_pb_column type=&#8221;4_4&#8243; _builder_version=&#8221;4.23.1&#8243; _module_preset=&#8221;default&#8221; global_colors_info=&#8221;{}&#8221;][et_pb_slider arrows_custom_color=&#8221;#56514F&#8221; dot_nav_custom_color=&#8221;#56514F&#8221; _builder_version=&#8221;4.23.1&#8243; _module_preset=&#8221;default&#8221; header_text_color=&#8221;#FE5000&#8243; global_colors_info=&#8221;{}&#8221;][et_pb_slide heading=&#8221;Kreis Kleve&#8221; image=&#8221;https:\/\/standort-niederrhein.de\/wp-content\/uploads\/2023\/11\/kle.png&#8221; _builder_version=&#8221;4.23.1&#8243; _module_preset=&#8221;default&#8221; background_color=&#8221;RGBA(255,255,255,0)&#8221; background_enable_color=&#8221;on&#8221; global_colors_info=&#8221;{}&#8221; sticky_transition=&#8221;on&#8221;] Hier im Kreis Kleve sind Sie mittendrin zwischen niederl\u00e4ndischer Randstad und Ballungszentrum Rhein-Ruhr. Drei Autobahnen (A3, A40, A57), der Airport Weeze, das Container-Terminal in Emmerich am Rhein sowie rechts- und linksrheinische Schienenverbindungen sorgen f\u00fcr die n\u00f6tige Erschlie\u00dfung einer Region, die mit 400 Hektar verf\u00fcgbarer Gewerbefl\u00e4che Raum f\u00fcr Investitionen bietet.<\/p>\n<p>Geringe Hebes\u00e4tze sind nur ein Grund daf\u00fcr, dass der Kreis Kleve in den letzten Jahren \u00fcberzeugende Neuansiedlungen verbuchen durfte. Insbesondere in Emmerich am Rhein und in Goch nutzen die Logistiker die N\u00e4he zur Autobahn. In Straelen sieht man dar\u00fcber hinaus die N\u00e4he zum Segment Agribusiness als Motor an. Zum Stichtag 30. Juni 2020 waren insgesamt 103.901 sozialversicherungspflichtig Besch\u00e4ftigte im Kreisgebiet t\u00e4tig \u2013 damit weisen die Daten f\u00fcr den Kreis Kleve einen erneuten H\u00f6chstwert aus.<\/p>\n<p>Zahlreiche Weltmarktf\u00fchrer haben im Kreis Kleve ihr Zuhause und exportieren von hier aus bei einer Exportquote von 48,6\u2009% in die ganze Welt. Dabei zeichnet sich der Kreis Kleve durch eine deutliche N\u00e4he zu seinen niederl\u00e4ndischen Nachbarn aus. Die gemeinsame Grenze ist 140 km lang und bislang f\u00fchlten sich mehr als 700 niederl\u00e4ndische Firmenchefs dazu motiviert, im Kreisgebiet ihren Standort zu realisieren.[\/et_pb_slide][et_pb_slide heading=&#8221;M\u00f6nchengladbach&#8221; image=&#8221;https:\/\/standort-niederrhein.de\/wp-content\/uploads\/2023\/11\/mg.png&#8221; _builder_version=&#8221;4.23.1&#8243; _module_preset=&#8221;default&#8221; background_color=&#8221;RGBA(255,255,255,0)&#8221; background_enable_color=&#8221;on&#8221; global_colors_info=&#8221;{}&#8221; sticky_transition=&#8221;on&#8221;] Mit rund 270.000 Einwohnern ist M\u00f6nchengladbach die gr\u00f6\u00dfte Stadt am Niederrhein. Das Einzugsgebiet erreicht bei einem Radius von 100 Kilometern rund 15 Millionen Menschen. Die positive Standort- und Wirtschaftsentwicklung fu\u00dft auf einem dynamischen und starken Immobilienstandort. Diese Entwicklung zeigt sich z.B. mit der Er\u00f6ffnung des MINTO als \u00fcberregional bedeutsames Shopping Center, der Weiterentwicklung des hochwertigen Business-Parks Nordpark oder der Entwicklung des Regioparks zu einem der Top-Logistikstandorte in Deutschland. Der Hugo Junkers Hangar ist eine neue spektakul\u00e4re Eventfl\u00e4che am Flughafen M\u00f6nchengladbach.<\/p>\n<p>Regelm\u00e4\u00dfig reagiert die Stadt auf aktuelle Tendenzen und Herausforderungen wie soziale Stabilit\u00e4t, Wandel zur Wissensgesellschaft, Klimaschutz und Demografiefestigkeit, etwa mit der Stadtentwicklungsstrategie mg+ Wachsende Stadt. Zur Attraktivit\u00e4tssteigerung und Schaffung neuer Qualit\u00e4ten tragen weiche Standortfaktoren bei, die k\u00fcnftig in Bezug auf Kultur, Wissenschaft, Bildung und Infrastruktur weiter gest\u00e4rkt werden.[\/et_pb_slide][et_pb_slide heading=&#8221;Krefeld&#8221; image=&#8221;https:\/\/standort-niederrhein.de\/wp-content\/uploads\/2023\/11\/kre.png&#8221; _builder_version=&#8221;4.23.1&#8243; _module_preset=&#8221;default&#8221; background_color=&#8221;RGBA(255,255,255,0)&#8221; background_enable_color=&#8221;on&#8221; global_colors_info=&#8221;{}&#8221; sticky_transition=&#8221;on&#8221;]Krefeld liegt im Schnittpunkt der wichtigsten europ\u00e4ischen Wirtschafts- und Wachstumsb\u00e4nder entlang der Rheinschiene und der West-Ost-Verbindungsachse der europ\u00e4ischen Metropolen. Der drittgr\u00f6\u00dfte deutsche Flughafen D\u00fcsseldorf mit Verbindungen zu weltweit \u00fcber 180 Zielen kann \u00fcber die Autobahnen A44 und A57 in nur 20 Minuten angefahren werden. Vom Rheinhafen Krefeld sind die Welth\u00e4fen Rotterdam und Antwerpen per Schiff in nur einem Tag zu erreichen. Die Stadt liegt in der Metropolregion Rheinland und bietet mit der Nachbarschaft zur Landeshauptstadt D\u00fcsseldorf ausgezeichnete Standortvoraussetzungen f\u00fcr national und international agierende Unternehmen.<\/p>\n<p>Krefeld ist lebenswert und familienfreundlich. In Krefeld l\u00e4sst es sich gut wohnen; die Stadt punktet mit zahlreichen Gr\u00fcnfl\u00e4chen und Parkanlagen, einem abwechslungsreichen Kultur- und Freizeitangebot und einer breit gef\u00e4cherten Bildungslandschaft. In der Stadtentwicklung hat Krefeld mit seinem reichhaltigen Bauhaus-Architekturerbe den Anspruch, bei st\u00e4dtischen Projekten und Bauvorhaben privater Investoren und Entwickler den Geist des Bauhaus mit den Aspekten des nachhaltigen und gesunden Bauens zu kombinieren.[\/et_pb_slide][et_pb_slide heading=&#8221; Kreis Viersen&#8221; image=&#8221;https:\/\/standort-niederrhein.de\/wp-content\/uploads\/2023\/11\/vie.png&#8221; _builder_version=&#8221;4.23.1&#8243; _module_preset=&#8221;default&#8221; background_color=&#8221;RGBA(255,255,255,0)&#8221; background_enable_color=&#8221;on&#8221; global_colors_info=&#8221;{}&#8221; sticky_transition=&#8221;on&#8221;]Pulsierendes Leben, intakte Natur: Das ist der Kreis Viersen. Im Herzen Europas gelegen, vor den Toren der Metropole D\u00fcsseldorf, ist er Lebensraum f\u00fcr rund 300.000 Menschen. Mit einer starken Wirtschaft in einer attraktiven Erlebnisregion mit gro\u00dfem Kulturangebot und hohem Freizeitwert. Der Kaufkraftindex liegt bei 101,6, Gewerbesteuerhebes\u00e4tze, Grundst\u00fccks- und Immobilienpreise sind moderat.<\/p>\n<p>Der Kreis Viersen verf\u00fcgt \u00fcber beste Verkehrsanbindungen mit vier Autobahnen, Zugverbindungen ins Ruhrgebiet und die Beneluxstaaten, den Flughafen D\u00fcsseldorf International und die H\u00e4fen an Rhein und Maas. Die Wirtschaft weist einen ausgewogenen Branchenmix auf, sehr gut ausgebaut ist das Hochschulnetz.[\/et_pb_slide][et_pb_slide heading=&#8221;Kreis Wesel&#8221; image=&#8221;https:\/\/standort-niederrhein.de\/wp-content\/uploads\/2023\/11\/wes.png&#8221; _builder_version=&#8221;4.23.1&#8243; _module_preset=&#8221;default&#8221; background_color=&#8221;RGBA(255,255,255,0)&#8221; background_enable_color=&#8221;on&#8221; global_colors_info=&#8221;{}&#8221; sticky_transition=&#8221;on&#8221;]Es ist un\u00fcbersehbar: Die Wirtschaft im Kreis Wesel w\u00e4chst. Die geringe Arbeitslosenquote, aber auch die \u00fcber dem Landesdurchschnitt liegende Exportquote sind Belege daf\u00fcr, dass die Wirtschaft im Kreis gut aufgestellt ist. Gleichzeitig weist der gewerbliche Immobilienmarkt eine hohe Dynamik auf. Besonders der Logistiksektor hat hier die M\u00f6glichkeiten zur Entwicklung ergriffen. Sowohl europ\u00e4ische Logistikzentren als auch E-Commerce-Zentren sind entstanden und festigen weiter die bereits starke Stellung der Logistik im Kreis.<\/p>\n<p>In den letzten Jahren konnten aber auch die Revitalisierung der Innenst\u00e4dte der Kommunen im Kreis vorangetrieben und bedeutende \u00f6ffentliche Bauvorhaben umgesetzt werden. Und die aktuellen Angebote zeigen, dass noch viel Raum f\u00fcr Investitionen ist. Interessant d\u00fcrften vor allem die sieben sog. Kooperationsstandorte mit einer Gesamtgr\u00f6\u00dfe von 442 ha sein, die nun im Regionalplan verankert werden und f\u00fcr gro\u00dffl\u00e4chige Ansiedlungen vorgesehen sind.[\/et_pb_slide][et_pb_slide heading=&#8221;Rhein-Kreis Neuss&#8221; image=&#8221;https:\/\/standort-niederrhein.de\/wp-content\/uploads\/2023\/11\/rkn.png&#8221; _builder_version=&#8221;4.23.1&#8243; _module_preset=&#8221;default&#8221; background_color=&#8221;RGBA(255,255,255,0)&#8221; background_enable_color=&#8221;on&#8221; global_colors_info=&#8221;{}&#8221; sticky_transition=&#8221;on&#8221;]Sieben St\u00e4dte und eine Gemeinde bilden auf einer Fl\u00e4che von 576,42 km\u00b2 mit rund 452.000 Einwohnern eine starke Gemeinschaft.<\/p>\n<p>Gemessen am Bruttoinlandsprodukt pro Kopf ist der Rhein-Kreis Neuss seit Jahren der wirtschaftsst\u00e4rkste Kreis in Nordrhein-Westfalen. Auch im bundes- und landesweiten Vergleich belegt der Rhein-Kreis Neuss Spitzenpositionen. Bereits 29.000 Unternehmen, darunter namhafte Weltkonzerne, sch\u00e4tzen die Standortfaktoren, die hier auf attraktive Lebensbedingungen treffen. Dabei \u00fcberzeugen die internationale Ausrichtung der Wirtschaft, ein attraktives Potenzial von qualifizierten Arbeitskr\u00e4ften sowie eine ausgezeichnete logistische Infrastruktur. Der Neuss-D\u00fcsseldorfer Hafen ist ein Drehkreuz f\u00fcr die weltweite Verteilung von Waren und G\u00fctern. Der Rhein-Kreis Neuss bietet einen ausgewogenen Branchenmix und ist europaweit ein bedeutender Standort der Energie- und Logistikwirtschaft, der Aluminiumverarbeitung, der Nahrungs- und Genussindustrie und der chemischen Industrie.[\/et_pb_slide][\/et_pb_slider][\/et_pb_column][\/et_pb_row][\/et_pb_section][et_pb_section fb_built=&#8221;1&#8243; admin_label=&#8221;Ansprechpartner&#8221; _builder_version=&#8221;4.21.0&#8243; _module_preset=&#8221;default&#8221; locked=&#8221;off&#8221; global_colors_info=&#8221;{}&#8221;][et_pb_row _builder_version=&#8221;4.21.0&#8243; _module_preset=&#8221;default&#8221; global_colors_info=&#8221;{}&#8221;][et_pb_column type=&#8221;4_4&#8243; _builder_version=&#8221;4.21.0&#8243; _module_preset=&#8221;default&#8221; global_colors_info=&#8221;{}&#8221;][et_pb_text _builder_version=&#8221;4.21.0&#8243; _module_preset=&#8221;default&#8221; max_width=&#8221;720px&#8221; module_alignment=&#8221;left&#8221; content_en_us=&#8221;<\/p>\n<h2>Your contact persons<\/h2>\n<p><span>Standort Niederrhein GmbH provides data, analyses and information about the Lower Rhine as a business location and is the first point of contact for investors and companies interested in the Lower Rhine as a location. Use us as your information platform for your business in the Lower Rhine.<\/span><\/p>\n<p>&#8221; global_colors_info=&#8221;{}&#8221;]<\/p>\n<h2>Ihre Ansprechpartner<\/h2>\n<p><span>Die Standort Niederrhein GmbH stellt Daten, Analysen und Informationen \u00fcber den Wirtschafts\u00adstandort Nieder\u00adrhein bereit und ist die erste Anlauf\u00adstelle f\u00fcr Investoren und\u00a0Unternehmen, die sich f\u00fcr den Nieder\u00adrhein als Standort interessieren. Nutzen Sie uns als Ihre Informations\u00adplattform f\u00fcr Ihr Business am Nieder\u00adrhein.<\/span><\/p>\n<p>[\/et_pb_text][\/et_pb_column][\/et_pb_row][et_pb_row column_structure=&#8221;1_3,1_3,1_3&#8243; use_custom_gutter=&#8221;on&#8221; gutter_width=&#8221;2&#8243; module_class=&#8221;stn-ansprechpartner&#8221; _builder_version=&#8221;4.21.0&#8243; _module_preset=&#8221;default&#8221; global_colors_info=&#8221;{}&#8221;][et_pb_column type=&#8221;1_3&#8243; _builder_version=&#8221;4.21.0&#8243; _module_preset=&#8221;default&#8221; global_colors_info=&#8221;{}&#8221;][dsm_card title=&#8221;Bertram Gaiser&#8221; subtitle=&#8221;Gesch\u00e4ftsf\u00fchrer&#8221; content_equal_height=&#8221;on&#8221; image=&#8221;https:\/\/standort-niederrhein.de\/wp-content\/uploads\/2023\/07\/bertram-gaiser.jpg&#8221; image_background_position=&#8221;top&#8221; content_padding=&#8221;24px|12px|24px|12px|true|true&#8221; button_url_new_window=&#8221;1&#8243; layout_tablet=&#8221;inline&#8221; layout_phone=&#8221;inline&#8221; layout_last_edited=&#8221;on|tablet&#8221; _builder_version=&#8221;4.21.0&#8243; _module_preset=&#8221;default&#8221; header_level=&#8221;h5&#8243; header_text_color=&#8221;#000000&#8243; body_text_color=&#8221;#000000&#8243; subhead_text_color=&#8221;#000000&#8243; background_color=&#8221;#EEEDED&#8221; max_width_tablet=&#8221;&#8221; max_width_phone=&#8221;&#8221; max_width_last_edited=&#8221;on|tablet&#8221; module_alignment=&#8221;left&#8221; module_alignment_tablet=&#8221;left&#8221; module_alignment_phone=&#8221;left&#8221; module_alignment_last_edited=&#8221;on|tablet&#8221; border_radii=&#8221;on|16px|16px|16px|16px&#8221; border_radii_image=&#8221;off|16px|16px||&#8221; border_radii_image_tablet=&#8221;off|16px|0px||16px&#8221; border_radii_image_phone=&#8221;off|16px|0px||16px&#8221; border_radii_image_last_edited=&#8221;on|tablet&#8221; global_colors_info=&#8221;{}&#8221;]<\/p>\n<p><span>+49 (0) 2131.92 68 592<\/span><br \/><span>gaiser@standort-niederrhein.de<\/span><\/p>\n<p>[\/dsm_card][\/et_pb_column][et_pb_column type=&#8221;1_3&#8243; _builder_version=&#8221;4.21.0&#8243; _module_preset=&#8221;default&#8221; global_colors_info=&#8221;{}&#8221;][dsm_card title=&#8221;Andrea Scharf&#8221; subtitle=&#8221;Projektleitung, Standortmarketing&#8221; content_equal_height=&#8221;on&#8221; image=&#8221;https:\/\/standort-niederrhein.de\/wp-content\/uploads\/2023\/07\/andrea-scharf.jpg&#8221; image_background_position=&#8221;top&#8221; content_padding=&#8221;24px|12px|24px|12px|true|true&#8221; button_url_new_window=&#8221;1&#8243; layout_tablet=&#8221;inline&#8221; layout_phone=&#8221;inline&#8221; layout_last_edited=&#8221;on|tablet&#8221; _builder_version=&#8221;4.21.0&#8243; _module_preset=&#8221;default&#8221; header_level=&#8221;h5&#8243; header_text_color=&#8221;#000000&#8243; body_text_color=&#8221;#000000&#8243; subhead_text_color=&#8221;#000000&#8243; background_color=&#8221;#EEEDED&#8221; max_width_tablet=&#8221;&#8221; max_width_phone=&#8221;&#8221; max_width_last_edited=&#8221;on|tablet&#8221; module_alignment=&#8221;left&#8221; module_alignment_tablet=&#8221;left&#8221; module_alignment_phone=&#8221;left&#8221; module_alignment_last_edited=&#8221;on|tablet&#8221; border_radii=&#8221;on|16px|16px|16px|16px&#8221; border_radii_image=&#8221;off|16px|16px||&#8221; border_radii_image_tablet=&#8221;off|16px|0px||16px&#8221; border_radii_image_phone=&#8221;off|16px|0px||16px&#8221; border_radii_image_last_edited=&#8221;on|tablet&#8221; global_colors_info=&#8221;{}&#8221;]<\/p>\n<p><span>+49 (0) 2131.92 68 591<\/span><br \/><span>scharf@standort-niederrhein.de<\/span><\/p>\n<p>[\/dsm_card][\/et_pb_column][et_pb_column type=&#8221;1_3&#8243; _builder_version=&#8221;4.21.0&#8243; _module_preset=&#8221;default&#8221; global_colors_info=&#8221;{}&#8221;][dsm_card title=&#8221;Silke Mayer-Lyko&#8221; subtitle=&#8221;Presse- und \u00d6ffentlichkeitsarbeit&#8221; content_equal_height=&#8221;on&#8221; image=&#8221;https:\/\/standort-niederrhein.de\/wp-content\/uploads\/2023\/07\/silke-mayer-lyko.jpg&#8221; image_background_position=&#8221;top&#8221; content_padding=&#8221;24px|12px|24px|12px|true|true&#8221; button_url_new_window=&#8221;1&#8243; layout_tablet=&#8221;inline&#8221; layout_phone=&#8221;inline&#8221; layout_last_edited=&#8221;on|tablet&#8221; _builder_version=&#8221;4.21.0&#8243; _module_preset=&#8221;default&#8221; header_level=&#8221;h5&#8243; header_text_color=&#8221;#000000&#8243; body_text_color=&#8221;#000000&#8243; subhead_text_color=&#8221;#000000&#8243; background_color=&#8221;#EEEDED&#8221; max_width_tablet=&#8221;&#8221; max_width_phone=&#8221;&#8221; max_width_last_edited=&#8221;on|tablet&#8221; module_alignment=&#8221;left&#8221; module_alignment_tablet=&#8221;left&#8221; module_alignment_phone=&#8221;left&#8221; module_alignment_last_edited=&#8221;on|tablet&#8221; border_radii=&#8221;on|16px|16px|16px|16px&#8221; border_radii_image=&#8221;off|16px|16px||&#8221; border_radii_image_tablet=&#8221;off|16px|0px||16px&#8221; border_radii_image_phone=&#8221;off|16px|0px||16px&#8221; border_radii_image_last_edited=&#8221;on|tablet&#8221; global_colors_info=&#8221;{}&#8221;]<\/p>\n<p><span>+49 (0) 2131.92 68 597<\/span><br \/><span>mayer-lyko@standort-niederrhein.de<\/span><\/p>\n<p>[\/dsm_card][\/et_pb_column][\/et_pb_row][\/et_pb_section]<\/p>\n","protected":false},"excerpt":{"rendered":"<p>Standort NiederrheinUnternehmen brauchen Freir\u00e4ume. Wollen sich ausbreiten. Wollen wachsen. Oder so bleiben wie sie sind. Nur eben woanders. An einem anderen Standort. Wir bieten Ihnen nicht nur die passenden Freifl\u00e4chen, sondern auch eine Denke der kurzen Wege: Nur wenige Kilometer bis in die Metropolen Nordrhein-Westfalens D\u00fcsseldorf oder K\u00f6ln. In unter einer Stunde ins Ruhrgebiet sowie in die benachbarten Beneluxstaaten Niederlande und Belgien. Der Niederrhein ist ein Wirtschaftsstandort zum Niederknien und im wahrsten Sinne des Wortes Naheliegend. Welches Business Sie auch ansiedeln wollen, bei uns sind Ihre M\u00f6glichkeiten nahezu grenzenlos! Schauen Sie sich gerne um. Wir finden einen \u2013 nein \u2013 den k\u00fcrzesten Weg. Kommen Sie einfach auf uns zu!Standort Niederrhein GmbHinfo@standort-niederrhein.de+49 2131.92 68 591Weitere Informationen zum Standort NiederrheinDer Standort Niederrhein \u2013 das ist eine ordentliche Summe aus wettbewerbsf\u00e4higen Invest-Konditionen plus leistungsstarker Infrastruktur zu Lande, zu Wasser und in der Luft sowie marktnaher Zentrallage plus hoher Lebensqualit\u00e4t. Diese Rahmenbedingungen haben eine robuste Wirtschaftsstruktur geschaffen mit kreativen, innovativen und weltmarktf\u00e4higen Unternehmen. Lernen Sie den Standort Niederrhein n\u00e4her kennen.Imagebrosch\u00fcre (D\/EN)\ue092 DownloadDer Standort Niederrhein hat Platz. Die Ausgabe 2024\/2025 des Immobilienguide stellt 76 Projekte vor, die einen Querschnitt durch das aktuelle Angebot an Grundst\u00fccken und Objekten f\u00fcr B\u00fcro, Gewerbe, Industrie, Einzelhandel und Wohnen bilden.Immobilienguide [&hellip;]<\/p>\n","protected":false},"author":1,"featured_media":0,"parent":0,"menu_order":0,"comment_status":"closed","ping_status":"closed","template":"","meta":{"_et_pb_use_builder":"on","_et_pb_old_content":"","_et_gb_content_width":"","footnotes":""},"class_list":["post-2337","page","type-page","status-publish","hentry"],"_links":{"self":[{"href":"https:\/\/standort-niederrhein.de\/en\/wp-json\/wp\/v2\/pages\/2337","targetHints":{"allow":["GET"]}}],"collection":[{"href":"https:\/\/standort-niederrhein.de\/en\/wp-json\/wp\/v2\/pages"}],"about":[{"href":"https:\/\/standort-niederrhein.de\/en\/wp-json\/wp\/v2\/types\/page"}],"author":[{"embeddable":true,"href":"https:\/\/standort-niederrhein.de\/en\/wp-json\/wp\/v2\/users\/1"}],"replies":[{"embeddable":true,"href":"https:\/\/standort-niederrhein.de\/en\/wp-json\/wp\/v2\/comments?post=2337"}],"version-history":[{"count":57,"href":"https:\/\/standort-niederrhein.de\/en\/wp-json\/wp\/v2\/pages\/2337\/revisions"}],"predecessor-version":[{"id":5944,"href":"https:\/\/standort-niederrhein.de\/en\/wp-json\/wp\/v2\/pages\/2337\/revisions\/5944"}],"wp:attachment":[{"href":"https:\/\/standort-niederrhein.de\/en\/wp-json\/wp\/v2\/media?parent=2337"}],"curies":[{"name":"wp","href":"https:\/\/api.w.org\/{rel}","templated":true}]}}