{"id":1945,"date":"2023-08-01T10:15:21","date_gmt":"2023-08-01T08:15:21","guid":{"rendered":"https:\/\/standort-niederrhein.dev-zs.de\/?page_id=1945"},"modified":"2024-04-19T11:22:56","modified_gmt":"2024-04-19T09:22:56","slug":"ueber-uns","status":"publish","type":"page","link":"https:\/\/standort-niederrhein.de\/en\/ueber-uns\/","title":{"rendered":"\u00dcber uns"},"content":{"rendered":"<p>[et_pb_section fb_built=&#8221;1&#8243; admin_label=&#8221;Header&#8221; _builder_version=&#8221;4.24.2&#8243; _module_preset=&#8221;512e418d-568a-4821-8d2a-35b3c8da9362&#8243; locked=&#8221;off&#8221; global_colors_info=&#8221;{}&#8221;][et_pb_row admin_label=&#8221;HeaderImage&#8221; _builder_version=&#8221;4.23.1&#8243; _module_preset=&#8221;default&#8221; background_image=&#8221;https:\/\/standort-niederrhein.de\/wp-content\/uploads\/2023\/12\/Messe-Beklebung.jpg&#8221; max_width=&#8221;100%&#8221; height=&#8221;320px&#8221; custom_margin=&#8221;0px|0px|0px|0px|false|false&#8221; global_colors_info=&#8221;{}&#8221;][et_pb_column type=&#8221;4_4&#8243; _builder_version=&#8221;4.21.0&#8243; _module_preset=&#8221;default&#8221; global_colors_info=&#8221;{}&#8221;][\/et_pb_column][\/et_pb_row][\/et_pb_section][et_pb_section fb_built=&#8221;1&#8243; _builder_version=&#8221;4.21.0&#8243; _module_preset=&#8221;default&#8221; locked=&#8221;off&#8221; global_colors_info=&#8221;{}&#8221;][et_pb_row _builder_version=&#8221;4.21.0&#8243; _module_preset=&#8221;default&#8221; global_colors_info=&#8221;{}&#8221;][et_pb_column type=&#8221;4_4&#8243; _builder_version=&#8221;4.21.0&#8243; _module_preset=&#8221;default&#8221; global_colors_info=&#8221;{}&#8221;][et_pb_text _builder_version=&#8221;4.24.3&#8243; _module_preset=&#8221;_initial&#8221; max_width=&#8221;720px&#8221; module_alignment=&#8221;left&#8221; content_en_us=&#8221;<\/p>\n<h3>Standort Niederrhein GmbH<\/h3>\n<h1>About us<\/h1>\n<div>\n<p>Standort Niederrhein GmbH was founded in December 1995.<\/p>\n<p><span>It is now a joint venture of the two independent cities of <\/span><span><span style=%22font-weight: 400;%22><a href=%22https:\/\/www.krefeld.de%22 data-et-target-link=%22_blank%22 rel=%22noopener%22>Krefeld<\/a> and <a href=%22http:\/\/www.moenchengladbach.de%22 data-et-target-link=%22_blank%22 rel=%22noopener%22>M\u00f6nchengladbach<\/a>, the <a href=%22https:\/\/www.kreis-kleve.de%22 data-et-target-link=%22_blank%22 rel=%22noopener%22>District of Kleve<\/a>, <a href=%22https:\/\/www.kreis-viersen.de%22 data-et-target-link=%22_blank%22 rel=%22noopener%22>District of Viersen<\/a>, <a href=%22https:\/\/www.kreis-wesel.de%22 data-et-target-link=%22_blank%22 rel=%22noopener%22>District of Wesel<\/a> and the <a href=%22https:\/\/www.rhein-kreis-neuss.de%22 data-et-target-link=%22_blank%22 rel=%22noopener%22>Rhein-Kreis Neuss<\/a> aswell as the <a href=%22https:\/\/mittlerer-niederrhein.ihk.de%22 data-et-target-link=%22_blank%22 rel=%22noopener%22>IHK Mittlerer Niederrhein<\/a>.<\/span><\/span><\/p>\n<\/div>\n<p>&#8221; global_colors_info=&#8221;{}&#8221;]<\/p>\n<h3>Standort Niederrhein GmbH<\/h3>\n<h1>\u00dcber uns<\/h1>\n<div>\n<p style=\"font-weight: 400;\">Die Standort Niederrhein GmbH wurde im Dezember 1995 gegr\u00fcndet.<\/p>\n<p><span style=\"font-weight: 400;\">Sie ist mittlerweile ein Zusammenschluss der beiden kreisfreien St\u00e4dte <a href=\"https:\/\/www.krefeld.de\" target=\"_blank\" rel=\"noopener\">Krefeld<\/a> und <a href=\"http:\/\/www.moenchengladbach.de\" target=\"_blank\" rel=\"noopener\">M\u00f6nchengladbach<\/a>, der Kreise <a href=\"https:\/\/www.kreis-kleve.de\" target=\"_blank\" rel=\"noopener\">Kleve<\/a>, <a href=\"https:\/\/www.kreis-viersen.de\" target=\"_blank\" rel=\"noopener\">Viersen<\/a>, <a href=\"https:\/\/www.kreis-wesel.de\" target=\"_blank\" rel=\"noopener\">Wesel<\/a> und des <a href=\"https:\/\/www.rhein-kreis-neuss.de\" target=\"_blank\" rel=\"noopener\">Rhein-Kreis Neuss<\/a> sowie der <a href=\"https:\/\/mittlerer-niederrhein.ihk.de\" target=\"_blank\" rel=\"noopener\">IHK Mittlerer Niederrhein<\/a>.<\/span><\/p>\n<\/div>\n<p>[\/et_pb_text][\/et_pb_column][\/et_pb_row][\/et_pb_section][et_pb_section fb_built=&#8221;1&#8243; _builder_version=&#8221;4.23.1&#8243; _module_preset=&#8221;default&#8221; custom_padding=&#8221;|0px||0px|false|true&#8221; global_colors_info=&#8221;{}&#8221;][et_pb_row column_structure=&#8221;3_5,2_5&#8243; use_custom_gutter=&#8221;on&#8221; gutter_width=&#8221;1&#8243; make_equal=&#8221;on&#8221; _builder_version=&#8221;4.23.1&#8243; _module_preset=&#8221;default&#8221; max_width=&#8221;100%&#8221; module_alignment=&#8221;center&#8221; global_colors_info=&#8221;{}&#8221;][et_pb_column type=&#8221;3_5&#8243; _builder_version=&#8221;4.23.1&#8243; _module_preset=&#8221;default&#8221; background_color=&#8221;#EEEDED&#8221; global_colors_info=&#8221;{}&#8221;][dsm_lottie lottie_url=&#8221;https:\/\/standort-niederrhein.de\/wp-content\/uploads\/2023\/11\/Logo-Reveal.json&#8221; lottie_loop=&#8221;off&#8221; lottie_delay=&#8221;500ms&#8221; lottie_animation_viewport=&#8221;50%&#8221; _builder_version=&#8221;4.23.1&#8243; _module_preset=&#8221;default&#8221; global_colors_info=&#8221;{}&#8221;][\/dsm_lottie][\/et_pb_column][et_pb_column type=&#8221;2_5&#8243; _builder_version=&#8221;4.23.1&#8243; _module_preset=&#8221;default&#8221; background_color=&#8221;#FE5000&#8243; global_colors_info=&#8221;{}&#8221;][et_pb_text _builder_version=&#8221;4.24.2&#8243; _module_preset=&#8221;a42777fe-143c-45b3-8971-8b150904fe2d&#8221; text_text_color=&#8221;#FFFFFF&#8221; max_width=&#8221;80%&#8221; max_width_tablet=&#8221;100%&#8221; max_width_phone=&#8221;100%&#8221; max_width_last_edited=&#8221;on|phone&#8221; custom_padding=&#8221;|48px||48px|false|false&#8221; content_en_us=&#8221;<\/p>\n<div class=%22page%22 title=%22Page 3%22>\n<div class=%22layoutArea%22>\n<div class=%22column%22>\n<p><span>Standort <\/span><span>Niederrhein GmbH is <\/span><span>the first stop for companies <\/span><span>and investors who are interested in the Niederrhein Region.<\/span><\/p>\n<\/div>\n<\/div>\n<\/div>\n<p>&#8221; global_colors_info=&#8221;{}&#8221;]<\/p>\n<div><span>Die Standort Niederrhein GmbH ist die erste Anlaufstelle f\u00fcr Investoren und Unternehmen, die sich f\u00fcr den Niederrhein als Standort interessieren. <\/span><\/div>\n<p>[\/et_pb_text][\/et_pb_column][\/et_pb_row][\/et_pb_section][et_pb_section fb_built=&#8221;1&#8243; _builder_version=&#8221;4.23.1&#8243; _module_preset=&#8221;default&#8221; background_enable_color=&#8221;off&#8221; global_colors_info=&#8221;{}&#8221;][et_pb_row column_structure=&#8221;3_4,1_4&#8243; _builder_version=&#8221;4.23.1&#8243; _module_preset=&#8221;default&#8221; global_colors_info=&#8221;{}&#8221;][et_pb_column type=&#8221;3_4&#8243; _builder_version=&#8221;4.23.1&#8243; _module_preset=&#8221;default&#8221; global_colors_info=&#8221;{}&#8221;][et_pb_text _builder_version=&#8221;4.24.3&#8243; _module_preset=&#8221;a42777fe-143c-45b3-8971-8b150904fe2d&#8221; content_en_us=&#8221;<\/p>\n<p>The tasks of Standort Niederrhein GmbH include national and international location marketing for the Niederrhein Region, <span>theme-oriented<\/span> networking and sponsorship of the <a href=%22https:\/\/www.regionalagentur-mittlerer-niederrhein.de%22 data-et-target-link=%22_blank%22 rel=%22noopener%22>Regionalagentur Mittlerer Niederrhein<\/a>.<\/p>\n<p>&#8221; global_colors_info=&#8221;{}&#8221;]<\/p>\n<p style=\"font-weight: 400;\">Die Aufgaben der Standort Niederrhein GmbH umfassen das nationale und internationale Standort\u00admarketing f\u00fcr die Region, die themenorientierte Netzwerk\u00adarbeit sowie die Tr\u00e4gerschaft der <a href=\"https:\/\/www.regionalagentur-mittlerer-niederrhein.de\" target=\"_blank\" rel=\"noopener\">Regionalagentur Mittlerer Niederrhein<\/a>.<\/p>\n<p>[\/et_pb_text][et_pb_text _builder_version=&#8221;4.24.3&#8243; _module_preset=&#8221;a42777fe-143c-45b3-8971-8b150904fe2d&#8221; content_en_us=&#8221;<\/p>\n<p style=%22font-weight: 400;%22><span>Our company is the first touchpoint for investors and businesses interested in theNiederrhein Region and, in close cooperation with the municipal business development agencies, provides support in the search for suitable locations. In addition, it continuously prepares investor-relevant information regarding the region, for example in the <\/span><a href=%22\/downloads%22>Real Estate Guide<\/a> or <a href=%22\/downloads%22>Market Report<\/a>.<\/p>\n<p>&#8221; global_colors_info=&#8221;{}&#8221;]<\/p>\n<p style=\"font-weight: 400;\">F\u00fcr Investoren und Unternehmen, die sich f\u00fcr den Standort Niederrhein interessieren, ist die Gesellschaft erste Anlaufstelle und unterst\u00fctzt in enger Kooperation mit den kommunalen Wirtschafts\u00adf\u00f6rderungen bei der Suche nach geeigneten Standorten. Erg\u00e4nzend bereitet sie kontinuierlich investorenrelevante Informationen zur Region beispielsweise im <a href=\"\/downloads\">Immobilienguide<\/a> oder <a href=\"\/downloads\">Marktbericht<\/a> auf.<\/p>\n<p>[\/et_pb_text][\/et_pb_column][et_pb_column type=&#8221;1_4&#8243; _builder_version=&#8221;4.23.1&#8243; _module_preset=&#8221;default&#8221; global_colors_info=&#8221;{}&#8221;][\/et_pb_column][\/et_pb_row][\/et_pb_section][et_pb_section fb_built=&#8221;1&#8243; _builder_version=&#8221;4.23.1&#8243; _module_preset=&#8221;default&#8221; custom_padding=&#8221;|0px||0px|false|true&#8221; global_colors_info=&#8221;{}&#8221;][et_pb_row column_structure=&#8221;2_5,3_5&#8243; use_custom_gutter=&#8221;on&#8221; gutter_width=&#8221;1&#8243; make_equal=&#8221;on&#8221; _builder_version=&#8221;4.24.2&#8243; _module_preset=&#8221;default&#8221; max_width=&#8221;100%&#8221; module_alignment=&#8221;center&#8221; global_colors_info=&#8221;{}&#8221;][et_pb_column type=&#8221;2_5&#8243; _builder_version=&#8221;4.23.1&#8243; _module_preset=&#8221;default&#8221; background_color=&#8221;#FE5000&#8243; global_colors_info=&#8221;{}&#8221;][dsm_lottie lottie_url=&#8221;https:\/\/standort-niederrhein.de\/wp-content\/uploads\/2024\/04\/europa-entfernungen.json&#8221; lottie_loop=&#8221;off&#8221; lottie_delay=&#8221;500ms&#8221; lottie_animation_viewport=&#8221;30%&#8221; _builder_version=&#8221;4.24.3&#8243; _module_preset=&#8221;default&#8221; hover_enabled=&#8221;0&#8243; global_colors_info=&#8221;{}&#8221; title_text=&#8221;europa-entfernungen&#8221; sticky_enabled=&#8221;0&#8243;][\/dsm_lottie][\/et_pb_column][et_pb_column type=&#8221;3_5&#8243; _builder_version=&#8221;4.23.1&#8243; _module_preset=&#8221;default&#8221; background_color=&#8221;#EEEDED&#8221; global_colors_info=&#8221;{}&#8221;][et_pb_text _builder_version=&#8221;4.24.3&#8243; _module_preset=&#8221;a42777fe-143c-45b3-8971-8b150904fe2d&#8221; custom_margin=&#8221;40px||60px|0px|false|false&#8221; custom_padding=&#8221;|||32px|false|false&#8221; content_en_us=&#8221;<\/p>\n<p>The Niederrhein Region is located in the heart of Europe, in the very west of Germany and North Rhine-Westphalia. The decisive factor for the central location of the Niederrhein Region is its immediate proximity to the gates of the world markets, the state capital D\u00fcsseldorf, the Ruhr region, the neighboring Netherlands, Belgium and Luxembourg. The cities of Krefeld and M\u00f6nchengladbach as well as the districts of Kleve, Viersen, Wesel and Rhein-Kreis Neuss characterize the Niederrhein Region, this important economic area west to the Rhine.<\/p>\n<p>&#8221; global_colors_info=&#8221;{}&#8221;]<\/p>\n<p style=\"font-weight: 400;\"><span>Im Herzen Europas, ganz im Westen von Deutschland und Nordrhein-Westfalen liegt der Standort Niederrhein. Ausschlag\u00adgebend f\u00fcr die zentrale Lage des Standort Niederrhein ist seine unmittelbare N\u00e4he zu den Toren der Welt\u00adm\u00e4rkte, zur Landes\u00adhauptstadt D\u00fcsseldorf, zum Ruhrgebiet, zu den benachbarten Nieder\u00adlanden sowie Belgien und Luxemburg. Die St\u00e4dte Krefeld und M\u00f6nchen\u00adgladbach sowie die Kreise Kleve, Viersen, Wesel und der Rhein-Kreis Neuss pr\u00e4gen den Standort Niederrhein, diesen bedeutenden Wirtschafts\u00adraum westlich des Rheins.<\/span><\/p>\n<p>[\/et_pb_text][\/et_pb_column][\/et_pb_row][\/et_pb_section][et_pb_section fb_built=&#8221;1&#8243; _builder_version=&#8221;4.23.1&#8243; _module_preset=&#8221;default&#8221; background_enable_color=&#8221;off&#8221; global_colors_info=&#8221;{}&#8221;][et_pb_row column_structure=&#8221;3_4,1_4&#8243; _builder_version=&#8221;4.23.1&#8243; _module_preset=&#8221;default&#8221; global_colors_info=&#8221;{}&#8221;][et_pb_column type=&#8221;3_4&#8243; _builder_version=&#8221;4.23.1&#8243; _module_preset=&#8221;default&#8221; global_colors_info=&#8221;{}&#8221;][et_pb_text _builder_version=&#8221;4.24.3&#8243; _module_preset=&#8221;a42777fe-143c-45b3-8971-8b150904fe2d&#8221; content_en_us=&#8221;<\/p>\n<p style=%22font-weight: 400;%22><span>Important aspects of location marketing include presentations in the form of regional joint stands at major trade fairs and specialist events, such as<\/span> <a href=%22\/messen\/expo-real\/%22>Expo Real<\/a> and <a href=%22\/messen\/transport-logistic%22>transport logistic<\/a> in Munich and the <a href=%22\/messen\/polis-convention%22>polis Convention<\/a> in D\u00fcsseldorf.<\/p>\n<p>&#8221; global_colors_info=&#8221;{}&#8221;]<\/p>\n<p style=\"font-weight: 400;\">Wichtige Bestandteile des Standort\u00admarketings sind die Pr\u00e4sentationen in Form regionaler Gemeinschafts\u00adst\u00e4nde bei ma\u00dfgeblichen Messen- und Fachveranstaltungen, so unter anderem der <a href=\"\/messen\/expo-real\/\">Expo Real<\/a> und <a href=\"\/messen\/transport-logistic\">transport logistic<\/a> in M\u00fcnchen sowie der <a href=\"\/messen\/polis-convention\">polis Convention<\/a> in D\u00fcsseldorf.<\/p>\n<p>[\/et_pb_text][et_pb_text _builder_version=&#8221;4.24.3&#8243; _module_preset=&#8221;a42777fe-143c-45b3-8971-8b150904fe2d&#8221; content_en_us=&#8221;<\/p>\n<p style=%22font-weight: 400;%22><span>In addition to hard location criteria, soft factors are also playing an increasingly important role in regional development. Standort Niederrhein GmbH is therefore one of nine regional management companies in North Rhine-Westphalia and is involved in the<\/span> <a href=%22https:\/\/regionen.nrw\/%22 data-et-target-link=%22_blank%22 rel=%22noopener%22>regionen.NRW<\/a> association for the further development of the state and its sub-regions.<\/p>\n<p>&#8221; global_colors_info=&#8221;{}&#8221;]<\/p>\n<p style=\"font-weight: 400;\">Neben harten Standort\u00adfaktoren spielen aber auch weiche Faktoren eine zunehmend wichtigere Rolle in der Regional\u00adentwicklung. Die Standort Niederrhein GmbH ist daher eines von neun Regional\u00admanagements in Nordrhein-Westfalen und engagiert sich im Zusammen\u00adschluss <a href=\"https:\/\/regionen.nrw\/\" target=\"_blank\" rel=\"noopener\">regionen.NRW<\/a> f\u00fcr die weitere Entwicklung des Landes und seiner Teilr\u00e4ume.<\/p>\n<p>[\/et_pb_text][et_pb_text _builder_version=&#8221;4.24.3&#8243; _module_preset=&#8221;a42777fe-143c-45b3-8971-8b150904fe2d&#8221; content_en_us=&#8221;<\/p>\n<p style=%22font-weight: 400;%22><span>Many other cooperative relationships with stakeholders and networks, such as<\/span> <a href=%22http:\/\/www.nrwglobalbusiness.com%22 data-et-target-link=%22_blank%22 rel=%22noopener%22>NRW.Global Business<\/a>, the <a href=%22https:\/\/metropolregion-rheinland.de%22 data-et-target-link=%22_blank%22 rel=%22noopener%22>Metropolregion Rheinland<\/a>, <a href=%22https:\/\/www.logistikregion-rheinland.de%22 data-et-target-link=%22_blank%22 rel=%22noopener%22>Logistikregion Rheinland<\/a> or <a href=%22https:\/\/www.rheinisches-revier.de%22 data-et-target-link=%22_blank%22 rel=%22noopener%22>Zukunftsagentur Rheinisches Revier<\/a> complete Standort Niederrhein GmbH&#8217;s portfolio of tasks.<\/p>\n<p>&#8221; global_colors_info=&#8221;{}&#8221;]<\/p>\n<p style=\"font-weight: 400;\">Viele weitere Kooperations\u00adbeziehungen zu Akteuren und Netzwerken, wie beispielsweise <a href=\"http:\/\/www.nrwglobalbusiness.com\" target=\"_blank\" rel=\"noopener\">NRW.Global Business<\/a>, der <a href=\"https:\/\/metropolregion-rheinland.de\" target=\"_blank\" rel=\"noopener\">Metropolregion Rheinland<\/a>, der <a href=\"https:\/\/www.logistikregion-rheinland.de\" target=\"_blank\" rel=\"noopener\">Logistikregion Rheinland<\/a> oder der <a href=\"https:\/\/www.rheinisches-revier.de\" target=\"_blank\" rel=\"noopener\">Zukunftsagentur Rheinisches Revier<\/a> runden das Aufgaben\u00adportfolio der Standort Niederrhein GmbH ab.<\/p>\n<p>[\/et_pb_text][\/et_pb_column][et_pb_column type=&#8221;1_4&#8243; _builder_version=&#8221;4.23.1&#8243; _module_preset=&#8221;default&#8221; global_colors_info=&#8221;{}&#8221;][\/et_pb_column][\/et_pb_row][\/et_pb_section][et_pb_section fb_built=&#8221;1&#8243; admin_label=&#8221;Ansprechpartner&#8221; _builder_version=&#8221;4.21.0&#8243; _module_preset=&#8221;default&#8221; global_module=&#8221;2785&#8243; locked=&#8221;off&#8221; global_colors_info=&#8221;{}&#8221;][et_pb_row _builder_version=&#8221;4.23.1&#8243; _module_preset=&#8221;default&#8221; global_colors_info=&#8221;{}&#8221;][et_pb_column type=&#8221;4_4&#8243; _builder_version=&#8221;4.21.0&#8243; _module_preset=&#8221;default&#8221; global_colors_info=&#8221;{}&#8221;][et_pb_text _builder_version=&#8221;4.24.1&#8243; _module_preset=&#8221;default&#8221; text_orientation=&#8221;center&#8221; max_width=&#8221;720px&#8221; module_alignment=&#8221;center&#8221; content_en_us=&#8221;<\/p>\n<h2>Your Contacts<\/h2>\n<p><span>Standort Niederrhein GmbH provides data and analysis on the Niederrhein Region as an investment location and is the first port of call for investors and businesses that are interested in locating in the Niederrhein Region. Please use us as an information platform for your business in the Niederrhein Region.<\/span><\/p>\n<p>&#8221; global_colors_info=&#8221;{}&#8221;]<\/p>\n<h2>Sprechen Sie uns an!<\/h2>\n<p>Die Standort Niederrhein GmbH stellt Daten, Analysen und Informationen \u00fcber den Wirtschafts\u00adstandort Nieder\u00adrhein bereit und ist die erste Anlauf\u00adstelle f\u00fcr Investoren und\u00a0Unternehmen, die sich f\u00fcr den Nieder\u00adrhein als Standort interessieren. Nutzen Sie uns als Ihre Informations\u00adplattform f\u00fcr Ihr Business am Nieder\u00adrhein.<\/p>\n<p>[\/et_pb_text][\/et_pb_column][\/et_pb_row][et_pb_row column_structure=&#8221;1_3,1_3,1_3&#8243; use_custom_gutter=&#8221;on&#8221; gutter_width=&#8221;2&#8243; module_class=&#8221;stn-ansprechpartner&#8221; _builder_version=&#8221;4.21.0&#8243; _module_preset=&#8221;default&#8221; global_colors_info=&#8221;{}&#8221;][et_pb_column type=&#8221;1_3&#8243; _builder_version=&#8221;4.21.0&#8243; _module_preset=&#8221;default&#8221; global_colors_info=&#8221;{}&#8221;][et_pb_blurb title=&#8221;Bertram Gaiser&#8221; image=&#8221;https:\/\/standort-niederrhein.de\/wp-content\/uploads\/2023\/07\/bertram-gaiser.jpg&#8221; module_class=&#8221;contact-tile&#8221; _builder_version=&#8221;4.23.1&#8243; _module_preset=&#8221;e91db9bc-9eca-44a4-ae02-615a87bc481a&#8221; title_en_us=&#8221;Bertram Gaiser&#8221; content_en_us=&#8221;<\/p>\n<p>Managing Director<br \/>+49 (0) 2131.92 68 592<br \/><a href=%22mailto:gaiser@standort-niederrhein.de%22>gaiser@standort-niederrhein.de<\/a><\/p>\n<p>&#8221; global_colors_info=&#8221;{}&#8221;]<\/p>\n<p>Gesch\u00e4ftsf\u00fchrer<br \/>+49 (0) 2131.92 68 592<br \/><a href=\"mailto:gaiser@standort-niederrhein.de\">gaiser@standort-niederrhein.de<\/a><\/p>\n<p>[\/et_pb_blurb][\/et_pb_column][et_pb_column type=&#8221;1_3&#8243; _builder_version=&#8221;4.21.0&#8243; _module_preset=&#8221;default&#8221; global_colors_info=&#8221;{}&#8221;][et_pb_blurb title=&#8221;Andrea Scharf&#8221; image=&#8221;https:\/\/standort-niederrhein.de\/wp-content\/uploads\/2023\/07\/andrea-scharf.jpg&#8221; module_class=&#8221;contact-tile&#8221; _builder_version=&#8221;4.23.1&#8243; _module_preset=&#8221;e91db9bc-9eca-44a4-ae02-615a87bc481a&#8221; title_en_us=&#8221;Andrea Scharf&#8221; content_en_us=&#8221;<\/p>\n<p>Project management, location marketing<br \/>+49 (0) 2131.92 68 591<br \/><a href=%22mailto:scharf@standort-niederrhein.de%22>scharf@standort-niederrhein.de<\/a><\/p>\n<p>&#8221; global_colors_info=&#8221;{}&#8221;]<\/p>\n<p>Projektleitung, Standortmarketing<br \/>+49 (0) 2131.92 68 591<br \/><a href=\"mailto:scharf@standort-niederrhein.de\">scharf@standort-niederrhein.de<\/a><\/p>\n<p>[\/et_pb_blurb][\/et_pb_column][et_pb_column type=&#8221;1_3&#8243; _builder_version=&#8221;4.21.0&#8243; _module_preset=&#8221;default&#8221; global_colors_info=&#8221;{}&#8221;][et_pb_blurb title=&#8221;Silke Mayer-Lyko&#8221; image=&#8221;https:\/\/standort-niederrhein.de\/wp-content\/uploads\/2023\/07\/silke-mayer-lyko.jpg&#8221; module_class=&#8221;contact-tile&#8221; _builder_version=&#8221;4.23.1&#8243; _module_preset=&#8221;e91db9bc-9eca-44a4-ae02-615a87bc481a&#8221; title_en_us=&#8221;Silke Mayer-Lyko&#8221; content_en_us=&#8221;<\/p>\n<p>Press and public relations<br \/>+49 (0) 2131.92 68 597<br \/><a href=%22mailto:mayer-lyko@standort-niederrhein.de%22>mayer-lyko@standort-niederrhein.de<\/a><\/p>\n<p>&#8221; global_colors_info=&#8221;{}&#8221;]<\/p>\n<p>Presse- und \u00d6ffentlichkeitsarbeit<br \/>+49 (0) 2131.92 68 597<br \/><a href=\"mailto:mayer-lyko@standort-niederrhein.de\">mayer-lyko@standort-niederrhein.de<\/a><\/p>\n<p>[\/et_pb_blurb][\/et_pb_column][\/et_pb_row][\/et_pb_section][et_pb_section fb_built=&#8221;1&#8243; admin_label=&#8221;Kacheln&#8221; _builder_version=&#8221;4.21.0&#8243; _module_preset=&#8221;default&#8221; global_module=&#8221;3132&#8243; saved_tabs=&#8221;all&#8221; locked=&#8221;off&#8221; global_colors_info=&#8221;{}&#8221;][et_pb_row column_structure=&#8221;3_5,2_5&#8243; use_custom_gutter=&#8221;on&#8221; gutter_width=&#8221;2&#8243; make_equal=&#8221;on&#8221; _builder_version=&#8221;4.21.0&#8243; _module_preset=&#8221;default&#8221; global_colors_info=&#8221;{}&#8221;][et_pb_column type=&#8221;3_5&#8243; _builder_version=&#8221;4.21.0&#8243; _module_preset=&#8221;default&#8221; background_color=&#8221;#56514F&#8221; custom_padding=&#8221;32px|32px|32px|32px|true|true&#8221; border_radii=&#8221;on|16px|16px|16px|16px&#8221; box_shadow_color_last_edited=&#8221;off|desktop&#8221; global_colors_info=&#8221;{}&#8221; box_shadow_color__hover_enabled=&#8221;on|desktop&#8221; box_shadow_color__hover=&#8221;rgba(0,0,0,0.33)&#8221;][et_pb_text _builder_version=&#8221;4.24.1&#8243; _module_preset=&#8221;default&#8221; text_text_color=&#8221;#FFFFFF&#8221; header_text_color=&#8221;#FFFFFF&#8221; header_2_text_color=&#8221;#FFFFFF&#8221; header_3_text_color=&#8221;#FFFFFF&#8221; max_width=&#8221;320px&#8221; custom_margin=&#8221;||32px||false|false&#8221; content_en_us=&#8221;<\/p>\n<h3>Trade fairs<\/h3>\n<p><span>The Niederrhein is represented at the major relevant real estate trade fairs with its own stand. This is where you can not only meet us, but also the decision makers from our towns and local administrative districts.<\/span><\/p>\n<p>&#8221; global_colors_info=&#8221;{}&#8221;]<\/p>\n<h3>Messen<\/h3>\n<p><span>Der Standort Niederrhein ist auf den gro\u00dfen Immobilienrelevanten Messen mit einem eigenen Stand pr\u00e4sent. Hier treffen Sie nicht nur uns, sondern auch Entscheiderinnen und Entscheidet\u00a0aus unseren St\u00e4dten und Kreisen.<\/span><\/p>\n<p>[\/et_pb_text][et_pb_button button_url=&#8221;@ET-DC@eyJkeW5hbWljIjp0cnVlLCJjb250ZW50IjoicG9zdF9saW5rX3VybF9wYWdlIiwic2V0dGluZ3MiOnsicG9zdF9pZCI6IjI3MDQifX0=@&#8221; button_text=&#8221;mehr erfahren&#8221; _builder_version=&#8221;4.24.1&#8243; _dynamic_attributes=&#8221;button_url&#8221; _module_preset=&#8221;default&#8221; button_text_color=&#8221;#FFFFFF&#8221; button_icon_color=&#8221;#56514F&#8221; positioning=&#8221;absolute&#8221; position_origin_a=&#8221;bottom_right&#8221; vertical_offset=&#8221;32px&#8221; horizontal_offset=&#8221;32px&#8221; custom_margin=&#8221;96px||||false|false&#8221; custom_padding=&#8221;0px||0px|0px|false|false&#8221; button_icon_color_last_edited=&#8221;off|desktop&#8221; custom_css_after=&#8221;background-color: #fff;||text-align: right;||width: 23px;||height: 29px;||border-radius: 16px;||position: absolute;||padding: 3px 9px 0 0;||top: -3px;||right: -12px;||z-index: -1;&#8221; button_text_en_us=&#8221;learn more&#8221; global_colors_info=&#8221;{}&#8221; button_bg_enable_color__hover=&#8221;on&#8221; custom_css_after_last_edited=&#8221;off|desktop&#8221; button_text_color__hover_enabled=&#8221;on|hover&#8221; button_text_color__hover=&#8221;#56514F&#8221; button_icon_color__hover_enabled=&#8221;on|desktop&#8221; button_icon_color__hover=&#8221;#56514F&#8221;][\/et_pb_button][\/et_pb_column][et_pb_column type=&#8221;2_5&#8243; _builder_version=&#8221;4.21.0&#8243; _module_preset=&#8221;default&#8221; background_color=&#8221;#FE5000&#8243; custom_padding=&#8221;32px|32px|32px|32px|true|true&#8221; border_radii=&#8221;on|16px|16px|16px|16px&#8221; global_colors_info=&#8221;{}&#8221;][et_pb_text _builder_version=&#8221;4.24.1&#8243; _module_preset=&#8221;default&#8221; text_text_color=&#8221;#FFFFFF&#8221; header_text_color=&#8221;#FFFFFF&#8221; header_2_text_color=&#8221;#FFFFFF&#8221; header_3_text_color=&#8221;#FFFFFF&#8221; max_width=&#8221;320px&#8221; custom_margin=&#8221;||32px||false|false&#8221; content_en_us=&#8221;<\/p>\n<h3>Facts &#038; figures<\/h3>\n<p>The Niederrhein Region stands for reliable development potential, which can be raised continually over the years.<\/p>\n<p>&#8221; global_colors_info=&#8221;{}&#8221;]<\/p>\n<h3>Zahlen, Daten, Fakten<\/h3>\n<p>Der Nieder\u00adrhein steht fu\u0308r ein verl\u00e4ssliches Entwicklungspotenzial, das u\u0308ber die Jahre hinweg kontinuierlich gehoben werden kann.<\/p>\n<p>[\/et_pb_text][et_pb_button button_url=&#8221;@ET-DC@eyJkeW5hbWljIjp0cnVlLCJjb250ZW50IjoicG9zdF9saW5rX3VybF9wYWdlIiwic2V0dGluZ3MiOnsicG9zdF9pZCI6IjI1ODkifX0=@&#8221; button_text=&#8221;mehr erfahren&#8221; _builder_version=&#8221;4.24.1&#8243; _dynamic_attributes=&#8221;button_url&#8221; _module_preset=&#8221;default&#8221; button_text_color=&#8221;#FFFFFF&#8221; button_icon_color=&#8221;#FE5000&#8243; positioning=&#8221;absolute&#8221; position_origin_a=&#8221;bottom_right&#8221; vertical_offset=&#8221;32px&#8221; horizontal_offset=&#8221;32px&#8221; custom_margin=&#8221;96px||||false|false&#8221; custom_padding=&#8221;0px||0px|0px|false|false&#8221; button_icon_color_last_edited=&#8221;off|desktop&#8221; custom_css_after=&#8221;background-color: #fff;||text-align: right;||width: 23px;||height: 29px;||border-radius: 16px;||position: absolute;||padding: 3px 9px 0 0;||top: -3px;||right: -12px;||z-index: -1;&#8221; button_text_en_us=&#8221;learn more&#8221; global_colors_info=&#8221;{}&#8221; button_bg_enable_color__hover=&#8221;on&#8221; custom_css_after_last_edited=&#8221;off|desktop&#8221; button_text_color__hover_enabled=&#8221;on|hover&#8221; button_text_color__hover=&#8221;#FE5000&#8243; button_icon_color__hover_enabled=&#8221;on|hover&#8221; button_icon_color__hover=&#8221;#FE5000&#8243;][\/et_pb_button][\/et_pb_column][\/et_pb_row][et_pb_row column_structure=&#8221;1_2,1_2&#8243; use_custom_gutter=&#8221;on&#8221; gutter_width=&#8221;2&#8243; make_equal=&#8221;on&#8221; _builder_version=&#8221;4.21.0&#8243; _module_preset=&#8221;default&#8221; background_color=&#8221;#847973&#8243; custom_padding=&#8221;32px|32px|32px|32px|true|true&#8221; border_radii=&#8221;on|16px|16px|16px|16px&#8221; global_colors_info=&#8221;{}&#8221;][et_pb_column type=&#8221;1_2&#8243; _builder_version=&#8221;4.21.0&#8243; _module_preset=&#8221;default&#8221; custom_padding=&#8221;0px|0px|0px|0px|false|false&#8221; global_colors_info=&#8221;{}&#8221;][et_pb_text _builder_version=&#8221;4.21.0&#8243; _module_preset=&#8221;default&#8221; header_3_text_color=&#8221;#FFFFFF&#8221; global_colors_info=&#8221;{}&#8221;]<\/p>\n<h3>Downloads<\/h3>\n<p>[\/et_pb_text][\/et_pb_column][et_pb_column type=&#8221;1_2&#8243; _builder_version=&#8221;4.21.0&#8243; _module_preset=&#8221;default&#8221; custom_padding=&#8221;0px|0px|0px|0px|false|false&#8221; global_colors_info=&#8221;{}&#8221;][et_pb_button button_url=&#8221;@ET-DC@eyJkeW5hbWljIjp0cnVlLCJjb250ZW50IjoicG9zdF9saW5rX3VybF9wYWdlIiwic2V0dGluZ3MiOnsicG9zdF9pZCI6IjI0NzAifX0=@&#8221; button_text=&#8221;mehr erfahren&#8221; _builder_version=&#8221;4.23.1&#8243; _dynamic_attributes=&#8221;button_url&#8221; _module_preset=&#8221;default&#8221; button_text_color=&#8221;#FFFFFF&#8221; button_icon_color=&#8221;#847973&#8243; custom_margin=&#8221;0px||0px||false|false&#8221; button_icon_color_last_edited=&#8221;off|desktop&#8221; custom_css_after=&#8221;background-color: #fff;||text-align: right;||width: 23px;||height: 29px;||border-radius: 16px;||position: absolute;||padding: 3px 9px 0 0;||top: -3px;||right: -12px;||z-index: -1;&#8221; button_text_en_us=&#8221;learn more&#8221; global_colors_info=&#8221;{}&#8221; button_bg_enable_color__hover=&#8221;on&#8221; custom_css_after_last_edited=&#8221;off|desktop&#8221; button_text_color__hover_enabled=&#8221;on|hover&#8221; button_text_color__hover=&#8221;#847973&#8243; button_icon_color__hover_enabled=&#8221;on|desktop&#8221; button_icon_color__hover=&#8221;#847973&#8243;][\/et_pb_button][\/et_pb_column][\/et_pb_row][et_pb_row column_structure=&#8221;1_2,1_2&#8243; use_custom_gutter=&#8221;on&#8221; gutter_width=&#8221;2&#8243; make_equal=&#8221;on&#8221; _builder_version=&#8221;4.21.0&#8243; _module_preset=&#8221;default&#8221; global_colors_info=&#8221;{}&#8221;][et_pb_column type=&#8221;1_2&#8243; _builder_version=&#8221;4.21.0&#8243; _module_preset=&#8221;default&#8221; background_color=&#8221;#847973&#8243; custom_padding=&#8221;32px|32px|32px|32px|true|true&#8221; border_radii=&#8221;on|16px|16px|16px|16px&#8221; global_colors_info=&#8221;{}&#8221;][et_pb_text _builder_version=&#8221;4.24.2&#8243; _module_preset=&#8221;default&#8221; text_text_color=&#8221;#FFFFFF&#8221; header_text_color=&#8221;#FFFFFF&#8221; header_2_text_color=&#8221;#FFFFFF&#8221; header_3_text_color=&#8221;#FFFFFF&#8221; max_width=&#8221;320px&#8221; custom_margin=&#8221;||32px||false|false&#8221; content_en_us=&#8221;<\/p>\n<h3>Newsletter<\/h3>\n<p>Stay up to date and sign up for our Niederrhein Report newsletter. Please note that the newsletter is currently only in German.<\/p>\n<p>&#8221; global_colors_info=&#8221;{}&#8221;]<\/p>\n<h3>Newsletter<\/h3>\n<p><span>Abbonieren Sie unseren monatlichen Standort Niederrhein Report, um auf dem Laufenden zu bleiben.<\/span><\/p>\n<p>[\/et_pb_text][et_pb_button button_url=&#8221;#newsletter&#8221; button_text=&#8221;mehr erfahren&#8221; _builder_version=&#8221;4.24.1&#8243; _module_preset=&#8221;default&#8221; button_text_color=&#8221;#FFFFFF&#8221; button_icon_color=&#8221;#847973&#8243; positioning=&#8221;absolute&#8221; position_origin_a=&#8221;bottom_right&#8221; vertical_offset=&#8221;32px&#8221; horizontal_offset=&#8221;32px&#8221; custom_margin=&#8221;96px||||false|false&#8221; custom_padding=&#8221;0px||0px|0px|false|false&#8221; button_icon_color_last_edited=&#8221;off|desktop&#8221; custom_css_after=&#8221;background-color: #fff;||text-align: right;||width: 23px;||height: 29px;||border-radius: 16px;||position: absolute;||padding: 3px 9px 0 0;||top: -3px;||right: -12px;||z-index: -1;&#8221; button_text_en_us=&#8221;learn more&#8221; global_colors_info=&#8221;{}&#8221; button_bg_enable_color__hover=&#8221;on&#8221; custom_css_after_last_edited=&#8221;off|desktop&#8221; button_text_color__hover_enabled=&#8221;on|hover&#8221; button_text_color__hover=&#8221;#847973&#8243; button_icon_color__hover_enabled=&#8221;on|desktop&#8221; button_icon_color__hover=&#8221;#847973&#8243;][\/et_pb_button][\/et_pb_column][et_pb_column type=&#8221;1_2&#8243; _builder_version=&#8221;4.21.0&#8243; _module_preset=&#8221;default&#8221; background_color=&#8221;#847973&#8243; custom_padding=&#8221;32px|32px|32px|32px|true|true&#8221; border_radii=&#8221;on|16px|16px|16px|16px&#8221; global_colors_info=&#8221;{}&#8221;][et_pb_text _builder_version=&#8221;4.24.1&#8243; _module_preset=&#8221;default&#8221; text_text_color=&#8221;#FFFFFF&#8221; header_text_color=&#8221;#FFFFFF&#8221; header_2_text_color=&#8221;#FFFFFF&#8221; header_3_text_color=&#8221;#FFFFFF&#8221; max_width=&#8221;320px&#8221; custom_margin=&#8221;||32px||false|false&#8221; content_en_us=&#8221;<\/p>\n<h3>Key Industries<\/h3>\n<p>The Niederrhein Region\u2019s characteristic industries are chemicals, mechanical engineering, logistics, energy, agribusiness, electrical engineering, textiles and clothing as well as tourism.<span class=%22Apple-converted-space%22> <\/span><\/p>\n<p>&#8221; global_colors_info=&#8221;{}&#8221;]<\/p>\n<h3>Kernbranchen<\/h3>\n<p>Charakterisierende Branchen am Standort Niederrhein sind Chemie, Maschinen\u00adbau, Logistik, Energie, Agrobusiness, Elektro\u00adtechnik, Textil und Bekleidung sowie Tourismus.<span class=\"Apple-converted-space\">\u00a0<\/span><\/p>\n<p>[\/et_pb_text][et_pb_button button_url=&#8221;@ET-DC@eyJkeW5hbWljIjp0cnVlLCJjb250ZW50IjoicG9zdF9saW5rX3VybF9wYWdlIiwic2V0dGluZ3MiOnsicG9zdF9pZCI6IjExMzQifX0=@&#8221; button_text=&#8221;mehr erfahren&#8221; _builder_version=&#8221;4.24.1&#8243; _dynamic_attributes=&#8221;button_url&#8221; _module_preset=&#8221;default&#8221; button_text_color=&#8221;#FFFFFF&#8221; button_icon_color=&#8221;#847973&#8243; positioning=&#8221;absolute&#8221; position_origin_a=&#8221;bottom_right&#8221; vertical_offset=&#8221;32px&#8221; horizontal_offset=&#8221;32px&#8221; custom_margin=&#8221;96px||||false|false&#8221; custom_padding=&#8221;0px||0px|0px|false|false&#8221; button_icon_color_last_edited=&#8221;off|desktop&#8221; custom_css_after=&#8221;background-color: #fff;||text-align: right;||width: 23px;||height: 29px;||border-radius: 16px;||position: absolute;||padding: 3px 9px 0 0;||top: -3px;||right: -12px;||z-index: -1;&#8221; button_text_en_us=&#8221;learn more&#8221; global_colors_info=&#8221;{}&#8221; button_bg_enable_color__hover=&#8221;on&#8221; custom_css_after_last_edited=&#8221;off|desktop&#8221; button_text_color__hover_enabled=&#8221;on|hover&#8221; button_text_color__hover=&#8221;#847973&#8243; button_icon_color__hover_enabled=&#8221;on|desktop&#8221; button_icon_color__hover=&#8221;#847973&#8243;][\/et_pb_button][\/et_pb_column][\/et_pb_row][\/et_pb_section][et_pb_section fb_built=&#8221;1&#8243; admin_label=&#8221;Partner Slider&#8221; _builder_version=&#8221;4.23.1&#8243; _module_preset=&#8221;default&#8221; background_enable_color=&#8221;off&#8221; custom_margin=&#8221;||100px||false|false&#8221; locked=&#8221;off&#8221; global_colors_info=&#8221;{}&#8221;][et_pb_row module_id=&#8221;partner-slider-row&#8221; _builder_version=&#8221;4.21.0&#8243; _module_preset=&#8221;default&#8221; background_enable_color=&#8221;off&#8221; global_colors_info=&#8221;{}&#8221;][et_pb_column type=&#8221;4_4&#8243; _builder_version=&#8221;4.21.0&#8243; _module_preset=&#8221;default&#8221; global_colors_info=&#8221;{}&#8221;][et_pb_text _builder_version=&#8221;4.21.0&#8243; _module_preset=&#8221;default&#8221; text_orientation=&#8221;center&#8221; global_colors_info=&#8221;{}&#8221;]<\/p>\n<h3>Unser Partnernetzwerk<\/h3>\n<p>[\/et_pb_text][dsm_card_carousel slide_to_show=&#8221;2&#8243; space_between=&#8221;0&#8243; equal_height=&#8221;on&#8221; layout=&#8221;inline&#8221; layout_inline_image_width=&#8221;33%&#8221; content_horizontal_alignment=&#8221;flex-start&#8221; arrows=&#8221;off&#8221; dots_horizontal_placement=&#8221;0px&#8221; dots_active_color=&#8221;#56514F&#8221; dots_inactive_color=&#8221;#ABA8A7&#8243; image_alignment=&#8221;right&#8221; _builder_version=&#8221;4.21.0&#8243; _module_preset=&#8221;default&#8221; header_level=&#8221;h5&#8243; header_font_size=&#8221;14px&#8221; body_font_size=&#8221;12px&#8221; body_line_height=&#8221;16px&#8221; custom_button=&#8221;on&#8221; button_text_size=&#8221;12px&#8221; button_text_color=&#8221;#000000&#8243; button_bg_color=&#8221;RGBA(255,255,255,0)&#8221; button_border_width=&#8221;0px&#8221; button_border_radius=&#8221;0px&#8221; button_icon=&#8221;&#xe03c;||divi||400&#8243; button_icon_color=&#8221;#000000&#8243; button_on_hover=&#8221;off&#8221; button_alignment=&#8221;right&#8221; button_custom_margin=&#8221;|32px|||false|false&#8221; button_custom_padding=&#8221;|0px||0px|false|false&#8221; custom_margin=&#8221;||0px||false|false&#8221; custom_css_after=&#8221;content: %22%22;||background: linear-gradient(-90deg, rgba(255,255,255,1) 0%, rgba(255,255,255,0) 99%);||position: absolute;||width: 20%;||height: 100%;||top: 0;||right: 0;||pointer-events: none;||z-index: 10;&#8221; global_colors_info=&#8221;{}&#8221; button_text_color__hover_enabled=&#8221;on|desktop&#8221; button_text_color__hover=&#8221;#FE5000&#8243; button_bg_color__hover_enabled=&#8221;on|hover&#8221; button_bg_color__hover=&#8221;RGBA(255,255,255,0)&#8221; button_bg_enable_color__hover=&#8221;on&#8221; button_icon_color__hover_enabled=&#8221;on|hover&#8221; button_icon_color__hover=&#8221;#FE5000&#8243;][dsm_card_carousel_child title=&#8221;Regionalagentur Mittlerer Niederrhein&#8221; image=&#8221;https:\/\/standort-niederrhein.de\/wp-content\/uploads\/2023\/07\/regionalagentur.svg&#8221; content_padding=&#8221;20px|48px|20px|0px|false|false&#8221; button_text=&#8221;zu Regionalagentur Mittlerer Niederrhein&#8221; button_url=&#8221;https:\/\/regionalagentur-mittlerer-niederrhein.de&#8221; button_url_new_window=&#8221;1&#8243; _builder_version=&#8221;4.21.0&#8243; _module_preset=&#8221;default&#8221; custom_padding=&#8221;|32px|||false|false&#8221; global_colors_info=&#8221;{}&#8221; parent_button=&#8221;on&#8221; parent_button_icon=&#8221;\ue03c&#8221; parent_header_level=&#8221;h5&#8243;]<\/p>\n<p>Die zentrale Schaltstelle zwischen dem nordrhein-westf\u00e4lischen Ministerium f\u00fcr Arbeit, Gesundheit und Soziales und der Region Mittlerer Niederrhein, zu der der Rhein-Kreis Neuss, der Kreis Viersen sowie die beiden kreisfreien St\u00e4dte Krefeld und M\u00f6nchengladbach geh\u00f6ren.<\/p>\n<p>[\/dsm_card_carousel_child][dsm_card_carousel_child title=&#8221;Zukunftsagentur Rheinisches Revier&#8221; image=&#8221;https:\/\/standort-niederrhein.de\/wp-content\/uploads\/2023\/07\/Rheinisches-Revier.svg&#8221; button_text=&#8221;zu Zukunftsagentur Rheinisches Revier&#8221; button_url=&#8221;https:\/\/www.rheinisches-revier.de&#8221; button_url_new_window=&#8221;1&#8243; _builder_version=&#8221;4.21.0&#8243; _module_preset=&#8221;default&#8221; global_colors_info=&#8221;{}&#8221; parent_button=&#8221;on&#8221; parent_button_icon=&#8221;\ue03c&#8221; parent_header_level=&#8221;h5&#8243;]<\/p>\n<p>Das Rheinische Revier befindet sich in einem Ver\u00e4nderungsprozess. Mit der Abkehr vom Braunkohleabbau bis sp\u00e4testens 2030 steht die Region vor der Herausforderung, die Energieversorgung zu transformieren.<\/p>\n<p>[\/dsm_card_carousel_child][dsm_card_carousel_child title=&#8221;regionen.NRW&#8221; image=&#8221;https:\/\/standort-niederrhein.de\/wp-content\/uploads\/2023\/07\/regionen-NRW.svg&#8221; content_padding=&#8221;20px|48px|20px|0px|false|false&#8221; button_text=&#8221;zu regionen.NRW&#8221; button_url=&#8221;https:\/\/regionen.nrw&#8221; button_url_new_window=&#8221;1&#8243; _builder_version=&#8221;4.21.0&#8243; _module_preset=&#8221;default&#8221; custom_padding=&#8221;|32px|||false|false&#8221; global_colors_info=&#8221;{}&#8221; parent_button=&#8221;on&#8221; parent_button_icon=&#8221;\ue03c&#8221; parent_header_level=&#8221;h5&#8243;]<\/p>\n<p>regionen.NRW ist der Zusammenschluss der neun regionalen Entwicklungs- und Marketingorganisationen in Nordrhein-Westfalen. Sie managen regionale Entwicklungsprozesse und Projekte und repr\u00e4sentieren ihre jeweilige Region nach au\u00dfen.<\/p>\n<p>[\/dsm_card_carousel_child][dsm_card_carousel_child title=&#8221;NRW.Global Business&#8221; image=&#8221;https:\/\/standort-niederrhein.de\/wp-content\/uploads\/2023\/07\/NRW-Global-Business.svg&#8221; content_padding=&#8221;20px|48px|20px|0px|false|false&#8221; button_text=&#8221;zu NRW.Global Business&#8221; button_url=&#8221;https:\/\/www.nrwglobalbusiness.com&#8221; button_url_new_window=&#8221;1&#8243; _builder_version=&#8221;4.21.0&#8243; _module_preset=&#8221;default&#8221; custom_padding=&#8221;|32px|||false|false&#8221; global_colors_info=&#8221;{}&#8221; parent_button=&#8221;on&#8221; parent_button_icon=&#8221;\ue03c&#8221; parent_header_level=&#8221;h5&#8243;]<\/p>\n<p>NRW.Global Business ist die Au\u00dfenwirtschaftsf\u00f6rderung des Landes NRW. Sie ist Partner f\u00fcr alle Unternehmen bei Investitionsprojekten und der Ansiedlung in NRW, bei der Erschlie\u00dfung von Auslandsm\u00e4rkten f\u00fcr NRW-Unternehmen und der Vernetzung mit internationalen Gesch\u00e4ftspartnern.<\/p>\n<p>[\/dsm_card_carousel_child][\/dsm_card_carousel][\/et_pb_column][\/et_pb_row][\/et_pb_section]<\/p>\n","protected":false},"excerpt":{"rendered":"<p>Standort Niederrhein GmbH \u00dcber uns Die Standort Niederrhein GmbH wurde im Dezember 1995 gegr\u00fcndet. Sie ist mittlerweile ein Zusammenschluss der beiden kreisfreien St\u00e4dte Krefeld und M\u00f6nchengladbach, der Kreise Kleve, Viersen, Wesel und des Rhein-Kreis Neuss sowie der IHK Mittlerer Niederrhein. <div class=\"et_pb_module dsm_lottie dsm_lottie_0\">\n\t\t\t\t\n\t\t\t\t\n\t\t\t\t\n\t\t\t\t\n\t\t\t\t\n\t\t\t\t\n\t\t\t\t<div class=\"et_pb_module_inner\">\n\t\t\t\t\t<div class=\"dsm_lottie_wrapper\" data-percent-viewport=\"\" data-params={&quot;path&quot;:&quot;https:\\\/\\\/standort-niederrhein.de\\\/wp-content\\\/uploads\\\/2023\\\/11\\\/Logo-Reveal.json&quot;,&quot;loop&quot;:false,&quot;loop_no&quot;:&quot;&quot;,&quot;delay&quot;:&quot;500ms&quot;,&quot;direction&quot;:&quot;1&quot;,&quot;speed&quot;:&quot;1&quot;,&quot;hover&quot;:false,&quot;trigger&quot;:&quot;on_hover&quot;,&quot;scroll&quot;:&quot;on_hover&quot;,&quot;mouseout&quot;:&quot;no_action&quot;,&quot;viewport&quot;:&quot;50%&quot;}>\n\t\t\t<\/div>\n\t\t\t\t<\/div>\n\t\t\t<\/div>Die Standort Niederrhein GmbH ist die erste Anlaufstelle f\u00fcr Investoren und Unternehmen, die sich f\u00fcr den Niederrhein als Standort interessieren. Die Aufgaben der Standort Niederrhein GmbH umfassen das nationale und internationale Standort\u00admarketing f\u00fcr die Region, die themenorientierte Netzwerk\u00adarbeit sowie die Tr\u00e4gerschaft der Regionalagentur Mittlerer Niederrhein.F\u00fcr Investoren und Unternehmen, die sich f\u00fcr den Standort Niederrhein interessieren, ist die Gesellschaft erste Anlaufstelle und unterst\u00fctzt in enger Kooperation mit den kommunalen Wirtschafts\u00adf\u00f6rderungen bei der Suche nach geeigneten Standorten. Erg\u00e4nzend bereitet sie kontinuierlich investorenrelevante Informationen zur Region beispielsweise im Immobilienguide oder Marktbericht auf.<div class=\"et_pb_module dsm_lottie dsm_lottie_1\">\n\t\t\t\t\n\t\t\t\t\n\t\t\t\t\n\t\t\t\t\n\t\t\t\t\n\t\t\t\t\n\t\t\t\t<div class=\"et_pb_module_inner\">\n\t\t\t\t\t<div class=\"dsm_lottie_wrapper\" data-percent-viewport=\"\" data-params={&quot;path&quot;:&quot;https:\\\/\\\/standort-niederrhein.de\\\/wp-content\\\/uploads\\\/2024\\\/04\\\/europa-entfernungen.json&quot;,&quot;loop&quot;:false,&quot;loop_no&quot;:&quot;&quot;,&quot;delay&quot;:&quot;500ms&quot;,&quot;direction&quot;:&quot;1&quot;,&quot;speed&quot;:&quot;1&quot;,&quot;hover&quot;:false,&quot;trigger&quot;:&quot;on_hover&quot;,&quot;scroll&quot;:&quot;on_hover&quot;,&quot;mouseout&quot;:&quot;no_action&quot;,&quot;viewport&quot;:&quot;30%&quot;}>\n\t\t\t<\/div>\n\t\t\t\t<\/div>\n\t\t\t<\/div>Im Herzen Europas, ganz im Westen von Deutschland und Nordrhein-Westfalen liegt der Standort Niederrhein. Ausschlag\u00adgebend f\u00fcr die zentrale Lage des Standort Niederrhein ist seine unmittelbare N\u00e4he zu den Toren der Welt\u00adm\u00e4rkte, zur Landes\u00adhauptstadt D\u00fcsseldorf, zum Ruhrgebiet, zu den benachbarten Nieder\u00adlanden sowie Belgien und Luxemburg. Die St\u00e4dte Krefeld und M\u00f6nchen\u00adgladbach sowie die Kreise Kleve, Viersen, Wesel [&hellip;]<\/p>\n","protected":false},"author":1,"featured_media":0,"parent":0,"menu_order":0,"comment_status":"closed","ping_status":"closed","template":"","meta":{"_et_pb_use_builder":"on","_et_pb_old_content":"","_et_gb_content_width":"","footnotes":""},"class_list":["post-1945","page","type-page","status-publish","hentry"],"_links":{"self":[{"href":"https:\/\/standort-niederrhein.de\/en\/wp-json\/wp\/v2\/pages\/1945","targetHints":{"allow":["GET"]}}],"collection":[{"href":"https:\/\/standort-niederrhein.de\/en\/wp-json\/wp\/v2\/pages"}],"about":[{"href":"https:\/\/standort-niederrhein.de\/en\/wp-json\/wp\/v2\/types\/page"}],"author":[{"embeddable":true,"href":"https:\/\/standort-niederrhein.de\/en\/wp-json\/wp\/v2\/users\/1"}],"replies":[{"embeddable":true,"href":"https:\/\/standort-niederrhein.de\/en\/wp-json\/wp\/v2\/comments?post=1945"}],"version-history":[{"count":176,"href":"https:\/\/standort-niederrhein.de\/en\/wp-json\/wp\/v2\/pages\/1945\/revisions"}],"predecessor-version":[{"id":3880,"href":"https:\/\/standort-niederrhein.de\/en\/wp-json\/wp\/v2\/pages\/1945\/revisions\/3880"}],"wp:attachment":[{"href":"https:\/\/standort-niederrhein.de\/en\/wp-json\/wp\/v2\/media?parent=1945"}],"curies":[{"name":"wp","href":"https:\/\/api.w.org\/{rel}","templated":true}]}}