{"id":15,"date":"2023-04-27T16:55:43","date_gmt":"2023-04-27T14:55:43","guid":{"rendered":"https:\/\/standort-niederrhein.dev-zs.de\/?page_id=15"},"modified":"2026-03-18T10:02:24","modified_gmt":"2026-03-18T09:02:24","slug":"startseite","status":"publish","type":"page","link":"https:\/\/standort-niederrhein.de\/en\/","title":{"rendered":"Startseite"},"content":{"rendered":"<p>[et_pb_section fb_built=&#8221;1&#8243; admin_label=&#8221;Code Section Hompage Header Bar&#8221; _builder_version=&#8221;4.21.0&#8243; _module_preset=&#8221;default&#8221; background_color=&#8221;#FE5000&#8243; height=&#8221;84px&#8221; custom_margin=&#8221;-84px||||false|false&#8221; custom_padding=&#8221;0px|48px|0px|48px|true|true&#8221; global_colors_info=&#8221;{}&#8221;][et_pb_row _builder_version=&#8221;4.21.0&#8243; _module_preset=&#8221;default&#8221; custom_margin=&#8221;0px||0px||true|false&#8221; global_colors_info=&#8221;{}&#8221;][et_pb_column type=&#8221;4_4&#8243; _builder_version=&#8221;4.21.0&#8243; _module_preset=&#8221;default&#8221; global_colors_info=&#8221;{}&#8221;][et_pb_code _builder_version=&#8221;4.21.0&#8243; _module_preset=&#8221;default&#8221; global_colors_info=&#8221;{}&#8221;]<script><!-- [et_pb_line_break_holder] -->jQuery(function($){<!-- [et_pb_line_break_holder] -->  $('#section-header-bar').addClass('scroll-header-orange');<!-- [et_pb_line_break_holder] -->  $(window).scroll(function() {<!-- [et_pb_line_break_holder] -->      if ($(document).scrollTop() > 50) {<!-- [et_pb_line_break_holder] -->        $('#section-header-bar').removeClass('scroll-header-orange');<!-- [et_pb_line_break_holder] -->    } else {<!-- [et_pb_line_break_holder] -->      $('#section-header-bar').addClass('scroll-header-orange');<!-- [et_pb_line_break_holder] -->    }<!-- [et_pb_line_break_holder] -->  });<!-- [et_pb_line_break_holder] -->});<!-- [et_pb_line_break_holder] --><\/script>[\/et_pb_code][\/et_pb_column][\/et_pb_row][\/et_pb_section][et_pb_section fb_built=&#8221;1&#8243; _builder_version=&#8221;4.27.4&#8243; _module_preset=&#8221;default&#8221; background_color=&#8221;#FE5000&#8243; locked=&#8221;off&#8221; global_colors_info=&#8221;{}&#8221;][et_pb_row disabled_on=&#8221;off|off|off&#8221; _builder_version=&#8221;4.27.6&#8243; _module_preset=&#8221;default&#8221; global_colors_info=&#8221;{}&#8221;][et_pb_column type=&#8221;4_4&#8243; _builder_version=&#8221;4.21.0&#8243; _module_preset=&#8221;default&#8221; global_colors_info=&#8221;{}&#8221;][et_pb_slider use_bg_overlay=&#8221;off&#8221; module_id=&#8221;hero-slider&#8221; _builder_version=&#8221;4.27.5&#8243; _module_preset=&#8221;default&#8221; header_font=&#8221;||||||||&#8221; header_text_color=&#8221;#000000&#8243; header_font_size=&#8221;42px&#8221; header_line_height=&#8221;48px&#8221; body_text_color=&#8221;#000000&#8243; body_font_size=&#8221;16px&#8221; body_line_height=&#8221;24px&#8221; background_enable_color=&#8221;off&#8221; custom_button=&#8221;on&#8221; button_text_size=&#8221;16px&#8221; button_text_color=&#8221;#FE5000&#8243; text_orientation=&#8221;left&#8221; width=&#8221;100%&#8221; height=&#8221;100%&#8221; custom_padding=&#8221;0px|0px|0px|0px|false|false&#8221; global_colors_info=&#8221;{}&#8221;][et_pb_slide heading=&#8221;polis Convention 2026&#8243; button_text=&#8221;mehr Informationen&#8221; button_link=&#8221;@ET-DC@eyJkeW5hbWljIjp0cnVlLCJjb250ZW50IjoicG9zdF9saW5rX3VybF9wYWdlIiwic2V0dGluZ3MiOnsicG9zdF9pZCI6IjM1MzkifX0=@&#8221; image=&#8221;https:\/\/standort-niederrhein.de\/wp-content\/uploads\/2025\/05\/Polis2025.0131-2.jpg&#8221; _builder_version=&#8221;4.27.4&#8243; _dynamic_attributes=&#8221;button_link&#8221; _module_preset=&#8221;b14e46cf-2189-4dca-a9a7-e8de1984477b&#8221; heading_en_us=&#8221;polis Convention 2026&#8243; button_text_en_us=&#8221;more information&#8221; content_en_us=&#8221;<\/p>\n<p>We will be at the polis Convention \u2013 Germany&#8217;s leading trade fair for urban and project development \u2013 on May 06 and 07.<\/p>\n<p>&#8221; global_colors_info=&#8221;{}&#8221; sticky_transition=&#8221;on&#8221;]<\/p>\n<p><span>Die Standort Niederrhein GmbH ist am 06. und 07. Mai 2026 wieder auf der polis Convention \u2013 die bundesweit f\u00fchrende Messe f\u00fcr Stadt- und Projektentwicklung \u2013 mit dabei.<\/span><\/p>\n<p>[\/et_pb_slide][et_pb_slide heading=&#8221;EXPO REAL 2026&#8243; button_text=&#8221;mehr Informationen&#8221; button_link=&#8221;@ET-DC@eyJkeW5hbWljIjp0cnVlLCJjb250ZW50IjoicG9zdF9saW5rX3VybF9wYWdlIiwic2V0dGluZ3MiOnsicG9zdF9pZCI6IjI3NDkifX0=@&#8221; image=&#8221;https:\/\/standort-niederrhein.de\/wp-content\/uploads\/2025\/10\/18.jpg&#8221; _builder_version=&#8221;4.27.5&#8243; _dynamic_attributes=&#8221;button_link&#8221; _module_preset=&#8221;b14e46cf-2189-4dca-a9a7-e8de1984477b&#8221; button_text_en_us=&#8221;more information&#8221; content_en_us=&#8221;<\/p>\n<p>From October 5\u20137, we\u2019ll be at EXPO REAL \u2013 one of the most important trade fairs for the real estate industry.<\/p>\n<p>&#8221; global_colors_info=&#8221;{}&#8221; sticky_transition=&#8221;on&#8221;]<\/p>\n<p><strong>Niederrhein \u2013 einfach stark. <\/strong>Mit diesem Selbstverst\u00e4ndnis werden wir vom <span class=\"nobreak\">5.\u20137.<\/span> Oktober wieder auf der EXPO REAL vertreten sein \u2013 eine der wichtigsten Immobilienmessen Europas.<\/p>\n<p>[\/et_pb_slide][et_pb_slide heading=&#8221;#Niederrhein EinfachStark&#8221; button_text=&#8221;zur Seite&#8221; button_link=&#8221;https:\/\/niederrhein-einfach-stark.de\/&#8221; image=&#8221;https:\/\/standort-niederrhein.de\/wp-content\/uploads\/2026\/02\/Bild071.jpg&#8221; _builder_version=&#8221;4.27.5&#8243; _module_preset=&#8221;default&#8221; link_option_url_new_window=&#8221;on&#8221; button_link_en_us=&#8221;https:\/\/niederrhein-einfach-stark.de\/&#8221; global_colors_info=&#8221;{}&#8221; sticky_transition=&#8221;on&#8221;]<\/p>\n<p><span>Der Niederrhein zeigt sich digital in neuer Bestform: Im Rahmen einer gemeinsamen Fachkr\u00e4ftekampagne haben wir gemeinsam mit den St\u00e4dten M\u00f6nchengladbach und Krefeld, dem Rhein-Kreis Neuss und den Kreisen Kleve, Viersen und Wesel sowie der IHK Mittlerer Niederrhein eine vollst\u00e4ndig neue Standort-Webseite entwickelt. <\/span><\/p>\n<p>[\/et_pb_slide][et_pb_slide heading=&#8221;Gewerbefl\u00e4chenportal&#8221; button_text=&#8221;zum Portal&#8221; button_link=&#8221;https:\/\/niederrhein.blis-online.eu\/&#8221; url_new_window=&#8221;on&#8221; image=&#8221;https:\/\/standort-niederrhein.de\/wp-content\/uploads\/2023\/12\/Gewerbeflaechenportal.jpg&#8221; admin_title=&#8221;Gewerbefla\u0308chenportal&#8221; _builder_version=&#8221;4.24.3&#8243; _module_preset=&#8221;b14e46cf-2189-4dca-a9a7-e8de1984477b&#8221; content_en_us=&#8221;<\/p>\n<p>Are you looking for a new commercial property? Do you want to expand your business premises? But you don&#8217;t know where? Then take a look around the Niederrhein Region. There is still space for your innovative ideas right here!<\/p>\n<p>&#8221; global_colors_info=&#8221;{}&#8221; sticky_transition=&#8221;on&#8221;]<\/p>\n<p><span>Sie suchen eine neue Gewerbeimmobilie? Sie wollen ihren Betriebsstandort vergr\u00f6\u00dfern? Sie wissen aber nicht wo? Dann schauen Sie sich doch mal am Standort Niederrhein um. Hier ist noch Platz f\u00fcr Ihre innovativen Ideen!<\/span><\/p>\n<p>[\/et_pb_slide][et_pb_slide heading=&#8221;transport logistic 2025 | R\u00fcckblick&#8221; button_text=&#8221;mehr Informationen&#8221; button_link=&#8221;@ET-DC@eyJkeW5hbWljIjp0cnVlLCJjb250ZW50IjoicG9zdF9saW5rX3VybF9wYWdlIiwic2V0dGluZ3MiOnsicG9zdF9pZCI6IjM2NzQifX0=@&#8221; image=&#8221;https:\/\/standort-niederrhein.de\/wp-content\/uploads\/2025\/02\/transport-logistic_teaser.jpg&#8221; _builder_version=&#8221;4.27.4&#8243; _dynamic_attributes=&#8221;button_link&#8221; _module_preset=&#8221;b14e46cf-2189-4dca-a9a7-e8de1984477b&#8221; heading_en_us=&#8221;transport logistic 2025&#8243; button_text_en_us=&#8221;more information&#8221; content_en_us=&#8221;<\/p>\n<p>Standort Niederrhein GmbH was at transport logistic in Munich, the internationally recognized leading trade fair for logistics, mobility, IT and supply chain management, from 2 to 5 June 2025.<\/p>\n<p>&#8221; global_colors_info=&#8221;{}&#8221; sticky_transition=&#8221;on&#8221;]<\/p>\n<p><span>Die Standort Niederrhein GmbH war vom 02.\u201305. Juni 2025 auf der transport logistic in M\u00fcnchen, der international anerkannten Leitmesse f\u00fcr Logistik, Mobilit\u00e4t, IT und Supply Chain Management.<\/span><\/p>\n<p>[\/et_pb_slide][\/et_pb_slider][\/et_pb_column][\/et_pb_row][\/et_pb_section][et_pb_section fb_built=&#8221;1&#8243; admin_label=&#8221;News Slider&#8221; _builder_version=&#8221;4.24.1&#8243; _module_preset=&#8221;default&#8221; locked=&#8221;off&#8221; global_colors_info=&#8221;{}&#8221;][et_pb_row module_id=&#8221;news-slider-row&#8221; _builder_version=&#8221;4.21.0&#8243; _module_preset=&#8221;default&#8221; global_colors_info=&#8221;{}&#8221;][et_pb_column type=&#8221;4_4&#8243; _builder_version=&#8221;4.21.0&#8243; _module_preset=&#8221;default&#8221; global_colors_info=&#8221;{}&#8221;][et_pb_text _builder_version=&#8221;4.21.0&#8243; _module_preset=&#8221;default&#8221; custom_margin=&#8221;||0px||false|false&#8221; custom_padding=&#8221;||||false|false&#8221; content_en_us=&#8221;<\/p>\n<h4>News from the municipalities and the economy<\/h4>\n<p>&#8221; border_width_bottom=&#8221;1px&#8221; border_color_bottom=&#8221;#56514F&#8221; global_colors_info=&#8221;{}&#8221;]<\/p>\n<h4>News aus den Kommunen und der Wirtschaft<\/h4>\n<p>[\/et_pb_text][dsm_blog_carousel posts_number=&#8221;3&#8243; use_thumbnail=&#8221;off&#8221; meta_date=&#8221;j. F Y&#8221; meta_seperator=&#8221; &#8221; use_author=&#8221;off&#8221; use_readmore=&#8221;on&#8221; readmore_text=&#8221;weiterlesen&#8221; columns=&#8221;1.5&#8243; spacing=&#8221;32&#8243; pause_on_hover=&#8221;on&#8221; pagi_color=&#8221;#847973&#8243; pagi_active_color=&#8221;#56514F&#8221; use_navi=&#8221;off&#8221; post_padding=&#8221;0px|0px|0px|0px|false|false&#8221; post_equal_height=&#8221;on&#8221; post_item_bg_color=&#8221;RGBA(255,255,255,0)&#8221; content_wrapper=&#8221;0px|24px|0px|0px|true|false&#8221; _builder_version=&#8221;4.24.2&#8243; _module_preset=&#8221;default&#8221; title_level=&#8221;h3&#8243; title_text_color=&#8221;#56514F&#8221; title_font_size=&#8221;26px&#8221; title_line_height=&#8221;1.25em&#8221; body_text_color=&#8221;#000000&#8243; body_font_size=&#8221;16px&#8221; body_line_height=&#8221;24px&#8221; date_text_color=&#8221;#FE5000&#8243; date_font_size=&#8221;12px&#8221; date_line_height=&#8221;12px&#8221; bottom_date_font_size=&#8221;12px&#8221; bottom_date_line_height=&#8221;12px&#8221; custom_readmore=&#8221;on&#8221; readmore_text_size=&#8221;14px&#8221; readmore_text_color=&#8221;#000000&#8243; readmore_bg_color=&#8221;RGBA(255,255,255,0)&#8221; readmore_border_width=&#8221;0px&#8221; readmore_border_radius=&#8221;0px&#8221; readmore_icon=&#8221;&#xe03c;||divi||400&#8243; readmore_icon_color=&#8221;#000000&#8243; readmore_on_hover=&#8221;off&#8221; readmore_alignment=&#8221;right&#8221; custom_margin=&#8221;16px||0px||false|false&#8221; custom_padding=&#8221;12px||0px||false|false&#8221; title_font_size_tablet=&#8221;26px&#8221; title_font_size_phone=&#8221;18px&#8221; title_font_size_last_edited=&#8221;on|phone&#8221; custom_css_after=&#8221;content: %22%22;||background: linear-gradient(-90deg, rgba(255,255,255,1) 0%, rgba(255,255,255,0) 100%);||position: absolute;||width: 20%;||height: 100%;||top: 0;||right: 0;||pointer-events: none;||z-index: 10;&#8221; custom_css_free_form=&#8221;.dsm-post-excerpt {||  overflow-wrap: break-word;||}&#8221; border_width_right_post_box=&#8221;1px&#8221; border_color_right_post_box=&#8221;#FE5000&#8243; global_colors_info=&#8221;{}&#8221; readmore_text_color__hover_enabled=&#8221;on|hover&#8221; readmore_text_color__hover=&#8221;#FE5000&#8243; readmore_icon_color__hover_enabled=&#8221;on|hover&#8221; readmore_icon_color__hover=&#8221;#FE5000&#8243; readmore_bg_color__hover_enabled=&#8221;on|desktop&#8221; readmore_bg_color__hover=&#8221;RGBA(255,255,255,0)&#8221; readmore_bg_enable_color__hover=&#8221;on&#8221;][\/dsm_blog_carousel][et_pb_button button_url=&#8221;@ET-DC@eyJkeW5hbWljIjp0cnVlLCJjb250ZW50IjoicG9zdF9saW5rX3VybF9wYWdlIiwic2V0dGluZ3MiOnsicG9zdF9pZCI6IjE0MTQifX0=@&#8221; button_text=&#8221;Alle News ansehen&#8221; disabled_on=&#8221;on|on|on&#8221; _builder_version=&#8221;4.27.4&#8243; _dynamic_attributes=&#8221;button_url&#8221; _module_preset=&#8221;b2044248-91f7-4934-9f6e-6d83099d6def&#8221; button_border_radius=&#8221;20px&#8221; button_font=&#8221;||||||||&#8221; button_use_icon=&#8221;off&#8221; custom_margin=&#8221;48px||||false|false&#8221; button_text_en_us=&#8221;Show all news&#8221; disabled=&#8221;on&#8221; global_colors_info=&#8221;{}&#8221;][\/et_pb_button][et_pb_button button_url=&#8221;@ET-DC@eyJkeW5hbWljIjp0cnVlLCJjb250ZW50IjoicG9zdF9saW5rX3VybF9wYWdlIiwic2V0dGluZ3MiOnsicG9zdF9pZCI6IjE0MTQifX0=@&#8221; button_text=&#8221;Alle News ansehen&#8221; _builder_version=&#8221;4.27.4&#8243; _dynamic_attributes=&#8221;button_url&#8221; _module_preset=&#8221;default&#8221; button_text_en_us=&#8221;See all news&#8221; global_colors_info=&#8221;{}&#8221;][\/et_pb_button][\/et_pb_column][\/et_pb_row][\/et_pb_section][et_pb_section fb_built=&#8221;1&#8243; _builder_version=&#8221;4.24.1&#8243; _module_preset=&#8221;default&#8221; global_colors_info=&#8221;{}&#8221;][et_pb_row column_structure=&#8221;2_5,3_5&#8243; make_equal=&#8221;on&#8221; _builder_version=&#8221;4.23.1&#8243; _module_preset=&#8221;default&#8221; global_colors_info=&#8221;{}&#8221;][et_pb_column type=&#8221;2_5&#8243; _builder_version=&#8221;4.23.1&#8243; _module_preset=&#8221;default&#8221; global_colors_info=&#8221;{}&#8221;][et_pb_image src=&#8221;https:\/\/standort-niederrhein.de\/wp-content\/uploads\/2024\/02\/karte-stn-de.svg&#8221; alt=&#8221;The Niederrhein Region \u2013 that is the two cities Krefeld and M\u00f6nchengladbach as well as the four districts Kleve, Viersen, Wesel and Rhein-Kreis Neuss.&#8221; title_text=&#8221;Niederrhein Region&#8221; force_fullwidth=&#8221;on&#8221; _builder_version=&#8221;4.23.1&#8243; _module_preset=&#8221;default&#8221; src_en_us=&#8221;https:\/\/standort-niederrhein.de\/wp-content\/uploads\/2024\/02\/karte-stn-en.svg&#8221; global_colors_info=&#8221;{}&#8221;][\/et_pb_image][\/et_pb_column][et_pb_column type=&#8221;3_5&#8243; module_class=&#8221;v-center&#8221; _builder_version=&#8221;4.23.1&#8243; _module_preset=&#8221;default&#8221; global_colors_info=&#8221;{}&#8221;][et_pb_text _builder_version=&#8221;4.23.1&#8243; _module_preset=&#8221;default&#8221; content_en_us=&#8221;<\/p>\n<p>Six subregions make up the Niederrhein Region: the two cities of Krefeld and M\u00f6nchengladbach and the four districts Kleve, Viersen, Wesel and Rhein-Kreis Neuss. More than two million people live here and roundabout 690,000 employees work in approximately 120,000 companies.<\/p>\n<p>&#8221; global_colors_info=&#8221;{}&#8221;]<\/p>\n<p><span><span class=\"ui-provider bhu bhv bhw bhx bhy bhz bia bib bic bid bie bif big bih bii bij bik bil bim bin bio bip biq bir bis bit biu biv biw bix biy biz bja bjb bjc\" dir=\"ltr\">Sechs Teilr\u00e4ume bilden den Standort Niederrhein: \u00a0die beiden kreisfreien St\u00e4dte Krefeld und M\u00f6nchengladbach sowie die Kreise Kleve, Viersen, Wesel und der Rhein-Kreis Neuss. Hier leben gut zwei Millionen Menschen. In etwa 120.000 Unternehmen arbeiten mehr als 690.000 Besch\u00e4ftigte.<\/span><\/span><\/p>\n<p>[\/et_pb_text][et_pb_button button_url=&#8221;@ET-DC@eyJkeW5hbWljIjp0cnVlLCJjb250ZW50IjoicG9zdF9saW5rX3VybF9wYWdlIiwic2V0dGluZ3MiOnsicG9zdF9pZCI6IjE0NDMifX0=@&#8221; button_text=&#8221;mehr erfahren&#8221; _builder_version=&#8221;4.23.1&#8243; _dynamic_attributes=&#8221;button_url&#8221; _module_preset=&#8221;default&#8221; button_text_en_us=&#8221;learn more&#8221; global_colors_info=&#8221;{}&#8221;][\/et_pb_button][\/et_pb_column][\/et_pb_row][\/et_pb_section][et_pb_section fb_built=&#8221;1&#8243; admin_label=&#8221;Kacheln&#8221; _builder_version=&#8221;4.21.0&#8243; _module_preset=&#8221;default&#8221; global_module=&#8221;3132&#8243; saved_tabs=&#8221;all&#8221; locked=&#8221;off&#8221; global_colors_info=&#8221;{}&#8221;][et_pb_row column_structure=&#8221;3_5,2_5&#8243; use_custom_gutter=&#8221;on&#8221; gutter_width=&#8221;2&#8243; make_equal=&#8221;on&#8221; _builder_version=&#8221;4.21.0&#8243; _module_preset=&#8221;default&#8221; global_colors_info=&#8221;{}&#8221;][et_pb_column type=&#8221;3_5&#8243; _builder_version=&#8221;4.21.0&#8243; _module_preset=&#8221;default&#8221; background_color=&#8221;#56514F&#8221; custom_padding=&#8221;32px|32px|32px|32px|true|true&#8221; border_radii=&#8221;on|16px|16px|16px|16px&#8221; box_shadow_color_last_edited=&#8221;off|desktop&#8221; global_colors_info=&#8221;{}&#8221; box_shadow_color__hover_enabled=&#8221;on|desktop&#8221; box_shadow_color__hover=&#8221;rgba(0,0,0,0.33)&#8221;][et_pb_text _builder_version=&#8221;4.24.1&#8243; _module_preset=&#8221;default&#8221; text_text_color=&#8221;#FFFFFF&#8221; header_text_color=&#8221;#FFFFFF&#8221; header_2_text_color=&#8221;#FFFFFF&#8221; header_3_text_color=&#8221;#FFFFFF&#8221; max_width=&#8221;320px&#8221; custom_margin=&#8221;||32px||false|false&#8221; content_en_us=&#8221;<\/p>\n<h3>Trade fairs<\/h3>\n<p><span>The Niederrhein is represented at the major relevant real estate trade fairs with its own stand. This is where you can not only meet us, but also the decision makers from our towns and local administrative districts.<\/span><\/p>\n<p>&#8221; global_colors_info=&#8221;{}&#8221;]<\/p>\n<h3>Messen<\/h3>\n<p><span>Der Standort Niederrhein ist auf den gro\u00dfen Immobilienrelevanten Messen mit einem eigenen Stand pr\u00e4sent. Hier treffen Sie nicht nur uns, sondern auch Entscheiderinnen und Entscheidet\u00a0aus unseren St\u00e4dten und Kreisen.<\/span><\/p>\n<p>[\/et_pb_text][et_pb_button button_url=&#8221;@ET-DC@eyJkeW5hbWljIjp0cnVlLCJjb250ZW50IjoicG9zdF9saW5rX3VybF9wYWdlIiwic2V0dGluZ3MiOnsicG9zdF9pZCI6IjI3MDQifX0=@&#8221; button_text=&#8221;mehr erfahren&#8221; _builder_version=&#8221;4.24.1&#8243; _dynamic_attributes=&#8221;button_url&#8221; _module_preset=&#8221;default&#8221; button_text_color=&#8221;#FFFFFF&#8221; button_icon_color=&#8221;#56514F&#8221; positioning=&#8221;absolute&#8221; position_origin_a=&#8221;bottom_right&#8221; vertical_offset=&#8221;32px&#8221; horizontal_offset=&#8221;32px&#8221; custom_margin=&#8221;96px||||false|false&#8221; custom_padding=&#8221;0px||0px|0px|false|false&#8221; button_icon_color_last_edited=&#8221;off|desktop&#8221; custom_css_after=&#8221;background-color: #fff;||text-align: right;||width: 23px;||height: 29px;||border-radius: 16px;||position: absolute;||padding: 3px 9px 0 0;||top: -3px;||right: -12px;||z-index: -1;&#8221; button_text_en_us=&#8221;learn more&#8221; global_colors_info=&#8221;{}&#8221; button_bg_enable_color__hover=&#8221;on&#8221; custom_css_after_last_edited=&#8221;off|desktop&#8221; button_text_color__hover_enabled=&#8221;on|hover&#8221; button_text_color__hover=&#8221;#56514F&#8221; button_icon_color__hover_enabled=&#8221;on|desktop&#8221; button_icon_color__hover=&#8221;#56514F&#8221;][\/et_pb_button][\/et_pb_column][et_pb_column type=&#8221;2_5&#8243; _builder_version=&#8221;4.21.0&#8243; _module_preset=&#8221;default&#8221; background_color=&#8221;#FE5000&#8243; custom_padding=&#8221;32px|32px|32px|32px|true|true&#8221; border_radii=&#8221;on|16px|16px|16px|16px&#8221; global_colors_info=&#8221;{}&#8221;][et_pb_text _builder_version=&#8221;4.24.1&#8243; _module_preset=&#8221;default&#8221; text_text_color=&#8221;#FFFFFF&#8221; header_text_color=&#8221;#FFFFFF&#8221; header_2_text_color=&#8221;#FFFFFF&#8221; header_3_text_color=&#8221;#FFFFFF&#8221; max_width=&#8221;320px&#8221; custom_margin=&#8221;||32px||false|false&#8221; content_en_us=&#8221;<\/p>\n<h3>Facts &#038; figures<\/h3>\n<p>The Niederrhein Region stands for reliable development potential, which can be raised continually over the years.<\/p>\n<p>&#8221; global_colors_info=&#8221;{}&#8221;]<\/p>\n<h3>Zahlen, Daten, Fakten<\/h3>\n<p>Der Nieder\u00adrhein steht fu\u0308r ein verl\u00e4ssliches Entwicklungspotenzial, das u\u0308ber die Jahre hinweg kontinuierlich gehoben werden kann.<\/p>\n<p>[\/et_pb_text][et_pb_button button_url=&#8221;@ET-DC@eyJkeW5hbWljIjp0cnVlLCJjb250ZW50IjoicG9zdF9saW5rX3VybF9wYWdlIiwic2V0dGluZ3MiOnsicG9zdF9pZCI6IjI1ODkifX0=@&#8221; button_text=&#8221;mehr erfahren&#8221; _builder_version=&#8221;4.24.1&#8243; _dynamic_attributes=&#8221;button_url&#8221; _module_preset=&#8221;default&#8221; button_text_color=&#8221;#FFFFFF&#8221; button_icon_color=&#8221;#FE5000&#8243; positioning=&#8221;absolute&#8221; position_origin_a=&#8221;bottom_right&#8221; vertical_offset=&#8221;32px&#8221; horizontal_offset=&#8221;32px&#8221; custom_margin=&#8221;96px||||false|false&#8221; custom_padding=&#8221;0px||0px|0px|false|false&#8221; button_icon_color_last_edited=&#8221;off|desktop&#8221; custom_css_after=&#8221;background-color: #fff;||text-align: right;||width: 23px;||height: 29px;||border-radius: 16px;||position: absolute;||padding: 3px 9px 0 0;||top: -3px;||right: -12px;||z-index: -1;&#8221; button_text_en_us=&#8221;learn more&#8221; global_colors_info=&#8221;{}&#8221; button_bg_enable_color__hover=&#8221;on&#8221; custom_css_after_last_edited=&#8221;off|desktop&#8221; button_text_color__hover_enabled=&#8221;on|hover&#8221; button_text_color__hover=&#8221;#FE5000&#8243; button_icon_color__hover_enabled=&#8221;on|hover&#8221; button_icon_color__hover=&#8221;#FE5000&#8243;][\/et_pb_button][\/et_pb_column][\/et_pb_row][et_pb_row column_structure=&#8221;1_2,1_2&#8243; use_custom_gutter=&#8221;on&#8221; gutter_width=&#8221;2&#8243; make_equal=&#8221;on&#8221; _builder_version=&#8221;4.21.0&#8243; _module_preset=&#8221;default&#8221; background_color=&#8221;#847973&#8243; custom_padding=&#8221;32px|32px|32px|32px|true|true&#8221; border_radii=&#8221;on|16px|16px|16px|16px&#8221; global_colors_info=&#8221;{}&#8221;][et_pb_column type=&#8221;1_2&#8243; _builder_version=&#8221;4.21.0&#8243; _module_preset=&#8221;default&#8221; custom_padding=&#8221;0px|0px|0px|0px|false|false&#8221; global_colors_info=&#8221;{}&#8221;][et_pb_text _builder_version=&#8221;4.21.0&#8243; _module_preset=&#8221;default&#8221; header_3_text_color=&#8221;#FFFFFF&#8221; global_colors_info=&#8221;{}&#8221;]<\/p>\n<h3>Downloads<\/h3>\n<p>[\/et_pb_text][\/et_pb_column][et_pb_column type=&#8221;1_2&#8243; _builder_version=&#8221;4.21.0&#8243; _module_preset=&#8221;default&#8221; custom_padding=&#8221;0px|0px|0px|0px|false|false&#8221; global_colors_info=&#8221;{}&#8221;][et_pb_button button_url=&#8221;@ET-DC@eyJkeW5hbWljIjp0cnVlLCJjb250ZW50IjoicG9zdF9saW5rX3VybF9wYWdlIiwic2V0dGluZ3MiOnsicG9zdF9pZCI6IjI0NzAifX0=@&#8221; button_text=&#8221;mehr erfahren&#8221; _builder_version=&#8221;4.23.1&#8243; _dynamic_attributes=&#8221;button_url&#8221; _module_preset=&#8221;default&#8221; button_text_color=&#8221;#FFFFFF&#8221; button_icon_color=&#8221;#847973&#8243; custom_margin=&#8221;0px||0px||false|false&#8221; button_icon_color_last_edited=&#8221;off|desktop&#8221; custom_css_after=&#8221;background-color: #fff;||text-align: right;||width: 23px;||height: 29px;||border-radius: 16px;||position: absolute;||padding: 3px 9px 0 0;||top: -3px;||right: -12px;||z-index: -1;&#8221; button_text_en_us=&#8221;learn more&#8221; global_colors_info=&#8221;{}&#8221; button_bg_enable_color__hover=&#8221;on&#8221; custom_css_after_last_edited=&#8221;off|desktop&#8221; button_text_color__hover_enabled=&#8221;on|hover&#8221; button_text_color__hover=&#8221;#847973&#8243; button_icon_color__hover_enabled=&#8221;on|desktop&#8221; button_icon_color__hover=&#8221;#847973&#8243;][\/et_pb_button][\/et_pb_column][\/et_pb_row][et_pb_row column_structure=&#8221;1_2,1_2&#8243; use_custom_gutter=&#8221;on&#8221; gutter_width=&#8221;2&#8243; make_equal=&#8221;on&#8221; _builder_version=&#8221;4.21.0&#8243; _module_preset=&#8221;default&#8221; global_colors_info=&#8221;{}&#8221;][et_pb_column type=&#8221;1_2&#8243; _builder_version=&#8221;4.21.0&#8243; _module_preset=&#8221;default&#8221; background_color=&#8221;#847973&#8243; custom_padding=&#8221;32px|32px|32px|32px|true|true&#8221; border_radii=&#8221;on|16px|16px|16px|16px&#8221; global_colors_info=&#8221;{}&#8221;][et_pb_text _builder_version=&#8221;4.24.2&#8243; _module_preset=&#8221;default&#8221; text_text_color=&#8221;#FFFFFF&#8221; header_text_color=&#8221;#FFFFFF&#8221; header_2_text_color=&#8221;#FFFFFF&#8221; header_3_text_color=&#8221;#FFFFFF&#8221; max_width=&#8221;320px&#8221; custom_margin=&#8221;||32px||false|false&#8221; content_en_us=&#8221;<\/p>\n<h3>Newsletter<\/h3>\n<p>Stay up to date and sign up for our Niederrhein Report newsletter. Please note that the newsletter is currently only in German.<\/p>\n<p>&#8221; global_colors_info=&#8221;{}&#8221;]<\/p>\n<h3>Newsletter<\/h3>\n<p><span>Abbonieren Sie unseren monatlichen Standort Niederrhein Report, um auf dem Laufenden zu bleiben.<\/span><\/p>\n<p>[\/et_pb_text][et_pb_button button_url=&#8221;#newsletter&#8221; button_text=&#8221;mehr erfahren&#8221; _builder_version=&#8221;4.24.1&#8243; _module_preset=&#8221;default&#8221; button_text_color=&#8221;#FFFFFF&#8221; button_icon_color=&#8221;#847973&#8243; positioning=&#8221;absolute&#8221; position_origin_a=&#8221;bottom_right&#8221; vertical_offset=&#8221;32px&#8221; horizontal_offset=&#8221;32px&#8221; custom_margin=&#8221;96px||||false|false&#8221; custom_padding=&#8221;0px||0px|0px|false|false&#8221; button_icon_color_last_edited=&#8221;off|desktop&#8221; custom_css_after=&#8221;background-color: #fff;||text-align: right;||width: 23px;||height: 29px;||border-radius: 16px;||position: absolute;||padding: 3px 9px 0 0;||top: -3px;||right: -12px;||z-index: -1;&#8221; button_text_en_us=&#8221;learn more&#8221; global_colors_info=&#8221;{}&#8221; button_bg_enable_color__hover=&#8221;on&#8221; custom_css_after_last_edited=&#8221;off|desktop&#8221; button_text_color__hover_enabled=&#8221;on|hover&#8221; button_text_color__hover=&#8221;#847973&#8243; button_icon_color__hover_enabled=&#8221;on|desktop&#8221; button_icon_color__hover=&#8221;#847973&#8243;][\/et_pb_button][\/et_pb_column][et_pb_column type=&#8221;1_2&#8243; _builder_version=&#8221;4.21.0&#8243; _module_preset=&#8221;default&#8221; background_color=&#8221;#847973&#8243; custom_padding=&#8221;32px|32px|32px|32px|true|true&#8221; border_radii=&#8221;on|16px|16px|16px|16px&#8221; global_colors_info=&#8221;{}&#8221;][et_pb_text _builder_version=&#8221;4.24.1&#8243; _module_preset=&#8221;default&#8221; text_text_color=&#8221;#FFFFFF&#8221; header_text_color=&#8221;#FFFFFF&#8221; header_2_text_color=&#8221;#FFFFFF&#8221; header_3_text_color=&#8221;#FFFFFF&#8221; max_width=&#8221;320px&#8221; custom_margin=&#8221;||32px||false|false&#8221; content_en_us=&#8221;<\/p>\n<h3>Key Industries<\/h3>\n<p>The Niederrhein Region\u2019s characteristic industries are chemicals, mechanical engineering, logistics, energy, agribusiness, electrical engineering, textiles and clothing as well as tourism.<span class=%22Apple-converted-space%22> <\/span><\/p>\n<p>&#8221; global_colors_info=&#8221;{}&#8221;]<\/p>\n<h3>Kernbranchen<\/h3>\n<p>Charakterisierende Branchen am Standort Niederrhein sind Chemie, Maschinen\u00adbau, Logistik, Energie, Agrobusiness, Elektro\u00adtechnik, Textil und Bekleidung sowie Tourismus.<span class=\"Apple-converted-space\">\u00a0<\/span><\/p>\n<p>[\/et_pb_text][et_pb_button button_url=&#8221;@ET-DC@eyJkeW5hbWljIjp0cnVlLCJjb250ZW50IjoicG9zdF9saW5rX3VybF9wYWdlIiwic2V0dGluZ3MiOnsicG9zdF9pZCI6IjExMzQifX0=@&#8221; button_text=&#8221;mehr erfahren&#8221; _builder_version=&#8221;4.24.1&#8243; _dynamic_attributes=&#8221;button_url&#8221; _module_preset=&#8221;default&#8221; button_text_color=&#8221;#FFFFFF&#8221; button_icon_color=&#8221;#847973&#8243; positioning=&#8221;absolute&#8221; position_origin_a=&#8221;bottom_right&#8221; vertical_offset=&#8221;32px&#8221; horizontal_offset=&#8221;32px&#8221; custom_margin=&#8221;96px||||false|false&#8221; custom_padding=&#8221;0px||0px|0px|false|false&#8221; button_icon_color_last_edited=&#8221;off|desktop&#8221; custom_css_after=&#8221;background-color: #fff;||text-align: right;||width: 23px;||height: 29px;||border-radius: 16px;||position: absolute;||padding: 3px 9px 0 0;||top: -3px;||right: -12px;||z-index: -1;&#8221; button_text_en_us=&#8221;learn more&#8221; global_colors_info=&#8221;{}&#8221; button_bg_enable_color__hover=&#8221;on&#8221; custom_css_after_last_edited=&#8221;off|desktop&#8221; button_text_color__hover_enabled=&#8221;on|hover&#8221; button_text_color__hover=&#8221;#847973&#8243; button_icon_color__hover_enabled=&#8221;on|desktop&#8221; button_icon_color__hover=&#8221;#847973&#8243;][\/et_pb_button][\/et_pb_column][\/et_pb_row][\/et_pb_section][et_pb_section fb_built=&#8221;1&#8243; custom_padding_last_edited=&#8221;off|desktop&#8221; admin_label=&#8221;Spotlight Section Text Links&#8221; module_class=&#8221;spotl-sec-txt-right&#8221; _builder_version=&#8221;4.24.1&#8243; _module_preset=&#8221;default&#8221; background_color=&#8221;#EEEDED&#8221; custom_padding=&#8221;96px|0px|96px|0px|true|true&#8221; locked=&#8221;off&#8221; global_colors_info=&#8221;{}&#8221;][et_pb_row column_structure=&#8221;1_2,1_2&#8243; use_custom_gutter=&#8221;on&#8221; gutter_width=&#8221;1&#8243; make_equal=&#8221;on&#8221; _builder_version=&#8221;4.24.1&#8243; _module_preset=&#8221;default&#8221; max_width=&#8221;none&#8221; custom_margin=&#8221;||||true|false&#8221; global_colors_info=&#8221;{}&#8221;][et_pb_column type=&#8221;1_2&#8243; _builder_version=&#8221;4.24.1&#8243; _module_preset=&#8221;default&#8221; scroll_vertical_motion=&#8221;0|50|50|100|-0.5|0|0.5&#8243; custom_css_main_element=&#8221;margin-bottom: 50px;&#8221; global_colors_info=&#8221;{}&#8221;][et_pb_video src=&#8221;https:\/\/www.youtube.com\/watch?v=cVcOqfy1E8E&#8221; _builder_version=&#8221;4.27.4&#8243; _module_preset=&#8221;default&#8221; src_en_us=&#8221;https:\/\/www.youtube.com\/watch?v=Wp0FbSx5gGA&#8221; global_colors_info=&#8221;{}&#8221;][\/et_pb_video][\/et_pb_column][et_pb_column type=&#8221;1_2&#8243; _builder_version=&#8221;4.24.1&#8243; _module_preset=&#8221;default&#8221; custom_padding=&#8221;||||false|false&#8221; custom_padding_last_edited=&#8221;off|tablet&#8221; custom_css_main_element=&#8221;margin-top: 50px;&#8221; border_width_top=&#8221;7px&#8221; border_color_top=&#8221;#FE5000&#8243; border_width_bottom=&#8221;8px&#8221; border_color_bottom=&#8221;#FE5000&#8243; border_width_left=&#8221;8px&#8221; border_color_left=&#8221;#FE5000&#8243; global_colors_info=&#8221;{}&#8221;][\/et_pb_column][\/et_pb_row][et_pb_row column_structure=&#8221;1_2,1_2&#8243; use_custom_gutter=&#8221;on&#8221; gutter_width=&#8221;1&#8243; make_equal=&#8221;on&#8221; _builder_version=&#8221;4.24.1&#8243; _module_preset=&#8221;default&#8221; custom_margin=&#8221;192px||192px||true|false&#8221; custom_margin_tablet=&#8221;192px||192px||true|false&#8221; custom_margin_phone=&#8221;||||true|false&#8221; custom_margin_last_edited=&#8221;on|phone&#8221; custom_padding=&#8221;0px||0px|0px|false|false&#8221; global_colors_info=&#8221;{}&#8221;][et_pb_column type=&#8221;1_2&#8243; _builder_version=&#8221;4.21.0&#8243; _module_preset=&#8221;default&#8221; global_colors_info=&#8221;{}&#8221;][\/et_pb_column][et_pb_column type=&#8221;1_2&#8243; _builder_version=&#8221;4.24.1&#8243; _module_preset=&#8221;default&#8221; custom_padding=&#8221;|||62px|true|false&#8221; custom_padding_phone=&#8221;||||true|false&#8221; custom_padding_last_edited=&#8221;off|phone&#8221; border_radii_last_edited=&#8221;off|desktop&#8221; global_colors_info=&#8221;{}&#8221;][et_pb_text _builder_version=&#8221;4.27.4&#8243; _module_preset=&#8221;default&#8221; header_2_text_color=&#8221;#000000&#8243; module_alignment=&#8221;right&#8221; content_en_us=&#8221;<\/p>\n<h4>Niederrhein Region<\/h4>\n<h2>Simply strong.<\/h2>\n<p>We Niederrhein Region residents don&#8217;t waste time talking: as a business location and place to live, we are simply strong.<br \/>\n What sets us apart? Diversity, openness, innovative strength and economic success.&#8221; global_colors_info=&#8221;{}&#8221;]<\/p>\n<h4>Standort Niederrhein<\/h4>\n<h2>Einfach stark.<\/h2>\n<p>Wir Niederrheiner reden nicht lange um den hei\u00dfen Brei: Als Wirtschaftsstandort und Lebensraum sind wir einfach stark.<br \/>\nWas uns ausmacht? Vielfalt, Offenheit, Innovationskraft und wirtschaftlicher Erfolg.[\/et_pb_text][et_pb_button button_url=&#8221;@ET-DC@eyJkeW5hbWljIjp0cnVlLCJjb250ZW50IjoicG9zdF9saW5rX3VybF9wYWdlIiwic2V0dGluZ3MiOnsicG9zdF9pZCI6IjY1NDIifX0=@&#8221; button_text=&#8221;mehr erfahren&#8221; _builder_version=&#8221;4.27.4&#8243; _dynamic_attributes=&#8221;button_url&#8221; _module_preset=&#8221;default&#8221; button_text_en_us=&#8221;learn more&#8221; global_colors_info=&#8221;{}&#8221;][\/et_pb_button][\/et_pb_column][\/et_pb_row][\/et_pb_section][et_pb_section fb_built=&#8221;1&#8243; admin_label=&#8221;Ansprechpartner&#8221; _builder_version=&#8221;4.27.6&#8243; _module_preset=&#8221;default&#8221; hover_enabled=&#8221;0&#8243; global_module=&#8221;2785&#8243; locked=&#8221;off&#8221; global_colors_info=&#8221;{}&#8221; sticky_enabled=&#8221;0&#8243; saved_tabs=&#8221;all&#8221;][et_pb_row _builder_version=&#8221;4.23.1&#8243; _module_preset=&#8221;default&#8221; global_colors_info=&#8221;{}&#8221;][et_pb_column type=&#8221;4_4&#8243; _builder_version=&#8221;4.21.0&#8243; _module_preset=&#8221;default&#8221; global_colors_info=&#8221;{}&#8221;][et_pb_text _builder_version=&#8221;4.24.1&#8243; _module_preset=&#8221;default&#8221; text_orientation=&#8221;center&#8221; max_width=&#8221;720px&#8221; module_alignment=&#8221;center&#8221; content_en_us=&#8221;<\/p>\n<h2>Your Contacts<\/h2>\n<p><span>Standort Niederrhein GmbH provides data and analysis on the Niederrhein Region as an investment location and is the first port of call for investors and businesses that are interested in locating in the Niederrhein Region. Please use us as an information platform for your business in the Niederrhein Region.<\/span><\/p>\n<p>&#8221; global_colors_info=&#8221;{}&#8221;]<\/p>\n<h2>Sprechen Sie uns an!<\/h2>\n<p>Die Standort Niederrhein GmbH stellt Daten, Analysen und Informationen \u00fcber den Wirtschafts\u00adstandort Nieder\u00adrhein bereit und ist die erste Anlauf\u00adstelle f\u00fcr Investoren und\u00a0Unternehmen, die sich f\u00fcr den Nieder\u00adrhein als Standort interessieren. Nutzen Sie uns als Ihre Informations\u00adplattform f\u00fcr Ihr Business am Nieder\u00adrhein.<\/p>\n<p>[\/et_pb_text][\/et_pb_column][\/et_pb_row][et_pb_row column_structure=&#8221;1_3,1_3,1_3&#8243; use_custom_gutter=&#8221;on&#8221; gutter_width=&#8221;2&#8243; module_class=&#8221;stn-ansprechpartner&#8221; _builder_version=&#8221;4.21.0&#8243; _module_preset=&#8221;default&#8221; global_colors_info=&#8221;{}&#8221;][et_pb_column type=&#8221;1_3&#8243; _builder_version=&#8221;4.21.0&#8243; _module_preset=&#8221;default&#8221; global_colors_info=&#8221;{}&#8221;][et_pb_blurb title=&#8221;Bertram Gaiser&#8221; image=&#8221;https:\/\/standort-niederrhein.de\/wp-content\/uploads\/2023\/07\/bertram-gaiser.jpg&#8221; module_class=&#8221;contact-tile&#8221; _builder_version=&#8221;4.27.6&#8243; _module_preset=&#8221;e91db9bc-9eca-44a4-ae02-615a87bc481a&#8221; title_en_us=&#8221;Bertram Gaiser&#8221; content_en_us=&#8221;<\/p>\n<p>Managing Director<br \/>+49 (0) 2131.92 68 592<br \/><a href=%22mailto:gaiser@standort-niederrhein.de%22>gaiser@standort-niederrhein.de<\/a><\/p>\n<p>&#8221; global_colors_info=&#8221;{}&#8221; global_module=&#8221;7537&#8243; theme_builder_area=&#8221;post_content&#8221;]Gesch\u00e4ftsf\u00fchrer<br \/>\n<a href=\"tel:+4921319268592\">+49 2131 9268592<\/a><br \/>\n<a href=\"mailto:gaiser@standort-niederrhein.de\">gaiser@standort-niederrhein.de<\/a>[\/et_pb_blurb][\/et_pb_column][et_pb_column type=&#8221;1_3&#8243; _builder_version=&#8221;4.21.0&#8243; _module_preset=&#8221;default&#8221; global_colors_info=&#8221;{}&#8221;][et_pb_blurb title=&#8221;Andrea Scharf&#8221; image=&#8221;https:\/\/standort-niederrhein.de\/wp-content\/uploads\/2023\/07\/andrea-scharf.jpg&#8221; module_class=&#8221;contact-tile&#8221; _builder_version=&#8221;4.27.6&#8243; _module_preset=&#8221;e91db9bc-9eca-44a4-ae02-615a87bc481a&#8221; title_en_us=&#8221;Andrea Scharf&#8221; content_en_us=&#8221;<\/p>\n<p>Project management, location marketing<br \/>+49 (0) 2131.92 68 591<br \/><a href=%22mailto:scharf@standort-niederrhein.de%22>scharf@standort-niederrhein.de<\/a><\/p>\n<p>&#8221; global_colors_info=&#8221;{}&#8221; global_module=&#8221;7539&#8243; theme_builder_area=&#8221;post_content&#8221;]<\/p>\n<p>Projektleitung, Standortmarketing<br \/><a href=\"tel:+4921319268591\">+49 2131 9268591<\/a><br \/><a href=\"mailto:scharf@standort-niederrhein.de\">scharf@standort-niederrhein.de<\/a><\/p>\n<p>[\/et_pb_blurb][\/et_pb_column][et_pb_column type=&#8221;1_3&#8243; _builder_version=&#8221;4.21.0&#8243; _module_preset=&#8221;default&#8221; global_colors_info=&#8221;{}&#8221;][et_pb_blurb title=&#8221;Silke Mayer-Lyko&#8221; image=&#8221;https:\/\/standort-niederrhein.de\/wp-content\/uploads\/2023\/07\/silke-mayer-lyko.jpg&#8221; module_class=&#8221;contact-tile&#8221; _builder_version=&#8221;4.27.6&#8243; _module_preset=&#8221;e91db9bc-9eca-44a4-ae02-615a87bc481a&#8221; title_en_us=&#8221;Silke Mayer-Lyko&#8221; content_en_us=&#8221;<\/p>\n<p>Press and public relations<br \/>+49 (0) 2131.92 68 597<br \/><a href=%22mailto:mayer-lyko@standort-niederrhein.de%22>mayer-lyko@standort-niederrhein.de<\/a><\/p>\n<p>&#8221; global_colors_info=&#8221;{}&#8221; global_module=&#8221;7538&#8243; theme_builder_area=&#8221;post_content&#8221;]<\/p>\n<p>Presse- und \u00d6ffentlichkeitsarbeit<br \/><a href=\"tel:+4921319268592\">+49 2131 9268597<\/a><br \/><a href=\"mailto:mayer-lyko@standort-niederrhein.de\">mayer-lyko@standort-niederrhein.de<\/a><\/p>\n<p>[\/et_pb_blurb][\/et_pb_column][\/et_pb_row][\/et_pb_section][et_pb_section fb_built=&#8221;1&#8243; admin_label=&#8221;Partner Slider&#8221; _builder_version=&#8221;4.21.0&#8243; _module_preset=&#8221;default&#8221; background_enable_color=&#8221;off&#8221; locked=&#8221;off&#8221; global_colors_info=&#8221;{}&#8221;][et_pb_row module_id=&#8221;partner-slider-row&#8221; _builder_version=&#8221;4.21.0&#8243; _module_preset=&#8221;default&#8221; background_enable_color=&#8221;off&#8221; global_colors_info=&#8221;{}&#8221;][et_pb_column type=&#8221;4_4&#8243; _builder_version=&#8221;4.21.0&#8243; _module_preset=&#8221;default&#8221; global_colors_info=&#8221;{}&#8221;][et_pb_text _builder_version=&#8221;4.23.1&#8243; _module_preset=&#8221;default&#8221; text_orientation=&#8221;center&#8221; content_en_us=&#8221;<\/p>\n<h3>Our partner network<\/h3>\n<p>&#8221; global_colors_info=&#8221;{}&#8221;]<\/p>\n<h3>Unser Partner-Netzwerk<\/h3>\n<p>[\/et_pb_text][dsm_card_carousel slide_to_show=&#8221;2&#8243; autoplay=&#8221;off&#8221; space_between=&#8221;0&#8243; equal_height=&#8221;on&#8221; layout=&#8221;inline&#8221; layout_inline_image_width=&#8221;33%&#8221; content_horizontal_alignment=&#8221;flex-start&#8221; arrows=&#8221;off&#8221; dots_horizontal_placement=&#8221;0px&#8221; dots_active_color=&#8221;#56514F&#8221; dots_inactive_color=&#8221;#ABA8A7&#8243; image_alignment=&#8221;right&#8221; _builder_version=&#8221;4.24.1&#8243; _module_preset=&#8221;default&#8221; header_level=&#8221;h5&#8243; header_font_size=&#8221;14px&#8221; body_font_size=&#8221;12px&#8221; body_line_height=&#8221;16px&#8221; custom_button=&#8221;on&#8221; button_text_size=&#8221;12px&#8221; button_text_color=&#8221;#000000&#8243; button_bg_color=&#8221;RGBA(255,255,255,0)&#8221; button_border_width=&#8221;0px&#8221; button_border_radius=&#8221;0px&#8221; button_icon=&#8221;&#xe03c;||divi||400&#8243; button_icon_color=&#8221;#000000&#8243; button_on_hover=&#8221;off&#8221; button_alignment=&#8221;right&#8221; button_custom_margin=&#8221;|32px|||false|false&#8221; button_custom_padding=&#8221;|0px||0px|false|false&#8221; custom_margin=&#8221;||0px||false|false&#8221; custom_css_after=&#8221;content: %22%22;||background: linear-gradient(-90deg, rgba(255,255,255,1) 0%, rgba(255,255,255,0) 99%);||position: absolute;||width: 20%;||height: 100%;||top: 0;||right: 0;||pointer-events: none;||z-index: 10;&#8221; global_colors_info=&#8221;{}&#8221; button_text_color__hover_enabled=&#8221;on|desktop&#8221; button_text_color__hover=&#8221;#FE5000&#8243; button_bg_color__hover_enabled=&#8221;on|hover&#8221; button_bg_color__hover=&#8221;RGBA(255,255,255,0)&#8221; button_bg_enable_color__hover=&#8221;on&#8221; button_icon_color__hover_enabled=&#8221;on|hover&#8221; button_icon_color__hover=&#8221;#FE5000&#8243;][dsm_card_carousel_child title=&#8221;Regionalagentur Mittlerer Niederrhein&#8221; image=&#8221;https:\/\/standort-niederrhein.de\/wp-content\/uploads\/2023\/07\/regionalagentur.svg&#8221; content_padding=&#8221;20px|48px|20px|0px|false|false&#8221; button_text=&#8221;zu Regionalagentur Mittlerer Niederrhein&#8221; button_url=&#8221;https:\/\/regionalagentur-mittlerer-niederrhein.de&#8221; button_url_new_window=&#8221;1&#8243; _builder_version=&#8221;4.24.1&#8243; _module_preset=&#8221;default&#8221; custom_padding=&#8221;|32px|||false|false&#8221; title_en_us=&#8221;Regionalagentur Mittlerer Niederrhein&#8221; content_en_us=&#8221;The central hub between the North Rhine-Westphalian Ministry of Labour, Health and Social Affairs and the Middle Lower Rhine region, which includes the Rhine district of Neuss, the district of Viersen and the two independent cities of Krefeld and M\u00f6nchengladbach.&#8221; button_text_en_us=&#8221;to Regionalagentur Mittlerer Niederrhein&#8221; global_colors_info=&#8221;{}&#8221; parent_button=&#8221;on&#8221; parent_button_icon=&#8221;\ue03c&#8221; parent_header_level=&#8221;h5&#8243;]<\/p>\n<p>Die zentrale Schaltstelle zwischen dem nordrhein-westf\u00e4lischen Ministerium f\u00fcr Arbeit, Gesundheit und Soziales und der Region Mittlerer Niederrhein, zu der der Rhein-Kreis Neuss, der Kreis Viersen sowie die beiden kreisfreien St\u00e4dte Krefeld und M\u00f6nchengladbach geh\u00f6ren.<\/p>\n<p>[\/dsm_card_carousel_child][dsm_card_carousel_child title=&#8221;Zukunftsagentur Rheinisches Revier&#8221; image=&#8221;https:\/\/standort-niederrhein.de\/wp-content\/uploads\/2023\/07\/Rheinisches-Revier.svg&#8221; button_text=&#8221;zu Zukunftsagentur Rheinisches Revier&#8221; button_url=&#8221;https:\/\/www.rheinisches-revier.de&#8221; button_url_new_window=&#8221;1&#8243; _builder_version=&#8221;4.24.1&#8243; _module_preset=&#8221;default&#8221; title_en_us=&#8221;Zukunftsagentur Rheinisches Revier&#8221; content_en_us=&#8221;<\/p>\n<p>The Rhenish mining area is undergoing a process of change. With the move away from lignite mining by 2030 at the latest, the region is facing the challenge of transforming its energy supply.<\/p>\n<p>&#8221; button_text_en_us=&#8221;to Zukunftsagentur Rheinisches Revier&#8221; global_colors_info=&#8221;{}&#8221; parent_button=&#8221;on&#8221; parent_button_icon=&#8221;\ue03c&#8221; parent_header_level=&#8221;h5&#8243;]<\/p>\n<p>Das Rheinische Revier befindet sich in einem Ver\u00e4nderungsprozess. Mit der Abkehr vom Braunkohleabbau bis sp\u00e4testens 2030 steht die Region vor der Herausforderung, die Energieversorgung zu transformieren.<\/p>\n<p>[\/dsm_card_carousel_child][dsm_card_carousel_child title=&#8221;regionen.NRW&#8221; image=&#8221;https:\/\/standort-niederrhein.de\/wp-content\/uploads\/2023\/07\/regionen-NRW.svg&#8221; content_padding=&#8221;20px|48px|20px|0px|false|false&#8221; button_text=&#8221;zu regionen.NRW&#8221; button_url=&#8221;https:\/\/regionen.nrw&#8221; button_url_new_window=&#8221;1&#8243; _builder_version=&#8221;4.24.1&#8243; _module_preset=&#8221;default&#8221; custom_padding=&#8221;|32px|||false|false&#8221; title_en_us=&#8221;regionen.NRW&#8221; content_en_us=&#8221;<\/p>\n<p>regionen.NRW is the association of the nine regional development and marketing organisations in North Rhine-Westphalia. They manage regional development processes and projects and represent their respective regions to the outside world.<\/p>\n<p>&#8221; button_text_en_us=&#8221;to regionen.NRW&#8221; global_colors_info=&#8221;{}&#8221; parent_button=&#8221;on&#8221; parent_button_icon=&#8221;\ue03c&#8221; parent_header_level=&#8221;h5&#8243;]<\/p>\n<p>regionen.NRW ist der Zusammenschluss der neun regionalen Entwicklungs- und Marketingorganisationen in Nordrhein-Westfalen. Sie managen regionale Entwicklungsprozesse und Projekte und repr\u00e4sentieren ihre jeweilige Region nach au\u00dfen.<\/p>\n<p>[\/dsm_card_carousel_child][dsm_card_carousel_child title=&#8221;NRW.Global Business&#8221; image=&#8221;https:\/\/standort-niederrhein.de\/wp-content\/uploads\/2023\/07\/NRW-Global-Business.svg&#8221; content_padding=&#8221;20px|48px|20px|0px|false|false&#8221; button_text=&#8221;zu NRW.Global Business&#8221; button_url=&#8221;https:\/\/www.nrwglobalbusiness.com&#8221; button_url_new_window=&#8221;1&#8243; _builder_version=&#8221;4.24.1&#8243; _module_preset=&#8221;default&#8221; custom_padding=&#8221;|32px|||false|false&#8221; title_en_us=&#8221;NRW.Global Business&#8221; content_en_us=&#8221;<\/p>\n<p>NRW.Global Business is the foreign trade promotion programme of the state of NRW. It is a partner for all companies in investment projects and relocating to NRW, in opening up foreign markets for NRW companies and in networking with international business partners.<\/p>\n<p>&#8221; button_text_en_us=&#8221;to NRW.Global Business&#8221; global_colors_info=&#8221;{}&#8221; parent_button=&#8221;on&#8221; parent_button_icon=&#8221;\ue03c&#8221; parent_header_level=&#8221;h5&#8243;]<\/p>\n<p>NRW.Global Business ist die Au\u00dfenwirtschaftsf\u00f6rderung des Landes NRW. Sie ist Partner f\u00fcr alle Unternehmen bei Investitionsprojekten und der Ansiedlung in NRW, bei der Erschlie\u00dfung von Auslandsm\u00e4rkten f\u00fcr NRW-Unternehmen und der Vernetzung mit internationalen Gesch\u00e4ftspartnern.<\/p>\n<p>[\/dsm_card_carousel_child][\/dsm_card_carousel][\/et_pb_column][\/et_pb_row][\/et_pb_section][et_pb_section fb_built=&#8221;1&#8243; module_id=&#8221;newsletter&#8221; _builder_version=&#8221;4.23.1&#8243; _module_preset=&#8221;default&#8221; global_module=&#8221;2236&#8243; saved_tabs=&#8221;all&#8221; global_colors_info=&#8221;{}&#8221;][et_pb_row _builder_version=&#8221;4.21.0&#8243; _module_preset=&#8221;default&#8221; global_colors_info=&#8221;{}&#8221;][et_pb_column type=&#8221;4_4&#8243; _builder_version=&#8221;4.21.0&#8243; _module_preset=&#8221;default&#8221; global_colors_info=&#8221;{}&#8221;][et_pb_text _builder_version=&#8221;4.24.2&#8243; _module_preset=&#8221;_initial&#8221; text_orientation=&#8221;center&#8221; max_width=&#8221;720px&#8221; module_alignment=&#8221;center&#8221; content_en_us=&#8221;<\/p>\n<h2>Newsletter<\/h2>\n<p>Stay up to date and sign up for our Niederrhein Report newsletter.<br \/>Please note that the newsletter is currently only in German language.<\/p>\n<p>&#8221; global_colors_info=&#8221;{}&#8221;]<\/p>\n<h2>Newsletter<\/h2>\n<p>Abbonieren Sie unseren monatlichen Standort Niederrhein Report,<br \/>um auf dem Laufenden zu bleiben.<\/p>\n<p>[\/et_pb_text][et_pb_text _builder_version=&#8221;4.23.1&#8243; _module_preset=&#8221;default&#8221; max_width=&#8221;720px&#8221; module_alignment=&#8221;center&#8221; content_en_us=&#8221;%91sibwp_form id=2%93&#8243; global_colors_info=&#8221;{}&#8221;]\n\t\t\t<form id=\"sib_signup_form_1\" method=\"post\" class=\"sib_signup_form\">\n\t\t\t\t<div class=\"sib_loader\" style=\"display:none;\"><img\n\t\t\t\t\t\t\tsrc=\"https:\/\/standort-niederrhein.de\/wp-includes\/images\/spinner.gif\" alt=\"loader\"><\/div>\n\t\t\t\t<input type=\"hidden\" name=\"sib_form_action\" value=\"subscribe_form_submit\">\n\t\t\t\t<input type=\"hidden\" name=\"sib_form_id\" value=\"1\">\n                <input type=\"hidden\" name=\"sib_form_alert_notice\" value=\"Bitte f\u00fcllen Sie dieses Feld aus.\">\n                <input type=\"hidden\" name=\"sib_form_invalid_email_notice\" value=\"Bitte geben Sie eine g\u00fcltige E-Mail Adresse an.\">\n                <input type=\"hidden\" name=\"sib_security\" value=\"efb1c8ac6c\">\n\t\t\t\t<div class=\"sib_signup_box_inside_1\">\n\t\t\t\t\t<div style=\"\/*display:none*\/\" class=\"sib_msg_disp\">\n\t\t\t\t\t<\/div>\n                    \t\t\t\t\t<p class=\"sib-email-area\">\r\n    <label class=\"sib-email-area\">Ihre E-Mail-Adresse<span class=\"required\">*<\/span><\/label>\r\n    <input type=\"email\" class=\"sib-email-area\" name=\"email\" placeholder=\"\" required=\"required\">\r\n<\/p>\r\n<label class=\"sib-terms\">\r\n<input type=\"checkbox\" name=\"terms\" required=\"required\">Hinweis: Sie k\u00f6nnen den Newsletter der Standort Niederrhein GmbH jederzeit und kostenfrei per E-Mail an <a href=\"mailto:info@standort-niederrhein.de\">info@standort-niederrhein.de<\/a>  abbestellen. Ihre Daten werden nur zum Versand des Newsletters genutzt. Wir geben Ihre Daten nicht weiter. Mehr Informationen zum Umgang mit Nutzerdaten finden Sie in unserer <a href=\"\/datenschutz\/\">Datenschutzerkl\u00e4rung.<\/a>\r\n<\/label> \r\n<p class=\"sib-btn-submit\">\r\n    <input type=\"submit\" class=\"sib-default-btn\" value=\"Jetzt anmelden\">\r\n<\/p>\r\n\t\t\t\t<\/div>\n\t\t\t<\/form>\n\t\t\t<style>\n\t\t\t\tform#sib_signup_form_1 p.sib-alert-message {\n    padding: 6px 12px;\n    margin-bottom: 20px;\n    border: 1px solid transparent;\n    border-radius: 4px;\n    -webkit-box-sizing: border-box;\n    -moz-box-sizing: border-box;\n    box-sizing: border-box;\n}\nform#sib_signup_form_1 p.sib-alert-message-error {\n    background-color: #f2dede;\n    border-color: #ebccd1;\n    color: #a94442;\n}\nform#sib_signup_form_1 p.sib-alert-message-success {\n    background-color: #dff0d8;\n    border-color: #d6e9c6;\n    color: #3c763d;\n}\nform#sib_signup_form_1 p.sib-alert-message-warning {\n    background-color: #fcf8e3;\n    border-color: #faebcc;\n    color: #8a6d3b;\n}\n\t\t\t<\/style>\n\t\t\t[\/et_pb_text][\/et_pb_column][\/et_pb_row][\/et_pb_section]<\/p>\n","protected":false},"excerpt":{"rendered":"<p>Die Standort Niederrhein GmbH ist am 06. und 07. Mai 2026 wieder auf der polis Convention \u2013 die bundesweit f\u00fchrende Messe f\u00fcr Stadt- und Projektentwicklung \u2013 mit dabei.Niederrhein \u2013 einfach stark. Mit diesem Selbstverst\u00e4ndnis werden wir vom 5.\u20137. Oktober wieder auf der EXPO REAL vertreten sein \u2013 eine der wichtigsten Immobilienmessen Europas.Der Niederrhein zeigt sich digital in neuer Bestform: Im Rahmen einer gemeinsamen Fachkr\u00e4ftekampagne haben wir gemeinsam mit den St\u00e4dten M\u00f6nchengladbach und Krefeld, dem Rhein-Kreis Neuss und den Kreisen Kleve, Viersen und Wesel sowie der IHK Mittlerer Niederrhein eine vollst\u00e4ndig neue Standort-Webseite entwickelt. Sie suchen eine neue Gewerbeimmobilie? Sie wollen ihren Betriebsstandort vergr\u00f6\u00dfern? Sie wissen aber nicht wo? Dann schauen Sie sich doch mal am Standort Niederrhein um. Hier ist noch Platz f\u00fcr Ihre innovativen Ideen!Die Standort Niederrhein GmbH war vom 02.\u201305. Juni 2025 auf der transport logistic in M\u00fcnchen, der international anerkannten Leitmesse f\u00fcr Logistik, Mobilit\u00e4t, IT und Supply Chain Management.News aus den Kommunen und der Wirtschaft<div class=\"et_pb_module dsm_blog_carousel dsm_blog_carousel_0\">\n\t\t\t\t\n\t\t\t\t\n\t\t\t\t\n\t\t\t\t\n\t\t\t\t\n\t\t\t\t\n\t\t\t\t<div class=\"et_pb_module_inner\">\n\t\t\t\t\t<div class=\"dsm-blog-carousel\" data-orientation='horizontal' data-loop='1' data-speed='500' data-columnsdesktop='&#8221;1.5&#8243;' data-columnsphone='&#8221;1.5&#8243;' data-columnstablet='&#8221;1.5&#8243;' data-autoplay='on' data-autoplayspeed='5000' data-ordernumber='0' data-spacing='&#8221;32&#8243;' data-spacingtablet='&#8221;32&#8243;' data-spacingphone='&#8221;32&#8243;' data-effect='default' data-effect-shadows='off' data-effect-coverflow-rotate='30' data-effect-coverflow-depth='100' data-centered='off' data-multi-row='off' data-row='1' data-rowstablet='1' data-rowsphone='1' data-pagi-button-style='bullets' data-pause-on-hover='&#8221;on&#8221;' data-touch-move='off' data-grab='on' data-mousewheel='off' data-autoplay-viewport='80%'>\n\t\t\t\t<div class=\"swiper-container dsm_blog_carousel_wrapper\" dir=\"ltr\">\n\t\t\t\t\t<div class=\"dsm-blog-carousel-wrapper swiper-wrapper\">\n\t\t\t\t\t\t\n\t\t\t\t<article class=\"dsm-blog-carousel-item swiper-slide\">\n\t\t\t\t\t<div class=\"dsm-grid-post-holder-inner\">\n\t\t\t\t\t\t\n\t\t\t\t\t\t<div class=\"dsm-entry-wrapper\">\n\t\t\t\t\t\t\t\t\t\t\t\t\t\t<header class=\"dsm-entry-header\">\n\t\t\t\t\t\t\t\t\t<h2 class=\"dsm-entry-title\">\n\t\t\t\t\t\t\t\t\t\t\t\t\t\t\t\t\t\t\t\t\t<a href=\"https:\/\/standort-niederrhein.de\/en\/2026\/04\/30\/landraetin-und-vrr-vorstandssprecher-bekraeftigen-zusammenarbeit\/\">Landr\u00e4tin und VRR-Vorstandssprecher bekr\u00e4ftigen Zusammenarbeit<\/a>\n\t\t\t\t\t\t\t\t\t\t\t\t\t\t\t\t\t\t\t<\/h2>\n\t\t\t\t\t\t\t\t<\/header>\n\t\t\t\t\t\t\n\t\t\t\t\t\t\t\t\t\t\t\t\t<div class=\"dsm-entry-meta\">\n\t\t\t\t\t\t\t\t\t\t\t\t\t\t\t\t\t\t\t\t\t\t\t\t\t<span class=\"dsm-meta-seperator\">&#8221;<\/span>\n\t\t\t\t\t\t\t\t\t<span class=\"dsm-posted-on\"><time datetime=\"&#8221;30.\">&#8221;30.<\/time><\/span>\n\t\t\t\t\t\t\t\t\t\t\t\t\t\t\t\t\t\t\t\t\t\t\t<\/div>\n\t\t\t\t\t\t\t\n\t\t\t\t\t\t\t\t\n\t\t\t\t\t\t\t<div class=\"dsm-entry-content\">\n\t\t\t\t\t\t\t\t<div class=\"dsm-post-excerpt\">\n\t\t\t\t\t\t\t\t\t<p>Rhein-Kreis Neuss. Landr\u00e4tin Katharina Reinhold und Oliver Wittke, Vorstandssprecher des Verkehrsverbunds Rhein-Ruhr (VRR), haben bei einem Treffen im Kreishaus in Grevenbroich bekr\u00e4ftigt, die gute Zusammenarbeit zwischen dem Rhein-Kreis Neuss und dem VRR weiter zu st\u00e4rken. \u201eEin gut ausgebauter \u00d6PNV und eine zukunftsfeste Verkehrsinfrastruktur im Rheinischen Revier sind wichtig, um unsere&hellip;<\/p>\n\t\t\t\t\t\t\t\t<\/div>\n\t\t\t\t\t\t\t<\/div>\n\t\t\t\t\t\t\t\n\t\t\t\t\t\t\t\t\t\t\t\t\t\t\t\t\t\t\t\t\t<\/div>\n\t\t\t\t\t<\/div>\n\t\t\t\t<\/article>\n\n\t\t\t\t\n\t\t\t\t<article class=\"dsm-blog-carousel-item swiper-slide\">\n\t\t\t\t\t<div class=\"dsm-grid-post-holder-inner\">\n\t\t\t\t\t\t\n\t\t\t\t\t\t<div class=\"dsm-entry-wrapper\">\n\t\t\t\t\t\t\t\t\t\t\t\t\t\t<header class=\"dsm-entry-header\">\n\t\t\t\t\t\t\t\t\t<h2 class=\"dsm-entry-title\">\n\t\t\t\t\t\t\t\t\t\t\t\t\t\t\t\t\t\t\t\t\t<a href=\"https:\/\/standort-niederrhein.de\/en\/2026\/04\/29\/arbeitstreffen-der-wirtschaftsfoerderungen-des-kreises-kleve\/\">Arbeitstreffen der Wirtschaftsf\u00f6rderungen des Kreises Kleve<\/a>\n\t\t\t\t\t\t\t\t\t\t\t\t\t\t\t\t\t\t\t<\/h2>\n\t\t\t\t\t\t\t\t<\/header>\n\t\t\t\t\t\t\n\t\t\t\t\t\t\t\t\t\t\t\t\t<div class=\"dsm-entry-meta\">\n\t\t\t\t\t\t\t\t\t\t\t\t\t\t\t\t\t\t\t\t\t\t\t\t\t<span class=\"dsm-meta-seperator\">&#8221;<\/span>\n\t\t\t\t\t\t\t\t\t<span class=\"dsm-posted-on\"><time datetime=\"&#8221;29.\">&#8221;29.<\/time><\/span>\n\t\t\t\t\t\t\t\t\t\t\t\t\t\t\t\t\t\t\t\t\t\t\t<\/div>\n\t\t\t\t\t\t\t\n\t\t\t\t\t\t\t\t\n\t\t\t\t\t\t\t<div class=\"dsm-entry-content\">\n\t\t\t\t\t\t\t\t<div class=\"dsm-post-excerpt\">\n\t\t\t\t\t\t\t\t\t<p>Kreis Kleve. K\u00fcrzlich trafen sich die Wirtschaftsf\u00f6rderinnen und Wirtschaftsf\u00f6rderer des Kreises Kleve zu einem zweit\u00e4gigen Arbeitstreffen mit dem Schwerpunktthema Circular Economy. Ziel des Treffens war der fachliche Austausch zu aktuellen Projekten und Zukunftsthemen der regionalen Wirtschaftsf\u00f6rderung. Der erste Veranstaltungstag f\u00fchrte die Teilnehmenden nach Bottrop zum Campus der Hochschule Ruhr-West. Dort&hellip;<\/p>\n\t\t\t\t\t\t\t\t<\/div>\n\t\t\t\t\t\t\t<\/div>\n\t\t\t\t\t\t\t\n\t\t\t\t\t\t\t\t\t\t\t\t\t\t\t\t\t\t\t\t\t<\/div>\n\t\t\t\t\t<\/div>\n\t\t\t\t<\/article>\n\n\t\t\t\t\n\t\t\t\t<article class=\"dsm-blog-carousel-item swiper-slide\">\n\t\t\t\t\t<div class=\"dsm-grid-post-holder-inner\">\n\t\t\t\t\t\t\n\t\t\t\t\t\t<div class=\"dsm-entry-wrapper\">\n\t\t\t\t\t\t\t\t\t\t\t\t\t\t<header class=\"dsm-entry-header\">\n\t\t\t\t\t\t\t\t\t<h2 class=\"dsm-entry-title\">\n\t\t\t\t\t\t\t\t\t\t\t\t\t\t\t\t\t\t\t\t\t<a href=\"https:\/\/standort-niederrhein.de\/en\/2026\/04\/28\/deutscher-meister-in-der-innenstadt\/\">Deutscher Meister in der Innenstadt<\/a>\n\t\t\t\t\t\t\t\t\t\t\t\t\t\t\t\t\t\t\t<\/h2>\n\t\t\t\t\t\t\t\t<\/header>\n\t\t\t\t\t\t\n\t\t\t\t\t\t\t\t\t\t\t\t\t<div class=\"dsm-entry-meta\">\n\t\t\t\t\t\t\t\t\t\t\t\t\t\t\t\t\t\t\t\t\t\t\t\t\t<span class=\"dsm-meta-seperator\">&#8221;<\/span>\n\t\t\t\t\t\t\t\t\t<span class=\"dsm-posted-on\"><time datetime=\"&#8221;28.\">&#8221;28.<\/time><\/span>\n\t\t\t\t\t\t\t\t\t\t\t\t\t\t\t\t\t\t\t\t\t\t\t<\/div>\n\t\t\t\t\t\t\t\n\t\t\t\t\t\t\t\t\n\t\t\t\t\t\t\t<div class=\"dsm-entry-content\">\n\t\t\t\t\t\t\t\t<div class=\"dsm-post-excerpt\">\n\t\t\t\t\t\t\t\t\t<p>Krefeld. Ein St\u00fcck Sportgeschichte mitten in der Stadt: Der Meisterschaftspokal des Crefelder Hockey und Tennis Club 1890 e.V. (CHTC) ist aktuell im hey, krefeld \u2013 das Stadtfenster ausgestellt und macht den j\u00fcngsten Triumph f\u00fcr die \u00d6ffentlichkeit sichtbar. Begleitet wird die Pr\u00e4sentation von einem Videoclip im Schaufenster, der das entscheidende Siegtor&hellip;<\/p>\n\t\t\t\t\t\t\t\t<\/div>\n\t\t\t\t\t\t\t<\/div>\n\t\t\t\t\t\t\t\n\t\t\t\t\t\t\t\t\t\t\t\t\t\t\t\t\t\t\t\t\t<\/div>\n\t\t\t\t\t<\/div>\n\t\t\t\t<\/article>\n\n\t\t\t\t\n\t\t\t\t<article class=\"dsm-blog-carousel-item swiper-slide\">\n\t\t\t\t\t<div class=\"dsm-grid-post-holder-inner\">\n\t\t\t\t\t\t\n\t\t\t\t\t\t<div class=\"dsm-entry-wrapper\">\n\t\t\t\t\t\t\t\t\t\t\t\t\t\t<header class=\"dsm-entry-header\">\n\t\t\t\t\t\t\t\t\t<h2 class=\"dsm-entry-title\">\n\t\t\t\t\t\t\t\t\t\t\t\t\t\t\t\t\t\t\t\t\t<a href=\"https:\/\/standort-niederrhein.de\/en\/2026\/04\/27\/industry-tech-innovation-night-zeigt-innovationskraft\/\">Industry Tech Innovation Night zeigt Innovationskraft<\/a>\n\t\t\t\t\t\t\t\t\t\t\t\t\t\t\t\t\t\t\t<\/h2>\n\t\t\t\t\t\t\t\t<\/header>\n\t\t\t\t\t\t\n\t\t\t\t\t\t\t\t\t\t\t\t\t<div class=\"dsm-entry-meta\">\n\t\t\t\t\t\t\t\t\t\t\t\t\t\t\t\t\t\t\t\t\t\t\t\t\t<span class=\"dsm-meta-seperator\">&#8221;<\/span>\n\t\t\t\t\t\t\t\t\t<span class=\"dsm-posted-on\"><time datetime=\"&#8221;27.\">&#8221;27.<\/time><\/span>\n\t\t\t\t\t\t\t\t\t\t\t\t\t\t\t\t\t\t\t\t\t\t\t<\/div>\n\t\t\t\t\t\t\t\n\t\t\t\t\t\t\t\t\n\t\t\t\t\t\t\t<div class=\"dsm-entry-content\">\n\t\t\t\t\t\t\t\t<div class=\"dsm-post-excerpt\">\n\t\t\t\t\t\t\t\t\t<p>Rhein-Kreis Neuss. Cybersicherheit, der Schutz kritischer Infrastrukturen und Defense-Tech \u2013 die \u201eIndustry Tech Innovation Night\u201c im Gare du Neuss hat spannende Einblicke in hochaktuelle Entwicklungen gegeben und aufgezeigt, wie intelligente Technologien zur Zukunfts- und Krisenfestigkeit von Unternehmen und Standorten beitragen. Kreiswirtschaftsdezernent Bijan Djir-Sarai begr\u00fc\u00dfte die rund 120 Besucherinnen und Besucher&hellip;<\/p>\n\t\t\t\t\t\t\t\t<\/div>\n\t\t\t\t\t\t\t<\/div>\n\t\t\t\t\t\t\t\n\t\t\t\t\t\t\t\t\t\t\t\t\t\t\t\t\t\t\t\t\t<\/div>\n\t\t\t\t\t<\/div>\n\t\t\t\t<\/article>\n\n\t\t\t\t\n\t\t\t\t<article class=\"dsm-blog-carousel-item swiper-slide\">\n\t\t\t\t\t<div class=\"dsm-grid-post-holder-inner\">\n\t\t\t\t\t\t\n\t\t\t\t\t\t<div class=\"dsm-entry-wrapper\">\n\t\t\t\t\t\t\t\t\t\t\t\t\t\t<header class=\"dsm-entry-header\">\n\t\t\t\t\t\t\t\t\t<h2 class=\"dsm-entry-title\">\n\t\t\t\t\t\t\t\t\t\t\t\t\t\t\t\t\t\t\t\t\t<a href=\"https:\/\/standort-niederrhein.de\/en\/2026\/04\/27\/campusboulevard-visitenkarte-fuer-bildung-und-innovation\/\">Campusboulevard: Visitenkarte f\u00fcr Bildung und Innovation<\/a>\n\t\t\t\t\t\t\t\t\t\t\t\t\t\t\t\t\t\t\t<\/h2>\n\t\t\t\t\t\t\t\t<\/header>\n\t\t\t\t\t\t\n\t\t\t\t\t\t\t\t\t\t\t\t\t<div class=\"dsm-entry-meta\">\n\t\t\t\t\t\t\t\t\t\t\t\t\t\t\t\t\t\t\t\t\t\t\t\t\t<span class=\"dsm-meta-seperator\">&#8221;<\/span>\n\t\t\t\t\t\t\t\t\t<span class=\"dsm-posted-on\"><time datetime=\"&#8221;27.\">&#8221;27.<\/time><\/span>\n\t\t\t\t\t\t\t\t\t\t\t\t\t\t\t\t\t\t\t\t\t\t\t<\/div>\n\t\t\t\t\t\t\t\n\t\t\t\t\t\t\t\t\n\t\t\t\t\t\t\t<div class=\"dsm-entry-content\">\n\t\t\t\t\t\t\t\t<div class=\"dsm-post-excerpt\">\n\t\t\t\t\t\t\t\t\t<p>M\u00f6nchengladbach. Rund 400 Meter sind es entlang der Webschulstra\u00dfe zwischen den Hochschulgeb\u00e4uden an der Rheydter Stra\u00dfe und dem Wissens- und Innovationscampus (WICMG) an der Theodor-Heuss-Stra\u00dfe. Was bisher als schlichter Verkehrsweg daherkommt, soll in Zukunft ein identit\u00e4tsstiftender Raum f\u00fcr den Bildungs- und Innovationsstandort M\u00f6nchengladbach werden \u2013 und zwar durch eine umfassende&hellip;<\/p>\n\t\t\t\t\t\t\t\t<\/div>\n\t\t\t\t\t\t\t<\/div>\n\t\t\t\t\t\t\t\n\t\t\t\t\t\t\t\t\t\t\t\t\t\t\t\t\t\t\t\t\t<\/div>\n\t\t\t\t\t<\/div>\n\t\t\t\t<\/article>\n\n\t\t\t\t\n\t\t\t\t<article class=\"dsm-blog-carousel-item swiper-slide\">\n\t\t\t\t\t<div class=\"dsm-grid-post-holder-inner\">\n\t\t\t\t\t\t\n\t\t\t\t\t\t<div class=\"dsm-entry-wrapper\">\n\t\t\t\t\t\t\t\t\t\t\t\t\t\t<header class=\"dsm-entry-header\">\n\t\t\t\t\t\t\t\t\t<h2 class=\"dsm-entry-title\">\n\t\t\t\t\t\t\t\t\t\t\t\t\t\t\t\t\t\t\t\t\t<a href=\"https:\/\/standort-niederrhein.de\/en\/2026\/04\/26\/startschuss-fuer-zirkulaeres-bauen\/\">Startschuss f\u00fcr zirkul\u00e4res Bauen<\/a>\n\t\t\t\t\t\t\t\t\t\t\t\t\t\t\t\t\t\t\t<\/h2>\n\t\t\t\t\t\t\t\t<\/header>\n\t\t\t\t\t\t\n\t\t\t\t\t\t\t\t\t\t\t\t\t<div class=\"dsm-entry-meta\">\n\t\t\t\t\t\t\t\t\t\t\t\t\t\t\t\t\t\t\t\t\t\t\t\t\t<span class=\"dsm-meta-seperator\">&#8221;<\/span>\n\t\t\t\t\t\t\t\t\t<span class=\"dsm-posted-on\"><time datetime=\"&#8221;26.\">&#8221;26.<\/time><\/span>\n\t\t\t\t\t\t\t\t\t\t\t\t\t\t\t\t\t\t\t\t\t\t\t<\/div>\n\t\t\t\t\t\t\t\n\t\t\t\t\t\t\t\t\n\t\t\t\t\t\t\t<div class=\"dsm-entry-content\">\n\t\t\t\t\t\t\t\t<div class=\"dsm-post-excerpt\">\n\t\t\t\t\t\t\t\t\t<p>Kreis Wesel. Ein bedeutender Meilenstein f\u00fcr die nachhaltige Transformation am Niederrhein: Im Rahmen des Thementischs \u201eZirkul\u00e4res Bauen in Kommunen\u201c im Ministerium f\u00fcr Umwelt, Naturschutz und Verkehr des Landes Nordrhein-Westfalen wurde in dieser Woche der EFRE-Bewilligungsbescheid f\u00fcr das Projekt Circular.NiederRhein offiziell \u00fcbergeben. Staatssekret\u00e4r Viktor Haase \u00fcberreichte den Bescheid an die EntwicklungsAgentur&hellip;<\/p>\n\t\t\t\t\t\t\t\t<\/div>\n\t\t\t\t\t\t\t<\/div>\n\t\t\t\t\t\t\t\n\t\t\t\t\t\t\t\t\t\t\t\t\t\t\t\t\t\t\t\t\t<\/div>\n\t\t\t\t\t<\/div>\n\t\t\t\t<\/article>\n\n\t\t\t\t\n\t\t\t\t<article class=\"dsm-blog-carousel-item swiper-slide\">\n\t\t\t\t\t<div class=\"dsm-grid-post-holder-inner\">\n\t\t\t\t\t\t\n\t\t\t\t\t\t<div class=\"dsm-entry-wrapper\">\n\t\t\t\t\t\t\t\t\t\t\t\t\t\t<header class=\"dsm-entry-header\">\n\t\t\t\t\t\t\t\t\t<h2 class=\"dsm-entry-title\">\n\t\t\t\t\t\t\t\t\t\t\t\t\t\t\t\t\t\t\t\t\t<a href=\"https:\/\/standort-niederrhein.de\/en\/2026\/04\/26\/note-266-fuer-brueggen\/\">Note 2,66 f\u00fcr Br\u00fcggen<\/a>\n\t\t\t\t\t\t\t\t\t\t\t\t\t\t\t\t\t\t\t<\/h2>\n\t\t\t\t\t\t\t\t<\/header>\n\t\t\t\t\t\t\n\t\t\t\t\t\t\t\t\t\t\t\t\t<div class=\"dsm-entry-meta\">\n\t\t\t\t\t\t\t\t\t\t\t\t\t\t\t\t\t\t\t\t\t\t\t\t\t<span class=\"dsm-meta-seperator\">&#8221;<\/span>\n\t\t\t\t\t\t\t\t\t<span class=\"dsm-posted-on\"><time datetime=\"&#8221;26.\">&#8221;26.<\/time><\/span>\n\t\t\t\t\t\t\t\t\t\t\t\t\t\t\t\t\t\t\t\t\t\t\t<\/div>\n\t\t\t\t\t\t\t\n\t\t\t\t\t\t\t\t\n\t\t\t\t\t\t\t<div class=\"dsm-entry-content\">\n\t\t\t\t\t\t\t\t<div class=\"dsm-post-excerpt\">\n\t\t\t\t\t\t\t\t\t<p>Mittlerer Niederrhein. Die Br\u00fcggener Unternehmen geben ihrem Wirtschaftsstandort die Note 2,66. Damit schneidet die Burggemeinde etwas besser ab als der Durchschnitt der vergangenen IHK-Standortanalysen am Mittleren Niederrhein seit 2021. Das ist das Ergebnis der Standortanalyse Br\u00fcggen, die die Industrie- und Handelskammer (IHK) Mittlerer Niederrhein vorgestellt hat. \u201eStandortst\u00e4rken sind die attraktive&hellip;<\/p>\n\t\t\t\t\t\t\t\t<\/div>\n\t\t\t\t\t\t\t<\/div>\n\t\t\t\t\t\t\t\n\t\t\t\t\t\t\t\t\t\t\t\t\t\t\t\t\t\t\t\t\t<\/div>\n\t\t\t\t\t<\/div>\n\t\t\t\t<\/article>\n\n\t\t\t\t\n\t\t\t\t<article class=\"dsm-blog-carousel-item swiper-slide\">\n\t\t\t\t\t<div class=\"dsm-grid-post-holder-inner\">\n\t\t\t\t\t\t\n\t\t\t\t\t\t<div class=\"dsm-entry-wrapper\">\n\t\t\t\t\t\t\t\t\t\t\t\t\t\t<header class=\"dsm-entry-header\">\n\t\t\t\t\t\t\t\t\t<h2 class=\"dsm-entry-title\">\n\t\t\t\t\t\t\t\t\t\t\t\t\t\t\t\t\t\t\t\t\t<a href=\"https:\/\/standort-niederrhein.de\/en\/2026\/04\/25\/studierende-der-hsnr-entwickeln-fahrroboter\/\">Studierende der HSNR entwickeln Fahrroboter<\/a>\n\t\t\t\t\t\t\t\t\t\t\t\t\t\t\t\t\t\t\t<\/h2>\n\t\t\t\t\t\t\t\t<\/header>\n\t\t\t\t\t\t\n\t\t\t\t\t\t\t\t\t\t\t\t\t<div class=\"dsm-entry-meta\">\n\t\t\t\t\t\t\t\t\t\t\t\t\t\t\t\t\t\t\t\t\t\t\t\t\t<span class=\"dsm-meta-seperator\">&#8221;<\/span>\n\t\t\t\t\t\t\t\t\t<span class=\"dsm-posted-on\"><time datetime=\"&#8221;25.\">&#8221;25.<\/time><\/span>\n\t\t\t\t\t\t\t\t\t\t\t\t\t\t\t\t\t\t\t\t\t\t\t<\/div>\n\t\t\t\t\t\t\t\n\t\t\t\t\t\t\t\t\n\t\t\t\t\t\t\t<div class=\"dsm-entry-content\">\n\t\t\t\t\t\t\t\t<div class=\"dsm-post-excerpt\">\n\t\t\t\t\t\t\t\t\t<p>Krefeld. Studierende des Fachbereichs Ingenieurwissenschaften und Informatik der Hochschule Niederrhein starten ihr Studium direkt mit einem Praxisprojekt. Im Erstsemesterprojekt entwickeln sie eigenst\u00e4ndig Fahrroboter und bauen diese von Grund auf: vom L\u00f6ten der Platine \u00fcber die Konstruktion bis zur Programmierung des Fahrzeugs. Beim \u201eSoccer\u201c-Wettbewerb traten die Roboter von 75 Teams gegeneinander&hellip;<\/p>\n\t\t\t\t\t\t\t\t<\/div>\n\t\t\t\t\t\t\t<\/div>\n\t\t\t\t\t\t\t\n\t\t\t\t\t\t\t\t\t\t\t\t\t\t\t\t\t\t\t\t\t<\/div>\n\t\t\t\t\t<\/div>\n\t\t\t\t<\/article>\n\n\t\t\t\t\n\t\t\t\t<article class=\"dsm-blog-carousel-item swiper-slide\">\n\t\t\t\t\t<div class=\"dsm-grid-post-holder-inner\">\n\t\t\t\t\t\t\n\t\t\t\t\t\t<div class=\"dsm-entry-wrapper\">\n\t\t\t\t\t\t\t\t\t\t\t\t\t\t<header class=\"dsm-entry-header\">\n\t\t\t\t\t\t\t\t\t<h2 class=\"dsm-entry-title\">\n\t\t\t\t\t\t\t\t\t\t\t\t\t\t\t\t\t\t\t\t\t<a href=\"https:\/\/standort-niederrhein.de\/en\/2026\/04\/25\/uedem-starke-wirtschaft\/\">Uedem: Starke Wirtschaft<\/a>\n\t\t\t\t\t\t\t\t\t\t\t\t\t\t\t\t\t\t\t<\/h2>\n\t\t\t\t\t\t\t\t<\/header>\n\t\t\t\t\t\t\n\t\t\t\t\t\t\t\t\t\t\t\t\t<div class=\"dsm-entry-meta\">\n\t\t\t\t\t\t\t\t\t\t\t\t\t\t\t\t\t\t\t\t\t\t\t\t\t<span class=\"dsm-meta-seperator\">&#8221;<\/span>\n\t\t\t\t\t\t\t\t\t<span class=\"dsm-posted-on\"><time datetime=\"&#8221;25.\">&#8221;25.<\/time><\/span>\n\t\t\t\t\t\t\t\t\t\t\t\t\t\t\t\t\t\t\t\t\t\t\t<\/div>\n\t\t\t\t\t\t\t\n\t\t\t\t\t\t\t\t\n\t\t\t\t\t\t\t<div class=\"dsm-entry-content\">\n\t\t\t\t\t\t\t\t<div class=\"dsm-post-excerpt\">\n\t\t\t\t\t\t\t\t\t<p>Niederrhein. Wie wirtschaftsfreundlich ist Uedem? Dar\u00fcber haben sich B\u00fcrgermeister Rainer Weber und IHK\u2011Hauptgesch\u00e4ftsf\u00fchrer Dr. Stefan Dietzfelbinger ausgetauscht. Die Standortanalyse zeigt: Uedem bietet hohe Lebensqualit\u00e4t. Die Anzahl der Besch\u00e4ftigten steigt. Allerdings bremsen langsame Genehmigungen, hohe Kosten und L\u00fccken in der Infrastruktur die Entwicklung. Der IHK\u2011Chef sieht Licht und Schatten: \u201eDie Unternehmen&hellip;<\/p>\n\t\t\t\t\t\t\t\t<\/div>\n\t\t\t\t\t\t\t<\/div>\n\t\t\t\t\t\t\t\n\t\t\t\t\t\t\t\t\t\t\t\t\t\t\t\t\t\t\t\t\t<\/div>\n\t\t\t\t\t<\/div>\n\t\t\t\t<\/article>\n\n\t\t\t\t\n\t\t\t\t<article class=\"dsm-blog-carousel-item swiper-slide\">\n\t\t\t\t\t<div class=\"dsm-grid-post-holder-inner\">\n\t\t\t\t\t\t\n\t\t\t\t\t\t<div class=\"dsm-entry-wrapper\">\n\t\t\t\t\t\t\t\t\t\t\t\t\t\t<header class=\"dsm-entry-header\">\n\t\t\t\t\t\t\t\t\t<h2 class=\"dsm-entry-title\">\n\t\t\t\t\t\t\t\t\t\t\t\t\t\t\t\t\t\t\t\t\t<a href=\"https:\/\/standort-niederrhein.de\/en\/2026\/04\/24\/ihk-hat-standortanalyse-korschenbroich-vorgestellt\/\">IHK hat Standortanalyse Korschenbroich vorgestellt<\/a>\n\t\t\t\t\t\t\t\t\t\t\t\t\t\t\t\t\t\t\t<\/h2>\n\t\t\t\t\t\t\t\t<\/header>\n\t\t\t\t\t\t\n\t\t\t\t\t\t\t\t\t\t\t\t\t<div class=\"dsm-entry-meta\">\n\t\t\t\t\t\t\t\t\t\t\t\t\t\t\t\t\t\t\t\t\t\t\t\t\t<span class=\"dsm-meta-seperator\">&#8221;<\/span>\n\t\t\t\t\t\t\t\t\t<span class=\"dsm-posted-on\"><time datetime=\"&#8221;24.\">&#8221;24.<\/time><\/span>\n\t\t\t\t\t\t\t\t\t\t\t\t\t\t\t\t\t\t\t\t\t\t\t<\/div>\n\t\t\t\t\t\t\t\n\t\t\t\t\t\t\t\t\n\t\t\t\t\t\t\t<div class=\"dsm-entry-content\">\n\t\t\t\t\t\t\t\t<div class=\"dsm-post-excerpt\">\n\t\t\t\t\t\t\t\t\t<p>Mittlerer Niederrhein. Die Korschenbroicher Unternehmen geben ihrem Wirtschaftsstandort die Note 2,62. Sie sehen St\u00e4rken bei der Verkehrsanbindung, digitalen Infrastruktur und dem Wohnumfeld. Kritischer werden die Steuern und die Parkraumsituation in den Ortszentren bewertet. Das sind die wesentlichen Ergebnisse der Standortanalyse f\u00fcr den Wirtschaftsstandort Korschenbroich, die die Industrie- und Handelskammer (IHK)&hellip;<\/p>\n\t\t\t\t\t\t\t\t<\/div>\n\t\t\t\t\t\t\t<\/div>\n\t\t\t\t\t\t\t\n\t\t\t\t\t\t\t\t\t\t\t\t\t\t\t\t\t\t\t\t\t<\/div>\n\t\t\t\t\t<\/div>\n\t\t\t\t<\/article>\n\n\t\t\t\t\n\t\t\t\t\t<\/div>\n\t\t\t\t<\/div>\n\t\t\t\t\n\t\t\t\t<div class=\"swiper-container-horizontal\">\n\t\t\t\t\t<div class=\"swiper-pagination dsm-pagination0\"><\/div>\n\t\t\t\t<\/div>\n\t\t\t<\/div>\n\t\t\t\t<\/div>\n\t\t\t<\/div><\/p>\n","protected":false},"author":1,"featured_media":0,"parent":0,"menu_order":0,"comment_status":"closed","ping_status":"closed","template":"","meta":{"_et_pb_use_builder":"on","_et_pb_old_content":"","_et_gb_content_width":"","footnotes":""},"class_list":["post-15","page","type-page","status-publish","hentry"],"_links":{"self":[{"href":"https:\/\/standort-niederrhein.de\/en\/wp-json\/wp\/v2\/pages\/15","targetHints":{"allow":["GET"]}}],"collection":[{"href":"https:\/\/standort-niederrhein.de\/en\/wp-json\/wp\/v2\/pages"}],"about":[{"href":"https:\/\/standort-niederrhein.de\/en\/wp-json\/wp\/v2\/types\/page"}],"author":[{"embeddable":true,"href":"https:\/\/standort-niederrhein.de\/en\/wp-json\/wp\/v2\/users\/1"}],"replies":[{"embeddable":true,"href":"https:\/\/standort-niederrhein.de\/en\/wp-json\/wp\/v2\/comments?post=15"}],"version-history":[{"count":132,"href":"https:\/\/standort-niederrhein.de\/en\/wp-json\/wp\/v2\/pages\/15\/revisions"}],"predecessor-version":[{"id":7543,"href":"https:\/\/standort-niederrhein.de\/en\/wp-json\/wp\/v2\/pages\/15\/revisions\/7543"}],"wp:attachment":[{"href":"https:\/\/standort-niederrhein.de\/en\/wp-json\/wp\/v2\/media?parent=15"}],"curies":[{"name":"wp","href":"https:\/\/api.w.org\/{rel}","templated":true}]}}